{"id":544,"date":"2019-04-25T19:04:59","date_gmt":"2019-04-25T17:04:59","guid":{"rendered":"https:\/\/casa-amendoeira.com\/?page_id=544"},"modified":"2026-01-05T19:21:00","modified_gmt":"2026-01-05T17:21:00","slug":"rekreacni-dum-lagos","status":"publish","type":"page","link":"https:\/\/casa-amendoeira.com\/cs\/holiday-home-lagos\/","title":{"rendered":"The Casa Amendoeira - Rekrea\u010dn\u00ed d\u016fm v Lagosu, Portugalsko"},"content":{"rendered":"<div class=\"et_pb_section_0 et_pb_section et_pb_fullwidth_section et_section_regular et_block_section\">\n<section class=\"et_pb_fullwidth_header_0 et_pb_fullwidth_header et_pb_bg_layout_dark et_pb_text_align_center et_pb_section_parallax et_pb_module et_flex_module\"><span class=\"et-pb-parallax-wrapper\"><span class=\"et-pb-parallax-background et-pb-parallax-background-module--divi-fullwidth-header-0\" style=\"background-image:url(https:\/\/casa-amendoeira.com\/wp-content\/uploads\/2019\/04\/Bedroom2000_50.jpg)\"><\/span><\/span><div class=\"et_pb_fullwidth_header_container center\"><div class=\"header-content-container center\"><div class=\"header-content et_flex_module\"><h1 class=\"et_pb_module_header\">The Casa Amendoeira - Rekrea\u010dn\u00ed d\u016fm v Lagosu, Portugalsko<\/h1><span class=\"et_pb_fullwidth_header_subhead\">Kr\u00e1sn\u011b zrekonstruovan\u00fd m\u011bstsk\u00fd d\u016fm ve star\u00e9m m\u011bst\u011b Lagosu s panoramatickou st\u0159e\u0161n\u00ed terasou<\/span><div class=\"et_pb_header_content_wrapper\"><p>V\u00edtejte v Casa Amendoeira, ide\u00e1ln\u00edm pr\u00e1zdninov\u00e9m dom\u011b v Lagosu. N\u00e1\u0161 kr\u00e1sn\u011b zrekonstruovan\u00fd m\u011bstsk\u00fd d\u016fm se nach\u00e1z\u00ed v historick\u00fdch hradb\u00e1ch m\u011bsta, jen p\u00e1r minut ch\u016fze od ve\u0161ker\u00e9ho vybaven\u00ed a pl\u00e1\u017e\u00ed.<\/p>\n<\/div><div class=\"et_pb_header_button_wrapper\"><\/div><\/div><\/div><\/div><div class=\"et_pb_fullwidth_header_overlay\"><\/div><div class=\"et_pb_fullwidth_header_scroll\"><a class=\"scroll-down-container\" href=\"#\"><span class=\"scroll-down et-pb-icon\">;<\/span><\/a><\/div><\/section>\n\n<section class=\"et_pb_fullwidth_header_1 et_pb_fullwidth_header et_pb_bg_layout_dark et_pb_text_align_left et_pb_module et_flex_module\"><div class=\"et_pb_fullwidth_header_container left\"><div class=\"header-content-container center\"><div class=\"header-content et_flex_module\"><h1 class=\"et_pb_module_header\">The Casa Amendoeira - Rekrea\u010dn\u00ed d\u016fm v Lagosu, Portugalsko<\/h1><span class=\"et_pb_fullwidth_header_subhead\">Kr\u00e1sn\u011b zrekonstruovan\u00fd m\u011bstsk\u00fd d\u016fm ve star\u00e9m m\u011bst\u011b Lagosu s panoramatickou st\u0159e\u0161n\u00ed terasou<\/span><div class=\"et_pb_header_content_wrapper\"><p>V\u00edtejte v Casa Amendoeira, ide\u00e1ln\u00edm pr\u00e1zdninov\u00e9m dom\u011b v Lagosu. N\u00e1\u0161 kr\u00e1sn\u011b zrekonstruovan\u00fd m\u011bstsk\u00fd d\u016fm se nach\u00e1z\u00ed v historick\u00fdch hradb\u00e1ch m\u011bsta, jen p\u00e1r minut ch\u016fze od ve\u0161ker\u00e9ho vybaven\u00ed a pl\u00e1\u017e\u00ed.<\/p>\n<\/div><div class=\"et_pb_header_button_wrapper\"><\/div><\/div><\/div><\/div><div class=\"et_pb_fullwidth_header_overlay\"><\/div><div class=\"et_pb_fullwidth_header_scroll\"><a class=\"scroll-down-container\" href=\"#\"><span class=\"scroll-down et-pb-icon\">;<\/span><\/a><\/div><\/section>\n<\/div>\n\n<div class=\"et_pb_section_1 et_pb_section et_section_regular et_block_section\">\n<div class=\"et_pb_row_0 et_pb_row et_block_row\">\n<div class=\"et_pb_column_0 et_pb_column et_pb_column_4_4 et-last-child et_block_column et_pb_css_mix_blend_mode_passthrough\">\n<div class=\"et_pb_text_0 et_pb_text et_pb_bg_layout_light et_pb_module et_block_module\"><div class=\"et_pb_text_inner\"><h2>Rekrea\u010dn\u00ed d\u016fm sn\u016f v Lagosu v z\u00e1padn\u00edm Algarve.<\/h2>\n<\/div><\/div>\n\n<div class=\"et_pb_text_1 et_pb_text et_pb_bg_layout_light et_pb_module et_block_module\"><div class=\"et_pb_text_inner\"><h3>P\u0159ehled<\/h3>\n<\/div><\/div>\n<\/div>\n<\/div>\n\n<div class=\"et_pb_row_1 et_pb_row et_pb_row_4col et_block_row et_block_row_4col\">\n<div class=\"et_pb_column_1 et_pb_column et_pb_column_1_4 et_block_column et_pb_css_mix_blend_mode_passthrough\">\n<div class=\"et_pb_blurb_0 et_pb_blurb et_pb_bg_layout_light et_pb_blurb_position_left et_pb_module et_block_module\"><div class=\"et_pb_blurb_content\"><div class=\"et_pb_main_blurb_image\"><span class=\"et_pb_image_wrap et_pb_only_image_mode_wrap\"><img decoding=\"async\" src=\"https:\/\/casa-amendoeira.com\/wp-content\/uploads\/2019\/05\/Gaeste.png\" width=\"96\" height=\"96\" class=\"et-waypoint et_pb_animation_top et_pb_animation_top_tablet et_pb_animation_top_phone wp-image-617\" alt=\"\" title=\"\"><\/span><\/div><div class=\"et_pb_blurb_container\"><div class=\"et_pb_blurb_description\"><p>max. 4 osoby<\/p>\n<\/div><\/div><\/div><\/div>\n<\/div>\n\n<div class=\"et_pb_column_2 et_pb_column et_pb_column_1_4 et_block_column et_pb_css_mix_blend_mode_passthrough\">\n<div class=\"et_pb_blurb_1 et_pb_blurb et_pb_bg_layout_light et_pb_blurb_position_left et_pb_module et_block_module\"><div class=\"et_pb_blurb_content\"><div class=\"et_pb_main_blurb_image\"><span class=\"et_pb_image_wrap et_pb_only_image_mode_wrap\"><img decoding=\"async\" src=\"https:\/\/casa-amendoeira.com\/wp-content\/uploads\/2019\/05\/home_sqm.png\" width=\"96\" height=\"96\" class=\"et-waypoint et_pb_animation_top et_pb_animation_top_tablet et_pb_animation_top_phone wp-image-630\" alt=\"\" title=\"\"><\/span><\/div><div class=\"et_pb_blurb_container\"><div class=\"et_pb_blurb_description\"><p>100 m<sup>2<\/sup> obytn\u00fd prostor<\/p>\n<\/div><\/div><\/div><\/div>\n<\/div>\n\n<div class=\"et_pb_column_3 et_pb_column et_pb_column_1_4 et_block_column et_pb_css_mix_blend_mode_passthrough\">\n<div class=\"et_pb_blurb_2 et_pb_blurb et_pb_bg_layout_light et_pb_blurb_position_left et_pb_module et_block_module\"><div class=\"et_pb_blurb_content\"><div class=\"et_pb_main_blurb_image\"><span class=\"et_pb_image_wrap et_pb_only_image_mode_wrap\"><img decoding=\"async\" src=\"https:\/\/casa-amendoeira.com\/wp-content\/uploads\/2019\/05\/Bett.png\" width=\"96\" height=\"96\" class=\"et-waypoint et_pb_animation_top et_pb_animation_top_tablet et_pb_animation_top_phone wp-image-618\" alt=\"\" title=\"\"><\/span><\/div><div class=\"et_pb_blurb_container\"><div class=\"et_pb_blurb_description\"><p>2 lo\u017enice<br \/>\n3 l\u016f\u017eka<\/p>\n<\/div><\/div><\/div><\/div>\n<\/div>\n\n<div class=\"et_pb_column_4 et_pb_column et_pb_column_1_4 et-last-child et_block_column et_pb_css_mix_blend_mode_passthrough\">\n<div class=\"et_pb_blurb_3 et_pb_blurb et_pb_bg_layout_light et_pb_blurb_position_left et_pb_module et_block_module\"><div class=\"et_pb_blurb_content\"><div class=\"et_pb_main_blurb_image\"><span class=\"et_pb_image_wrap et_pb_only_image_mode_wrap\"><img decoding=\"async\" src=\"https:\/\/casa-amendoeira.com\/wp-content\/uploads\/2019\/05\/Dusche.png\" width=\"96\" height=\"96\" class=\"et-waypoint et_pb_animation_top et_pb_animation_top_tablet et_pb_animation_top_phone wp-image-619\" alt=\"\" title=\"\"><\/span><\/div><div class=\"et_pb_blurb_container\"><div class=\"et_pb_blurb_description\"><p>1 sprcha\/WC<\/p>\n<\/div><\/div><\/div><\/div>\n<\/div>\n<\/div>\n\n<div class=\"et_pb_row_2 et_pb_row et_pb_row_4col et_block_row et_block_row_4col\">\n<div class=\"et_pb_column_5 et_pb_column et_pb_column_1_4 et_block_column et_pb_css_mix_blend_mode_passthrough\">\n<div class=\"et_pb_blurb_4 et_pb_blurb et_pb_bg_layout_light et_pb_blurb_position_left et_pb_module et_block_module\"><div class=\"et_pb_blurb_content\"><div class=\"et_pb_main_blurb_image\"><span class=\"et_pb_image_wrap et_pb_only_image_mode_wrap\"><img decoding=\"async\" src=\"https:\/\/casa-amendoeira.com\/wp-content\/uploads\/2019\/05\/WiFi.png\" width=\"96\" height=\"96\" class=\"et-waypoint et_pb_animation_top et_pb_animation_top_tablet et_pb_animation_top_phone wp-image-620\" alt=\"\" title=\"\"><\/span><\/div><div class=\"et_pb_blurb_container\"><div class=\"et_pb_blurb_description\"><p>intern\u00ed WiFi<\/p>\n<\/div><\/div><\/div><\/div>\n<\/div>\n\n<div class=\"et_pb_column_6 et_pb_column et_pb_column_1_4 et_block_column et_pb_css_mix_blend_mode_passthrough\">\n<div class=\"et_pb_blurb_5 et_pb_blurb et_pb_bg_layout_light et_pb_blurb_position_left et_pb_module et_block_module\"><div class=\"et_pb_blurb_content\"><div class=\"et_pb_main_blurb_image\"><span class=\"et_pb_image_wrap et_pb_only_image_mode_wrap\"><img decoding=\"async\" src=\"https:\/\/casa-amendoeira.com\/wp-content\/uploads\/2019\/06\/Clock.png\" width=\"96\" height=\"96\" class=\"et-waypoint et_pb_animation_top et_pb_animation_top_tablet et_pb_animation_top_phone wp-image-880\" alt=\"\" title=\"\"><\/span><\/div><div class=\"et_pb_blurb_container\"><div class=\"et_pb_blurb_description\"><p>P\u0159\u00edjezd od 16:00 hod.<br \/>\nOdjezd do 10:00 hod.<\/p>\n<\/div><\/div><\/div><\/div>\n<\/div>\n\n<div class=\"et_pb_column_7 et_pb_column et_pb_column_1_4 et_block_column et_pb_css_mix_blend_mode_passthrough\">\n<div class=\"et_pb_blurb_6 et_pb_blurb et_pb_bg_layout_light et_pb_blurb_position_left et_pb_module et_block_module\"><div class=\"et_pb_blurb_content\"><div class=\"et_pb_main_blurb_image\"><span class=\"et_pb_image_wrap et_pb_only_image_mode_wrap\"><img decoding=\"async\" src=\"https:\/\/casa-amendoeira.com\/wp-content\/uploads\/2019\/06\/calendar.png\" width=\"96\" height=\"96\" class=\"et-waypoint et_pb_animation_top et_pb_animation_top_tablet et_pb_animation_top_phone wp-image-1171\" alt=\"\" title=\"\"><\/span><\/div><div class=\"et_pb_blurb_container\"><div class=\"et_pb_blurb_description\"><p>Minim\u00e1ln\u00ed doba pron\u00e1jmu:<br \/>\n7 dn\u00ed<\/p>\n<\/div><\/div><\/div><\/div>\n<\/div>\n\n<div class=\"et_pb_column_8 et_pb_column et_pb_column_1_4 et-last-child et_block_column et_pb_css_mix_blend_mode_passthrough\">\n<div class=\"et_pb_blurb_7 et_pb_blurb et_pb_bg_layout_light et_pb_blurb_position_left et_pb_module et_block_module\"><div class=\"et_pb_blurb_content\"><div class=\"et_pb_main_blurb_image\"><span class=\"et_pb_image_wrap et_pb_only_image_mode_wrap\"><img decoding=\"async\" src=\"https:\/\/casa-amendoeira.com\/wp-content\/uploads\/2019\/06\/AlojamentoLocal.png\" width=\"96\" height=\"96\" class=\"et-waypoint et_pb_animation_top et_pb_animation_top_tablet et_pb_animation_top_phone wp-image-894\" alt=\"\" title=\"\"><\/span><\/div><div class=\"et_pb_blurb_container\"><div class=\"et_pb_blurb_description\"><p>\u010c\u00edslo licence:<br \/>\n82\/AL<\/p>\n<\/div><\/div><\/div><\/div>\n<\/div>\n<\/div>\n\n<div class=\"et_pb_row_3 et_pb_row et_block_row\">\n<div class=\"et_pb_column_9 et_pb_column et_pb_column_4_4 et-last-child et_block_column et_pb_css_mix_blend_mode_passthrough\">\n<div class=\"et_pb_code_0 et_pb_code et_pb_module\" id=\"BookingForm\"><div class=\"et_pb_code_inner\"><\/div><\/div>\n<\/div>\n<\/div>\n\n<div class=\"et_pb_row_4 et_pb_row et_pb_gutters2 et_block_row\">\n<div class=\"et_pb_column_10 et_pb_column et_pb_column_2_3 et_block_column et_pb_css_mix_blend_mode_passthrough\">\n<div class=\"et_pb_text_2 et_pb_text et_pb_bg_layout_light et_pb_module et_block_module\"><div class=\"et_pb_text_inner\"><p>Casa Amendoeira je d\u016fm v historick\u00e9m centru Lagosu, jen p\u00e1r minut ch\u016fze od ve\u0161ker\u00e9ho ob\u010dansk\u00e9ho vybaven\u00ed a pl\u00e1\u017e\u00ed.<\/p>\n<p>Casa byla s l\u00e1skou zrekonstruov\u00e1na, za\u0159\u00edzena a vybavena tak, aby na\u0161im host\u016fm nab\u00eddla kr\u00e1sn\u00fd a pohodln\u00fd pr\u00e1zdninov\u00fd domov. H\u0159ejiv\u00e9 barvy, obrazy m\u00edstn\u00edch um\u011blc\u016f, jemn\u00fd n\u00e1dech marock\u00e9ho n\u00e1bytku a lampy p\u0159iv\u00edtaj\u00ed n\u00e1v\u0161t\u011bvn\u00edka hned po p\u0159\u00edjezdu. Dv\u011b lo\u017enice (s man\u017eelskou postel\u00ed a odd\u011blen\u00fdmi l\u016f\u017eky) jsou klidn\u00e9 a pohodln\u00e9 a maj\u00ed velmi pohodln\u00e9 postele. Kuchyn\u011b je velmi dob\u0159e vybavena my\u010dkou n\u00e1dob\u00ed, praktick\u00fdm kuchy\u0148sk\u00fdm n\u00e1dob\u00edm a n\u00e1\u0159ad\u00edm.<\/p>\n<\/div><\/div>\n<\/div>\n\n<div class=\"et_pb_column_11 et_pb_column et_pb_column_1_3 et-last-child et_block_column et_pb_css_mix_blend_mode_passthrough\">\n<div class=\"et_pb_image_0 et_pb_image et_pb_module et_block_module\"><a href=\"https:\/\/casa-amendoeira.com\/wp-content\/uploads\/2018\/11\/CasaMasterBedroom.jpg\" class=\"et_pb_lightbox_image\" alt=\"Master bedroom of our holiday home in Lagos\"><span class=\"et_pb_image_wrap\"><img decoding=\"async\" src=\"https:\/\/casa-amendoeira.com\/wp-content\/uploads\/2018\/11\/CasaMasterBedroom.jpg\" width=\"1200\" height=\"802\" class=\"wp-image-335\" alt=\"Hlavn\u00ed lo\u017enice na\u0161eho rekrea\u010dn\u00edho domu v Lagosu\" title=\"\"><\/span><\/a><\/div>\n<\/div>\n<\/div>\n\n<div class=\"et_pb_row_5 et_pb_row et_pb_gutters2 et_block_row\">\n<div class=\"et_pb_column_12 et_pb_column et_pb_column_2_3 et_block_column et_pb_css_mix_blend_mode_passthrough\">\n<div class=\"et_pb_text_3 et_pb_text et_pb_bg_layout_light et_pb_module et_block_module\"><div class=\"et_pb_text_inner\"><p>V horn\u00edm pat\u0159e tohoto rekrea\u010dn\u00edho domu v Lagosu se nach\u00e1z\u00ed sv\u011btl\u00fd a prostorn\u00fd ob\u00fdvac\u00ed pokoj s j\u00eddeln\u00edm koutem a \u00fatuln\u00fdmi kamny na d\u0159evo (pro zimn\u00ed m\u011bs\u00edce!), odkud vede venkovn\u00ed schodi\u0161t\u011b z balkonu na na\u0161i kr\u00e1snou st\u0159e\u0161n\u00ed terasu s 360\u00b0 v\u00fdhledem, ide\u00e1ln\u00ed pro relaxaci a stolov\u00e1n\u00ed na \u010derstv\u00e9m vzduchu. Je ide\u00e1ln\u00ed pro opalov\u00e1n\u00ed t\u00e9m\u011b\u0159 po cel\u00fd rok, proto\u017ee Lagos je obda\u0159en v pr\u016fm\u011bru v\u00edce ne\u017e 300 dny z\u00e1\u0159iv\u011b modr\u00e9 oblohy ro\u010dn\u011b.<br \/>A ne, nem\u00e1me baz\u00e9n - pl\u00e1\u017e je tak bl\u00edzko, \u017ee se k n\u00ed m\u016f\u017eete snadno proj\u00edt a u\u017e\u00edt si ten nejlep\u0161\u00ed baz\u00e9n, kter\u00fd p\u0159\u00edroda nab\u00edz\u00ed. Praia da Batata a Meia Praia jsou na\u0161e obl\u00edben\u00e1 m\u00edsta, kam chod\u00edme.<\/p>\n<p>Elektrick\u00e1 energie v Casa Amendoeira se vyr\u00e1b\u00ed p\u0159ev\u00e1\u017en\u011b pomoc\u00ed sol\u00e1rn\u00edho panelu na st\u0159e\u0161e, kter\u00fd je schopen vyrobit 1700 kWh\/rok. Krom\u011b toho je d\u016fm vybaven pra\u010dkou A+++ a chladni\u010dkou a su\u0161i\u010dkou A+++. Aby v\u00e1m bylo teplo i v zim\u011b, nainstalovali jsme infra\u010derven\u00e9 z\u00e1\u0159i\u010de.<\/p>\n<p>Casa nen\u00ed jen dal\u0161\u00ed apartm\u00e1n nebo rekrea\u010dn\u00ed objekt. R\u00e1di zde tr\u00e1v\u00edme dovolenou a jsme r\u00e1di, kdy\u017e jsou spokojeni i na\u0161i host\u00e9. N\u00ed\u017ee najdete n\u011bkolik recenz\u00ed na\u0161ich b\u00fdval\u00fdch host\u016f.<\/p>\n<p>Hled\u00e1te men\u0161\u00ed rekrea\u010dn\u00ed d\u016fm v Lagosu v podobn\u00e9m stylu ve stejn\u00e9 oblasti Lagosu? Pod\u00edvejte se pros\u00edm na men\u0161\u00ed sestru Casa, apartm\u00e1n <a href=\"https:\/\/casa-amendoeira.com\/cs\/rekreacni-dum-algarve\/\">Casinha Canal<\/a>.<\/p>\n<\/div><\/div>\n<\/div>\n\n<div class=\"et_pb_column_13 et_pb_column et_pb_column_1_3 et-last-child et_block_column et_pb_css_mix_blend_mode_passthrough\">\n<div class=\"et_pb_image_1 et_pb_image et_pb_module et_block_module\"><a href=\"https:\/\/casa-amendoeira.com\/wp-content\/uploads\/2019\/12\/CasaSofas-scaled.jpg\" class=\"et_pb_lightbox_image\" alt=\"Living room view of Casa Amendoeira, a beautiful holiday home in Lagos\"><span class=\"et_pb_image_wrap\"><img decoding=\"async\" src=\"https:\/\/casa-amendoeira.com\/wp-content\/uploads\/2019\/12\/CasaSofas-scaled.jpg\" width=\"2560\" height=\"1920\" class=\"wp-image-1549\" alt=\"Pohled z ob\u00fdvac\u00edho pokoje kr\u00e1sn\u00e9ho rekrea\u010dn\u00edho domu Casa Amendoeira v Lagosu\" title=\"\"><\/span><\/a><\/div>\n<\/div>\n<\/div>\n\n<div class=\"et_pb_row_6 et_pb_row et_block_row\">\n<div class=\"et_pb_column_14 et_pb_column et_pb_column_1_3 et_block_column et_pb_css_mix_blend_mode_passthrough\">\n<div class=\"et_pb_image_2 et_pb_image et_pb_module et_block_module\"><a href=\"https:\/\/casa-amendoeira.com\/wp-content\/uploads\/2014\/11\/150103-132856-UL.jpg\" class=\"et_pb_lightbox_image\"><span class=\"et_pb_image_wrap\"><img decoding=\"async\" src=\"https:\/\/casa-amendoeira.com\/wp-content\/uploads\/2014\/11\/150103-132856-UL.jpg\" width=\"2000\" height=\"1333\" class=\"wp-image-237\" alt=\"\" title=\"\"><\/span><\/a><\/div>\n<\/div>\n\n<div class=\"et_pb_column_15 et_pb_column et_pb_column_1_3 et_block_column et_pb_css_mix_blend_mode_passthrough\">\n<div class=\"et_pb_image_3 et_pb_image et_pb_module et_block_module\"><a href=\"https:\/\/casa-amendoeira.com\/wp-content\/uploads\/2018\/11\/CasaRoofTerrace.jpeg\" class=\"et_pb_lightbox_image\"><span class=\"et_pb_image_wrap\"><img decoding=\"async\" src=\"https:\/\/casa-amendoeira.com\/wp-content\/uploads\/2018\/11\/CasaRoofTerrace.jpeg\" width=\"3000\" height=\"2006\" class=\"wp-image-344\" alt=\"\" title=\"\"><\/span><\/a><\/div>\n<\/div>\n\n<div class=\"et_pb_column_16 et_pb_column et_pb_column_1_3 et-last-child et_block_column et_pb_css_mix_blend_mode_passthrough\">\n<div class=\"et_pb_image_4 et_pb_image et_pb_module et_block_module\"><a href=\"https:\/\/casa-amendoeira.com\/wp-content\/uploads\/2022\/02\/Kueche_Ferienhaus_Algarve.jpg\" class=\"et_pb_lightbox_image\" alt=\"Die voll ausgestattete K\u00fcche der Casa\"><span class=\"et_pb_image_wrap\"><img decoding=\"async\" src=\"https:\/\/casa-amendoeira.com\/wp-content\/uploads\/2022\/02\/Kueche_Ferienhaus_Algarve.jpg\" width=\"1500\" height=\"1000\" class=\"wp-image-2246\" title=\"Die voll ausgestattete K\u00fcche der Casa\" alt=\"Die voll ausgestattete K\u00fcche der Casa\" \/><\/span><\/a><\/div>\n<\/div>\n<\/div>\n\n<div class=\"et_pb_row_7 et_pb_row et_block_row\">\n<div class=\"et_pb_column_17 et_pb_column et_pb_column_4_4 et-last-child et_block_column et_pb_css_mix_blend_mode_passthrough\">\n<div class=\"et_pb_text_4 et_pb_text et_pb_bg_layout_light et_pb_module et_block_module\"><div class=\"et_pb_text_inner\"><h3> Funkce <\/h3>\n<\/div><\/div>\n<\/div>\n<\/div>\n\n<div class=\"et_pb_row_8 et_pb_row et_block_row\">\n<div class=\"et_pb_column_18 et_pb_column et_pb_column_1_3 et_block_column et_pb_css_mix_blend_mode_passthrough\">\n<div class=\"et_pb_blurb_8 et_pb_blurb et_pb_bg_layout_light et_pb_blurb_position_left et_pb_module et_block_module\"><div class=\"et_pb_blurb_content\"><div class=\"et_pb_main_blurb_image\"><span class=\"et_pb_image_wrap et_pb_only_image_mode_wrap\"><img decoding=\"async\" src=\"https:\/\/casa-amendoeira.com\/wp-content\/uploads\/2019\/05\/Bett.png\" width=\"96\" height=\"96\" class=\"et-waypoint et_pb_animation_top et_pb_animation_top_tablet et_pb_animation_top_phone wp-image-618\" alt=\"\" title=\"\"><\/span><\/div><div class=\"et_pb_blurb_container\"><h4 class=\"et_pb_module_header\">Spac\u00ed prostor<\/h4><div class=\"et_pb_blurb_description\"><p>2 lo\u017enice, 1 man\u017eelsk\u00e1 postel, 2 samostatn\u00e9 postele<br \/>\nLo\u017en\u00ed pr\u00e1dlo je k dispozici a m\u011bn\u00ed se ka\u017ed\u00fd t\u00fdden. U rezervac\u00ed del\u0161\u00edch ne\u017e \u010dty\u0159i t\u00fddny se lo\u017en\u00ed pr\u00e1dlo m\u011bn\u00ed ka\u017ed\u00fd m\u011bs\u00edc.<\/p>\n<\/div><\/div><\/div><\/div>\n\n<div class=\"et_pb_blurb_9 et_pb_blurb et_pb_bg_layout_light et_pb_blurb_position_left et_pb_module et_block_module\"><div class=\"et_pb_blurb_content\"><div class=\"et_pb_main_blurb_image\"><span class=\"et_pb_image_wrap et_pb_only_image_mode_wrap\"><img decoding=\"async\" src=\"https:\/\/casa-amendoeira.com\/wp-content\/uploads\/2019\/05\/Essbereich.png\" width=\"96\" height=\"96\" class=\"et-waypoint et_pb_animation_top et_pb_animation_top_tablet et_pb_animation_top_phone wp-image-646\" alt=\"\" title=\"\"><\/span><\/div><div class=\"et_pb_blurb_container\"><h4 class=\"et_pb_module_header\">J\u00eddeln\u00ed kout<\/h4><div class=\"et_pb_blurb_description\"><p>J\u00eddeln\u00ed kout se nach\u00e1z\u00ed ve druh\u00e9m pat\u0159e v ob\u00fdvac\u00edm pokoji. Nab\u00edz\u00ed prostor pro 4-6 osob.<\/p>\n<\/div><\/div><\/div><\/div>\n\n<div class=\"et_pb_blurb_10 et_pb_blurb et_pb_bg_layout_light et_pb_blurb_position_left et_pb_module et_block_module\"><div class=\"et_pb_blurb_content\"><div class=\"et_pb_main_blurb_image\"><span class=\"et_pb_image_wrap et_pb_only_image_mode_wrap\"><img decoding=\"async\" src=\"https:\/\/casa-amendoeira.com\/wp-content\/uploads\/2019\/05\/Strand.png\" width=\"96\" height=\"96\" class=\"et-waypoint et_pb_animation_top et_pb_animation_top_tablet et_pb_animation_top_phone wp-image-658\" alt=\"\" title=\"\"><\/span><\/div><div class=\"et_pb_blurb_container\"><h4 class=\"et_pb_module_header\">Vn\u011bj\u0161\u00ed prostor<\/h4><div class=\"et_pb_blurb_description\"><p>Za\u0159\u00edzen\u00e1 st\u0159e\u0161n\u00ed terasa s v\u00fdhledem na mo\u0159e, balkon u lo\u017enice. Pl\u00e1\u017e a p\u0159\u00edstav v p\u011b\u0161\u00ed vzd\u00e1lenosti.<\/p>\n<\/div><\/div><\/div><\/div>\n\n<div class=\"et_pb_blurb_11 et_pb_blurb et_pb_bg_layout_light et_pb_blurb_position_left et_pb_module et_block_module\"><div class=\"et_pb_blurb_content\"><div class=\"et_pb_main_blurb_image\"><span class=\"et_pb_image_wrap et_pb_only_image_mode_wrap\"><img decoding=\"async\" src=\"https:\/\/casa-amendoeira.com\/wp-content\/uploads\/2019\/06\/Handtuch.png\" width=\"96\" height=\"96\" class=\"et-waypoint et_pb_animation_top et_pb_animation_top_tablet et_pb_animation_top_phone wp-image-1179\" alt=\"\" title=\"\"><\/span><\/div><div class=\"et_pb_blurb_container\"><h4 class=\"et_pb_module_header\">Ru\u010dn\u00edky<\/h4><div class=\"et_pb_blurb_description\"><p>Ru\u010dn\u00edky jsou k dispozici a m\u011bn\u00ed se ka\u017ed\u00fd t\u00fdden. U rezervac\u00ed del\u0161\u00edch ne\u017e \u010dty\u0159i t\u00fddny se ru\u010dn\u00edky m\u011bn\u00ed ka\u017ed\u00fd m\u011bs\u00edc. Host\u016fm poskytujeme tak\u00e9 pl\u00e1\u017eov\u00e9 osu\u0161ky.<\/p>\n<\/div><\/div><\/div><\/div>\n<\/div>\n\n<div class=\"et_pb_column_19 et_pb_column et_pb_column_1_3 et_block_column et_pb_css_mix_blend_mode_passthrough\">\n<div class=\"et_pb_blurb_12 et_pb_blurb et_pb_bg_layout_light et_pb_blurb_position_left et_pb_module et_block_module\"><div class=\"et_pb_blurb_content\"><div class=\"et_pb_main_blurb_image\"><span class=\"et_pb_image_wrap et_pb_only_image_mode_wrap\"><img decoding=\"async\" src=\"https:\/\/casa-amendoeira.com\/wp-content\/uploads\/2019\/05\/Kitchen.png\" width=\"96\" height=\"96\" class=\"et-waypoint et_pb_animation_top et_pb_animation_top_tablet et_pb_animation_top_phone wp-image-642\" alt=\"\" title=\"\"><\/span><\/div><div class=\"et_pb_blurb_container\"><h4 class=\"et_pb_module_header\">Kuchyn\u011b<\/h4><div class=\"et_pb_blurb_description\"><p>N\u00e1dob\u00ed a p\u0159\u00edbory, my\u010dka n\u00e1dob\u00ed, spor\u00e1k, trouba, toustova\u010d, k\u00e1vovar, ledni\u010dka (modern\u00ed ledni\u010dka Liebherr A+++ s mal\u00fdm mraz\u00e1kem, nov\u00e1 v dubnu 2017).<\/p>\n<\/div><\/div><\/div><\/div>\n\n<div class=\"et_pb_blurb_13 et_pb_blurb et_pb_bg_layout_light et_pb_blurb_position_left et_pb_module et_block_module\"><div class=\"et_pb_blurb_content\"><div class=\"et_pb_main_blurb_image\"><span class=\"et_pb_image_wrap et_pb_only_image_mode_wrap\"><img decoding=\"async\" src=\"https:\/\/casa-amendoeira.com\/wp-content\/uploads\/2019\/05\/Dusche.png\" width=\"96\" height=\"96\" class=\"et-waypoint et_pb_animation_top et_pb_animation_top_tablet et_pb_animation_top_phone wp-image-619\" alt=\"\" title=\"\"><\/span><\/div><div class=\"et_pb_blurb_container\"><h4 class=\"et_pb_module_header\">Sprcha, WC<\/h4><div class=\"et_pb_blurb_description\"><p>Sprcha a toaleta jsou nov\u011b zrekonstruovan\u00e9, s marock\u00fdmi obklady a n\u011bmeck\u00fdmi armaturami (Grohe).<\/p>\n<\/div><\/div><\/div><\/div>\n\n<div class=\"et_pb_blurb_14 et_pb_blurb et_pb_bg_layout_light et_pb_blurb_position_left et_pb_module et_block_module\"><div class=\"et_pb_blurb_content\"><div class=\"et_pb_main_blurb_image\"><span class=\"et_pb_image_wrap et_pb_only_image_mode_wrap\"><img decoding=\"async\" src=\"https:\/\/casa-amendoeira.com\/wp-content\/uploads\/2019\/06\/car.png\" width=\"96\" height=\"96\" class=\"et-waypoint et_pb_animation_top et_pb_animation_top_tablet et_pb_animation_top_phone wp-image-785\" alt=\"\" title=\"\"><\/span><\/div><div class=\"et_pb_blurb_container\"><h4 class=\"et_pb_module_header\">Parkov\u00e1n\u00ed<\/h4><div class=\"et_pb_blurb_description\"><p>V historick\u00e9m centru Lagosu nen\u00ed nutn\u00e9 m\u00edt auto. Pokud se bez n\u011bj nechcete obej\u00edt, najdete v bl\u00edzkosti domu bezplatn\u00e9 parkovi\u0161t\u011b.<\/p>\n<\/div><\/div><\/div><\/div>\n\n<div class=\"et_pb_blurb_15 et_pb_blurb et_pb_bg_layout_light et_pb_blurb_position_left et_pb_module et_block_module\"><div class=\"et_pb_blurb_content\"><div class=\"et_pb_main_blurb_image\"><span class=\"et_pb_image_wrap et_pb_only_image_mode_wrap\"><img decoding=\"async\" src=\"https:\/\/casa-amendoeira.com\/wp-content\/uploads\/2019\/06\/Paw.png\" width=\"96\" height=\"96\" class=\"et-waypoint et_pb_animation_top et_pb_animation_top_tablet et_pb_animation_top_phone wp-image-885\" alt=\"\" title=\"\"><\/span><\/div><div class=\"et_pb_blurb_container\"><div class=\"et_pb_blurb_description\"><p>Dom\u00e1c\u00ed zv\u00ed\u0159ata nejsou povolena<\/p>\n<\/div><\/div><\/div><\/div>\n<\/div>\n\n<div class=\"et_pb_column_20 et_pb_column et_pb_column_1_3 et-last-child et_block_column et_pb_css_mix_blend_mode_passthrough\">\n<div class=\"et_pb_blurb_16 et_pb_blurb et_pb_bg_layout_light et_pb_blurb_position_left et_pb_module et_block_module\"><div class=\"et_pb_blurb_content\"><div class=\"et_pb_main_blurb_image\"><span class=\"et_pb_image_wrap et_pb_only_image_mode_wrap\"><img decoding=\"async\" src=\"https:\/\/casa-amendoeira.com\/wp-content\/uploads\/2019\/05\/Speaker.png\" width=\"96\" height=\"96\" class=\"et-waypoint et_pb_animation_top et_pb_animation_top_tablet et_pb_animation_top_phone wp-image-649\" alt=\"\" title=\"\"><\/span><\/div><div class=\"et_pb_blurb_container\"><h4 class=\"et_pb_module_header\">Z\u00e1bava<\/h4><div class=\"et_pb_blurb_description\"><p>Televize, satelitn\u00ed\/kabelov\u00e1 TV (anglick\u00e9 a portugalsk\u00e9 TV kan\u00e1ly), stereo syst\u00e9m, knihy (V dom\u011b je k dispozici v\u00fdb\u011br n\u011bmeck\u00fdch a anglick\u00fdch knih).<br \/>V cel\u00e9m dom\u011b je k dispozici vysokorychlostn\u00ed kabelov\u00e1 WI-FI s rychlost\u00ed 50 Mb\/s.<br \/>Ale nezapome\u0148te, \u017ee se jedn\u00e1 o rekrea\u010dn\u00ed d\u016fm v Lagosu. Chcete si u\u017e\u00edt m\u011bsto a pl\u00e1\u017ee, ne televizi \ud83d\ude09.<\/p>\n<\/div><\/div><\/div><\/div>\n\n<div class=\"et_pb_blurb_17 et_pb_blurb et_pb_bg_layout_light et_pb_blurb_position_left et_pb_module et_block_module\"><div class=\"et_pb_blurb_content\"><div class=\"et_pb_main_blurb_image\"><span class=\"et_pb_image_wrap et_pb_only_image_mode_wrap\"><img decoding=\"async\" src=\"https:\/\/casa-amendoeira.com\/wp-content\/uploads\/2019\/05\/waschmaschine.png\" width=\"96\" height=\"96\" class=\"et-waypoint et_pb_animation_top et_pb_animation_top_tablet et_pb_animation_top_phone wp-image-655\" alt=\"\" title=\"\"><\/span><\/div><div class=\"et_pb_blurb_container\"><h4 class=\"et_pb_module_header\">Vybaven\u00ed<\/h4><div class=\"et_pb_blurb_description\"><p>Modern\u00ed pra\u010dka Bosch A+++ eco a modern\u00ed pra\u010dka se su\u0161i\u010dkou A+++ eco, ob\u011b nov\u00e9 v dubnu 2017. F\u00e9n, \u017eehlic\u00ed prkno a \u017eehli\u010dka.<br \/>\nInfraz\u00e1\u0159i\u010de v lo\u017enic\u00edch, ob\u00fdvac\u00edm pokoji, kuchyni a chodb\u011b. Krb v ob\u00fdvac\u00edm pokoji.<\/p>\n<\/div><\/div><\/div><\/div>\n\n<div class=\"et_pb_blurb_18 et_pb_blurb et_pb_bg_layout_light et_pb_blurb_position_left et_pb_module et_block_module\"><div class=\"et_pb_blurb_content\"><div class=\"et_pb_main_blurb_image\"><span class=\"et_pb_image_wrap et_pb_only_image_mode_wrap\"><img decoding=\"async\" src=\"https:\/\/casa-amendoeira.com\/wp-content\/uploads\/2019\/06\/NoSmoking.png\" width=\"96\" height=\"96\" class=\"et-waypoint et_pb_animation_top et_pb_animation_top_tablet et_pb_animation_top_phone wp-image-884\" alt=\"\" title=\"\"><\/span><\/div><div class=\"et_pb_blurb_container\"><h4 class=\"et_pb_module_header\">Z\u00e1kaz kou\u0159en\u00ed<\/h4><div class=\"et_pb_blurb_description\"><p>V objektu Casa je zak\u00e1z\u00e1no kou\u0159it. Ke kou\u0159en\u00ed m\u016f\u017eete vyu\u017e\u00edt st\u0159e\u0161n\u00ed terasu. Tam najdete tak\u00e9 popeln\u00edk.<\/p>\n<\/div><\/div><\/div><\/div>\n<\/div>\n<\/div>\n<\/div>\n\n<div class=\"et_pb_section_2 et_pb_section et_section_regular et_block_section\">\n<div class=\"et_pb_row_9 et_pb_row et_block_row\">\n<div class=\"et_pb_column_21 et_pb_column et_pb_column_4_4 et-last-child et_block_column et_pb_css_mix_blend_mode_passthrough\">\n<div class=\"et_pb_map_0 et_pb_map_container et_pb_module et_flex_module\" data-grayscale=\"\"><div class=\"et_pb_map\" data-center-lat=\"37.1020161\" data-center-lng=\"-8.6749934\" data-zoom=\"15\" data-mouse-wheel=\"off\" data-mobile-dragging=\"off\"><\/div>\n<div class=\"et_pb_map_pin_0 et_pb_map_pin\" data-lat=\"37.1020161\" data-lng=\"-8.6749934\" data-title=\"Casa Amendoeira\"><h3 style=\"margin-top:10px\">Casa Amendoeira<\/h3><\/div>\n<\/div>\n<\/div>\n<\/div>\n\n<div class=\"et_pb_row_10 et_pb_row et_block_row\">\n<div class=\"et_pb_column_22 et_pb_column et_pb_column_1_2 et_block_column et_pb_css_mix_blend_mode_passthrough\">\n<div class=\"et_pb_text_5 et_pb_text et_pb_bg_layout_light et_pb_module et_block_module\"><div class=\"et_pb_text_inner\"><p>N\u00e1\u0161 rekrea\u010dn\u00ed d\u016fm v Lagosu je vzd\u00e1len jen n\u011bkolik minut ch\u016fze od nejbli\u017e\u0161\u00ed nemocnice, l\u00e9ka\u0159e, zuba\u0159e nebo l\u00e9k\u00e1rny.<\/p>\n<p>P\u0159ed p\u0159\u00edjezdem z\u00edsk\u00e1te na t\u00e9to domovsk\u00e9 str\u00e1nce p\u0159\u00edstup do z\u00f3ny pro hosty, kde najdete spoustu informac\u00ed o dom\u011b, jak se tam dostat, o podnic\u00edch v okol\u00ed a tipy na restaurace.<\/p>\n<p>Vzhledem ke schodi\u0161ti ve vile a venku (schody na st\u0159e\u0161n\u00ed terasu) nen\u00ed Casa vhodn\u00e1 pro mal\u00e9 d\u011bti nebo slab\u00e9 osoby.<\/p>\n<\/div><\/div>\n<\/div>\n\n<div class=\"et_pb_column_23 et_pb_column et_pb_column_1_2 et-last-child et_block_column et_pb_css_mix_blend_mode_passthrough\">\n<div class=\"et_pb_text_6 et_pb_text et_pb_bg_layout_light et_pb_module et_block_module\"><div class=\"et_pb_text_inner\"><p><strong>Je\u0161t\u011b pozn\u00e1mka k \"Centro Hist\u00f3rico\" v Lagosu:<\/strong><br \/>Upozor\u0148ujeme, \u017ee v historick\u00e9m centru Lagosu, kde se n\u00e1\u0161 rekrea\u010dn\u00ed d\u016fm nach\u00e1z\u00ed, do\u0161lo v posledn\u00edch letech k n\u00e1r\u016fstu stavebn\u00edch a rekonstruk\u010dn\u00edch prac\u00ed. V d\u016fsledku toho je mo\u017en\u00e9, \u017ee v sousedstv\u00ed budou prob\u00edhat stavebn\u00ed nebo renova\u010dn\u00ed pr\u00e1ce, kter\u00e9 jako pronaj\u00edmatel\u00e9 nem\u016f\u017eeme p\u0159edv\u00eddat ani ovlivnit. Pokud si b\u011bhem sv\u00e9ho pobytu vysoce cen\u00edte klidu, doporu\u010dujeme p\u0159i v\u00fdb\u011bru ubytov\u00e1n\u00ed v \"centro hist\u00f3rico\" tuto skute\u010dnost zohlednit. V\u017edy se sna\u017e\u00edme zajistit pro v\u00e1s p\u0159\u00edjemn\u00fd a pohodov\u00fd pobyt a r\u00e1di v\u00e1m pom\u016f\u017eeme s jak\u00fdmikoliv dotazy nebo obavami.<\/p>\n<\/div><\/div>\n<\/div>\n<\/div>\n\n<div class=\"et_pb_row_11 et_pb_row et_pb_gutters2 et_block_row\">\n<div class=\"et_pb_column_24 et_pb_column et_pb_column_4_4 et-last-child et_block_column et_pb_css_mix_blend_mode_passthrough\">\n<div class=\"et_pb_text_7 et_pb_text et_pb_bg_layout_light et_pb_module et_block_module\"><div class=\"et_pb_text_inner\"><h3>Dojmy z okol\u00ed Casa Amendoeira, rekrea\u010dn\u00edho domu v Lagosu, Portugalsko<\/h3>\n<\/div><\/div>\n\n<div class=\"et_pb_gallery_0 et_pb_gallery et_pb_bg_layout_light et_pb_gallery_grid et_pb_module\" data-auto-rotate=\"off\" data-auto-rotate-speed=\"\"><div class=\"et_pb_gallery_items et_post_gallery clearfix et_grid_module\" data-per_page=\"40\"><div class=\"et_pb_gallery_item et_pb_grid_item et_pb_gallery_item_0_0\"><div class=\"et_pb_gallery_image landscape\" data-per_page=\"40\"><a href=\"https:\/\/casa-amendoeira.com\/wp-content\/uploads\/2022\/02\/Casa_Amendoeira_Vorderseite.jpg\" title=\"Casa Amendoeira Hausfront\"><img decoding=\"async\" width=\"400\" height=\"284\" src=\"https:\/\/casa-amendoeira.com\/wp-content\/uploads\/2022\/02\/Casa_Amendoeira_Vorderseite-400x284.jpg\" alt=\"Casa Amendoeira Hausfront\" class=\"wp-image-2243\" title=\"\"><span class=\"et_overlay\" data-icon=\"\" data-icon-tablet=\"\" data-icon-phone=\"\"><\/span><\/a><\/div><\/div><div class=\"et_pb_gallery_item et_pb_grid_item et_pb_gallery_item_0_1\"><div class=\"et_pb_gallery_image landscape\" data-per_page=\"40\"><a href=\"https:\/\/casa-amendoeira.com\/wp-content\/uploads\/2019\/06\/Schlafzimmer.jpg\" title=\"Das gro\u00dfe Schlafzimmer mit wunderbaren marokkanischen Details.\"><img decoding=\"async\" width=\"400\" height=\"284\" src=\"https:\/\/casa-amendoeira.com\/wp-content\/uploads\/2019\/06\/Schlafzimmer-400x284.jpg\" alt=\"\" class=\"wp-image-903\" title=\"\"><span class=\"et_overlay\" data-icon=\"\" data-icon-tablet=\"\" data-icon-phone=\"\"><\/span><\/a><\/div><\/div><div class=\"et_pb_gallery_item et_pb_grid_item et_pb_gallery_item_0_2\"><div class=\"et_pb_gallery_image landscape\" data-per_page=\"40\"><a href=\"https:\/\/casa-amendoeira.com\/wp-content\/uploads\/2014\/11\/150103-132856-UL.jpg\" title=\"Kleines Schlafzimmer mit 2 Einzelbetten\"><img decoding=\"async\" width=\"400\" height=\"284\" src=\"https:\/\/casa-amendoeira.com\/wp-content\/uploads\/2014\/11\/150103-132856-UL-400x284.jpg\" alt=\"\" class=\"wp-image-237\" title=\"\"><span class=\"et_overlay\" data-icon=\"\" data-icon-tablet=\"\" data-icon-phone=\"\"><\/span><\/a><\/div><\/div><div class=\"et_pb_gallery_item et_pb_grid_item et_pb_gallery_item_0_3\"><div class=\"et_pb_gallery_image landscape\" data-per_page=\"40\"><a href=\"https:\/\/casa-amendoeira.com\/wp-content\/uploads\/2019\/06\/Flur.jpg\" title=\"Blick aus dem kleinen Schlafzimmer in den Flur. Rechts die K\u00fcche, geradeaus die Treppe in die 2. Etage.\"><img decoding=\"async\" width=\"400\" height=\"284\" src=\"https:\/\/casa-amendoeira.com\/wp-content\/uploads\/2019\/06\/Flur-400x284.jpg\" alt=\"\" class=\"wp-image-901\" title=\"\"><span class=\"et_overlay\" data-icon=\"\" data-icon-tablet=\"\" data-icon-phone=\"\"><\/span><\/a><\/div><\/div><div class=\"et_pb_gallery_item et_pb_grid_item et_pb_gallery_item_0_4\"><div class=\"et_pb_gallery_image landscape\" data-per_page=\"40\"><a href=\"https:\/\/casa-amendoeira.com\/wp-content\/uploads\/2019\/06\/Treppen.jpg\" title=\"Die Treppe von der ersten Etage zum Wohn- und Esszimmer\"><img decoding=\"async\" width=\"400\" height=\"284\" src=\"https:\/\/casa-amendoeira.com\/wp-content\/uploads\/2019\/06\/Treppen-400x284.jpg\" alt=\"\" class=\"wp-image-904\" title=\"\"><span class=\"et_overlay\" data-icon=\"\" data-icon-tablet=\"\" data-icon-phone=\"\"><\/span><\/a><\/div><\/div><div class=\"et_pb_gallery_item et_pb_grid_item et_pb_gallery_item_0_5\"><div class=\"et_pb_gallery_image landscape\" data-per_page=\"40\"><a href=\"https:\/\/casa-amendoeira.com\/wp-content\/uploads\/2019\/06\/LivingDining.jpg\" title=\"Der gro\u00dfz\u00fcgige Wohn- und Essbereich\"><img decoding=\"async\" width=\"400\" height=\"284\" src=\"https:\/\/casa-amendoeira.com\/wp-content\/uploads\/2019\/06\/LivingDining-400x284.jpg\" alt=\"\" class=\"wp-image-902\" title=\"\"><span class=\"et_overlay\" data-icon=\"\" data-icon-tablet=\"\" data-icon-phone=\"\"><\/span><\/a><\/div><\/div><div class=\"et_pb_gallery_item et_pb_grid_item et_pb_gallery_item_0_6\"><div class=\"et_pb_gallery_image landscape\" data-per_page=\"40\"><a href=\"https:\/\/casa-amendoeira.com\/wp-content\/uploads\/2022\/02\/Badezimmer_Casa.jpg\" title=\"Badezimmer der Casa\"><img decoding=\"async\" width=\"400\" height=\"284\" src=\"https:\/\/casa-amendoeira.com\/wp-content\/uploads\/2022\/02\/Badezimmer_Casa-400x284.jpg\" alt=\"Badezimmer der Casa\" class=\"wp-image-2242\" title=\"\"><span class=\"et_overlay\" data-icon=\"\" data-icon-tablet=\"\" data-icon-phone=\"\"><\/span><\/a><\/div><\/div><div class=\"et_pb_gallery_item et_pb_grid_item et_pb_gallery_item_0_7\"><div class=\"et_pb_gallery_image landscape\" data-per_page=\"40\"><a href=\"https:\/\/casa-amendoeira.com\/wp-content\/uploads\/2019\/06\/DachterasseTreppe.jpg\" title=\"Au\u00dfentreppe zur Dachterrasse\"><img decoding=\"async\" width=\"400\" height=\"284\" src=\"https:\/\/casa-amendoeira.com\/wp-content\/uploads\/2019\/06\/DachterasseTreppe-400x284.jpg\" alt=\"\" class=\"wp-image-909\" title=\"\"><span class=\"et_overlay\" data-icon=\"\" data-icon-tablet=\"\" data-icon-phone=\"\"><\/span><\/a><\/div><\/div><div class=\"et_pb_gallery_item et_pb_grid_item et_pb_gallery_item_0_8\"><div class=\"et_pb_gallery_image landscape\" data-per_page=\"40\"><a href=\"https:\/\/casa-amendoeira.com\/wp-content\/uploads\/2019\/06\/Details.jpg\" title=\"Marokkanische Details im Schlafzimmer\"><img decoding=\"async\" width=\"400\" height=\"284\" src=\"https:\/\/casa-amendoeira.com\/wp-content\/uploads\/2019\/06\/Details-400x284.jpg\" alt=\"\" class=\"wp-image-907\" title=\"\"><span class=\"et_overlay\" data-icon=\"\" data-icon-tablet=\"\" data-icon-phone=\"\"><\/span><\/a><\/div><\/div><div class=\"et_pb_gallery_item et_pb_grid_item et_pb_gallery_item_0_9\"><div class=\"et_pb_gallery_image landscape\" data-per_page=\"40\"><a href=\"https:\/\/casa-amendoeira.com\/wp-content\/uploads\/2019\/06\/Kamin.jpg\" title=\"Der stillgelegte Kamin im Schlafzimmer\"><img decoding=\"async\" width=\"400\" height=\"284\" src=\"https:\/\/casa-amendoeira.com\/wp-content\/uploads\/2019\/06\/Kamin-400x284.jpg\" alt=\"\" class=\"wp-image-912\" title=\"\"><span class=\"et_overlay\" data-icon=\"\" data-icon-tablet=\"\" data-icon-phone=\"\"><\/span><\/a><\/div><\/div><div class=\"et_pb_gallery_item et_pb_grid_item et_pb_gallery_item_0_10\"><div class=\"et_pb_gallery_image landscape\" data-per_page=\"40\"><a href=\"https:\/\/casa-amendoeira.com\/wp-content\/uploads\/2022\/02\/Esstisch_Casa_Portugal.jpg\" title=\"Der Esstisch in der oberen Etage\"><img decoding=\"async\" width=\"400\" height=\"284\" src=\"https:\/\/casa-amendoeira.com\/wp-content\/uploads\/2022\/02\/Esstisch_Casa_Portugal-400x284.jpg\" alt=\"\" class=\"wp-image-2244\" title=\"\"><span class=\"et_overlay\" data-icon=\"\" data-icon-tablet=\"\" data-icon-phone=\"\"><\/span><\/a><\/div><\/div><div class=\"et_pb_gallery_item et_pb_grid_item et_pb_gallery_item_0_11\"><div class=\"et_pb_gallery_image landscape\" data-per_page=\"40\"><a href=\"https:\/\/casa-amendoeira.com\/wp-content\/uploads\/2019\/06\/Solar.jpg\" title=\"Solarpaneele auf dem Dach der Casa\"><img decoding=\"async\" width=\"400\" height=\"284\" src=\"https:\/\/casa-amendoeira.com\/wp-content\/uploads\/2019\/06\/Solar-400x284.jpg\" alt=\"\" class=\"wp-image-914\" title=\"\"><span class=\"et_overlay\" data-icon=\"\" data-icon-tablet=\"\" data-icon-phone=\"\"><\/span><\/a><\/div><\/div><div class=\"et_pb_gallery_item et_pb_grid_item et_pb_gallery_item_0_12\"><div class=\"et_pb_gallery_image landscape\" data-per_page=\"40\"><a href=\"https:\/\/casa-amendoeira.com\/wp-content\/uploads\/2019\/06\/CasaSign.jpg\" title=\"Willkommen in der Casa Amendoeira\"><img decoding=\"async\" width=\"400\" height=\"284\" src=\"https:\/\/casa-amendoeira.com\/wp-content\/uploads\/2019\/06\/CasaSign-400x284.jpg\" alt=\"\" class=\"wp-image-801\" title=\"\"><span class=\"et_overlay\" data-icon=\"\" data-icon-tablet=\"\" data-icon-phone=\"\"><\/span><\/a><\/div><\/div><div class=\"et_pb_gallery_item et_pb_grid_item et_pb_gallery_item_0_13\"><div class=\"et_pb_gallery_image landscape\" data-per_page=\"40\"><a href=\"https:\/\/casa-amendoeira.com\/wp-content\/uploads\/2019\/06\/RuaAmendoeira.jpg\" title=\"Rua da Amendoeira\"><img decoding=\"async\" width=\"400\" height=\"284\" src=\"https:\/\/casa-amendoeira.com\/wp-content\/uploads\/2019\/06\/RuaAmendoeira-400x284.jpg\" alt=\"\" class=\"wp-image-803\" title=\"\"><span class=\"et_overlay\" data-icon=\"\" data-icon-tablet=\"\" data-icon-phone=\"\"><\/span><\/a><\/div><\/div><div class=\"et_pb_gallery_item et_pb_grid_item et_pb_gallery_item_0_14\"><div class=\"et_pb_gallery_image landscape\" data-per_page=\"40\"><a href=\"https:\/\/casa-amendoeira.com\/wp-content\/uploads\/2019\/06\/ArtCollection.jpg\" title=\"Im gesamten Haus finden sich ausgew\u00e4hlte Bilder und Unikate.\"><img decoding=\"async\" width=\"400\" height=\"284\" src=\"https:\/\/casa-amendoeira.com\/wp-content\/uploads\/2019\/06\/ArtCollection-400x284.jpg\" alt=\"\" class=\"wp-image-906\" title=\"\"><span class=\"et_overlay\" data-icon=\"\" data-icon-tablet=\"\" data-icon-phone=\"\"><\/span><\/a><\/div><\/div><div class=\"et_pb_gallery_item et_pb_grid_item et_pb_gallery_item_0_15\"><div class=\"et_pb_gallery_image landscape\" data-per_page=\"40\"><a href=\"https:\/\/casa-amendoeira.com\/wp-content\/uploads\/2019\/06\/Elefant.jpg\" title=\"Der kleine Elefantentisch\"><img decoding=\"async\" width=\"400\" height=\"284\" src=\"https:\/\/casa-amendoeira.com\/wp-content\/uploads\/2019\/06\/Elefant-400x284.jpg\" alt=\"\" class=\"wp-image-911\" title=\"\"><span class=\"et_overlay\" data-icon=\"\" data-icon-tablet=\"\" data-icon-phone=\"\"><\/span><\/a><\/div><\/div><div class=\"et_pb_gallery_item et_pb_grid_item et_pb_gallery_item_0_16\"><div class=\"et_pb_gallery_image landscape\" data-per_page=\"40\"><a href=\"https:\/\/casa-amendoeira.com\/wp-content\/uploads\/2019\/06\/Books.jpg\" title=\"Deutsche und Englische B\u00fccher in unserer kleinen Sammlung\"><img decoding=\"async\" width=\"400\" height=\"284\" src=\"https:\/\/casa-amendoeira.com\/wp-content\/uploads\/2019\/06\/Books-400x284.jpg\" alt=\"\" class=\"wp-image-905\" title=\"\"><span class=\"et_overlay\" data-icon=\"\" data-icon-tablet=\"\" data-icon-phone=\"\"><\/span><\/a><\/div><\/div><div class=\"et_pb_gallery_item et_pb_grid_item et_pb_gallery_item_0_17\"><div class=\"et_pb_gallery_image landscape\" data-per_page=\"40\"><a href=\"https:\/\/casa-amendoeira.com\/wp-content\/uploads\/2019\/12\/CasaLivingroom-scaled.jpg\" title=\"Das Wohnzimmer der Casa Amendoeira\"><img decoding=\"async\" width=\"400\" height=\"284\" src=\"https:\/\/casa-amendoeira.com\/wp-content\/uploads\/2019\/12\/CasaLivingroom-400x284.jpg\" alt=\"Wohnzimmer der Casa Amendoeira\" class=\"wp-image-1548\" title=\"\"><span class=\"et_overlay\" data-icon=\"\" data-icon-tablet=\"\" data-icon-phone=\"\"><\/span><\/a><\/div><\/div><div class=\"et_pb_gallery_item et_pb_grid_item et_pb_gallery_item_0_18\"><div class=\"et_pb_gallery_image landscape\" data-per_page=\"40\"><a href=\"https:\/\/casa-amendoeira.com\/wp-content\/uploads\/2019\/06\/Sunset.jpg\" title=\"Sonnenaufgang von der Dachterrasse aus gesehen.\"><img decoding=\"async\" width=\"400\" height=\"284\" src=\"https:\/\/casa-amendoeira.com\/wp-content\/uploads\/2019\/06\/Sunset-400x284.jpg\" alt=\"\" class=\"wp-image-913\" title=\"\"><span class=\"et_overlay\" data-icon=\"\" data-icon-tablet=\"\" data-icon-phone=\"\"><\/span><\/a><\/div><\/div><div class=\"et_pb_gallery_item et_pb_grid_item et_pb_gallery_item_0_19\"><div class=\"et_pb_gallery_image landscape\" data-per_page=\"40\"><a href=\"https:\/\/casa-amendoeira.com\/wp-content\/uploads\/2019\/06\/RuaDaAmendoeira.jpg\" title=\"Die Casa Amendoeira (links im Bild) in der Rua da Amendoeira\"><img decoding=\"async\" width=\"400\" height=\"284\" src=\"https:\/\/casa-amendoeira.com\/wp-content\/uploads\/2019\/06\/RuaDaAmendoeira-400x284.jpg\" alt=\"\" class=\"wp-image-908\" title=\"\"><span class=\"et_overlay\" data-icon=\"\" data-icon-tablet=\"\" data-icon-phone=\"\"><\/span><\/a><\/div><\/div><\/div><\/div>\n<\/div>\n<\/div>\n\n<div class=\"et_pb_row_12 et_pb_row et_block_row\">\n<div class=\"et_pb_column_25 et_pb_column et_pb_column_4_4 et-last-child et_block_column et_pb_css_mix_blend_mode_passthrough\">\n<div class=\"et_pb_text_8 et_pb_text et_pb_bg_layout_light et_pb_module et_block_module\"><div class=\"et_pb_text_inner\"><h3>Recenze - Co \u0159\u00edkaj\u00ed na\u0161i host\u00e9<\/h3>\n<\/div><\/div>\n<\/div>\n<\/div>\n\n<div class=\"et_pb_row_13 et_pb_row et_block_row\">\n<div class=\"et_pb_column_26 et_pb_column et_pb_column_1_3 et_block_column et_pb_css_mix_blend_mode_passthrough\">\n<div class=\"et_pb_testimonial_0 et_pb_testimonial et_pb_testimonial_no_image et_pb_bg_layout_light et_pb_module et_block_module\"><div class=\"et_pb_testimonial_inner\"><div class=\"et_pb_testimonial_description\"><div class=\"et_pb_testimonial_description_inner\"><div class=\"et_pb_testimonial_content\"><p>V tomto kr\u00e1sn\u00e9m dom\u011b jsme si prost\u011b u\u017eili kouzeln\u00e9 chv\u00edle, u\u017eili jsme si prostory, vybaven\u00ed, posezen\u00ed na st\u0159e\u0161e a v\u00fdhled - v\u0159ele doporu\u010dujeme a douf\u00e1me, \u017ee se sem je\u0161t\u011b vr\u00e1t\u00edme.<\/p>\n<p>\u2b50\u2b50\u2b50\u2b50\u2b50<\/p>\n<\/div><\/div><div class=\"et_pb_testimonial_author\">Susa<\/div><div class=\"et_pb_testimonial_meta\"><span class=\"et_pb_testimonial_position\">\u00fanor 2024<\/span><\/div><\/div><\/div><\/div>\n\n<div class=\"et_pb_testimonial_1 et_pb_testimonial et_pb_testimonial_no_image et_pb_bg_layout_light et_pb_module et_block_module\"><div class=\"et_pb_testimonial_inner\"><div class=\"et_pb_testimonial_description\"><div class=\"et_pb_testimonial_description_inner\"><div class=\"et_pb_testimonial_content\"><p>Velmi spokojeni s touto nemovitost\u00ed. Check-in byl velmi snadn\u00fd a komunikace s pronaj\u00edmatelem byla od za\u010d\u00e1tku bezchybn\u00e1. Je to v neuv\u011b\u0159iteln\u00e9 lokalit\u011b. Byli jsme schopni chodit na cokoli. Pokud m\u00e1te probl\u00e9my se schody, nemus\u00ed to b\u00fdt m\u00edsto pro v\u00e1s, ale pokud tomu tak nen\u00ed, u\u017eijete si t\u0159i neuv\u011b\u0159iteln\u00e9 podlahy! Rozhodn\u011b bych tuto nemovitost doporu\u010dil.<\/p>\n<p>\u2b50\u2b50\u2b50\u2b50\u2b50<\/p>\n<\/div><\/div><div class=\"et_pb_testimonial_author\">Cathy<\/div><div class=\"et_pb_testimonial_meta\"><span class=\"et_pb_testimonial_position\">b\u0159ezen 2023<\/span><\/div><\/div><\/div><\/div>\n\n<div class=\"et_pb_testimonial_2 et_pb_testimonial et_pb_testimonial_no_image et_pb_bg_layout_light et_pb_module et_block_module\"><div class=\"et_pb_testimonial_inner\"><div class=\"et_pb_testimonial_description\"><div class=\"et_pb_testimonial_description_inner\"><div class=\"et_pb_testimonial_content\"><p>Tuto nemovitost v\u0159ele doporu\u010duji pro pobyt v Lagosu, zejm\u00e9na pokud chcete b\u00fdt v centru. Nach\u00e1z\u00ed se ve skv\u011bl\u00e9 \u010d\u00e1sti m\u011bsta. Velmi \u010dist\u00fd a m\u00e1 v\u0161e, co pot\u0159ebujete. Paluba z lo\u017enice je fantastick\u00e1. U\u017eijte si to!<\/p>\n<p>\u2b50\u2b50\u2b50\u2b50\u2b50<\/p>\n<\/div><\/div><div class=\"et_pb_testimonial_author\">Ali<\/div><div class=\"et_pb_testimonial_meta\"><span class=\"et_pb_testimonial_position\">z\u00e1\u0159\u00ed 2021<\/span><\/div><\/div><\/div><\/div>\n\n<div class=\"et_pb_testimonial_3 et_pb_testimonial et_pb_testimonial_no_image et_pb_bg_layout_light et_pb_module et_block_module\"><div class=\"et_pb_testimonial_inner\"><div class=\"et_pb_testimonial_description\"><div class=\"et_pb_testimonial_description_inner\"><div class=\"et_pb_testimonial_content\"><p><b> \u00dakryt v Lagosu <\/b><\/p>\n<p>D\u016fm je naprosto okouzluj\u00edc\u00ed a nach\u00e1z\u00ed se na nejlep\u0161\u00edm m\u00edst\u011b v historick\u00e9 \u010dtvrti. V centru v\u0161eho, ale tak\u00e9 velmi klidn\u00e9 v noci. Majitel\u00e9 mysleli na v\u0161e, co byste mohli pot\u0159ebovat, abyste mohli efektivn\u011b vyu\u017e\u00edvat kuchy\u0148 pro p\u0159\u00edpravu j\u00eddla. Uv\u011bdomte si, \u017ee jak je uvedeno ve v\u00fdpisu, je zde n\u011bkolik schod\u016f. J\u00eddelna a ob\u00fdvac\u00ed pokoj je o patro v\u00fd\u0161 ne\u017e kuchy\u0148, ale nepova\u017eovali jsme to za probl\u00e9m. Jedn\u00e1 se o nej\u010dist\u0161\u00ed pron\u00e1jem, kter\u00fd jsme m\u011bli to pot\u011b\u0161en\u00ed z\u016fstat a d\u016fkladn\u011b si u\u017eili na\u0161ich 20 dn\u00ed v \u00fanoru.<\/p>\n<p>\u2b50\u2b50\u2b50\u2b50\u2b50<\/p>\n<\/div><\/div><div class=\"et_pb_testimonial_author\">Pierre P.<\/div><div class=\"et_pb_testimonial_meta\"><span class=\"et_pb_testimonial_position\">\u00fanor 2020<\/span><\/div><\/div><\/div><\/div>\n<\/div>\n\n<div class=\"et_pb_column_27 et_pb_column et_pb_column_1_3 et_block_column et_pb_css_mix_blend_mode_passthrough\">\n<div class=\"et_pb_testimonial_4 et_pb_testimonial et_pb_testimonial_no_image et_pb_bg_layout_light et_pb_module et_block_module\"><div class=\"et_pb_testimonial_inner\"><div class=\"et_pb_testimonial_description\"><div class=\"et_pb_testimonial_description_inner\"><div class=\"et_pb_testimonial_content\"><p><b> Kr\u00e1sn\u00fd Casa Amendoeira v centru Lagosu<\/b><\/p>\n<p>N\u00e1\u0161 v\u00fdlet do Lagosu p\u0159ed\u010dil v\u0161echna na\u0161e o\u010dek\u00e1v\u00e1n\u00ed. Uta a Marc ud\u011blali z Casa Amendoeira domov daleko od domova. Byli jsme jen p\u00e1r minut od v\u0161eho v centru m\u011bsta, ale pokud jsme se rozhodli z\u016fstat \"doma\", byli jsme jen p\u00e1r krok\u016f od n\u00e1dhern\u00e9ho v\u00fdhledu p\u0159es st\u0159e\u0161n\u00ed terasu. Pokud jsme m\u011bli n\u011bjak\u00e9 ot\u00e1zky nebo obavy, Ana ka\u017edou z nich \u0159e\u0161ila co nejrychleji. L\u00edbil se n\u00e1m snadn\u00fd p\u0159\u00edstup na pl\u00e1\u017ee a p\u011b\u0161\u00ed t\u00fary po stezk\u00e1ch pod\u00e9l \u00fates\u016f k maj\u00e1ku. N\u00e1dhern\u00fd park hned za star\u00fdmi m\u011bstsk\u00fdmi hradbami byl tak\u00e9 obl\u00edben\u00fdm m\u00edstem k proch\u00e1zk\u00e1m nebo odpo\u010dinku na slunci a pikniku. U\u017e te\u010f pl\u00e1nujeme n\u00e1vrat v roce 2020. U\u017e se nem\u016f\u017eu do\u010dkat!<\/p>\n<p>\u2b50\u2b50\u2b50\u2b50\u2b50<\/p>\n<\/div><\/div><div class=\"et_pb_testimonial_author\">Janiece D.<\/div><div class=\"et_pb_testimonial_meta\"><span class=\"et_pb_testimonial_position\">leden-duben 2019<\/span><\/div><\/div><\/div><\/div>\n\n<div class=\"et_pb_testimonial_5 et_pb_testimonial et_pb_testimonial_no_image et_pb_bg_layout_light et_pb_module et_block_module\"><div class=\"et_pb_testimonial_inner\"><div class=\"et_pb_testimonial_description\"><div class=\"et_pb_testimonial_description_inner\"><div class=\"et_pb_testimonial_content\"><p><b> Skv\u011bl\u00e1 poloha v bl\u00edzkosti centra historick\u00e9ho Lagosu a ve\u0161ker\u00e9 m\u00edstn\u00ed ob\u010dansk\u00e9 vybavenosti.<\/b><\/p>\n<p>Tento d\u016fm se uk\u00e1zal jako ide\u00e1ln\u00ed m\u00edsto pro na\u0161i rodinu, abychom si u\u017eili historick\u00e9 m\u011bsto Lagos a okol\u00ed. D\u016fm m\u011bl v\u0161echny v\u011bci, kter\u00e9 na\u0161e rodina pot\u0159ebovala, ale hlavn\u00ed atrakc\u00ed byla st\u0159e\u0161n\u00ed terasa a \u00fa\u017easn\u00fd v\u00fdhled, kter\u00fd odtud byl vid\u011bt. Lagos nab\u00edzel kr\u00e1sn\u00e9 mo\u017enosti vy\u017eit\u00ed pro celou rodinu v\u010detn\u011b kajak\u016f, surfov\u00e1n\u00ed, pl\u00e1\u017e\u00ed a nakupov\u00e1n\u00ed. V okol\u00ed je tak\u00e9 kr\u00e1sn\u00e1 \u0159ada restaurac\u00ed pro v\u0161echny chut\u011b. D\u016fm Tho2s a Lagos se uk\u00e1zaly jako skv\u011bl\u00e9 m\u00edsto pro na\u0161i rodinnou dovolenou se dv\u011bma dosp\u00edvaj\u00edc\u00edmi d\u011btmi.<\/p>\n<p>\u2b50\u2b50\u2b50\u2b50\u2b50<\/p>\n<\/div><\/div><div class=\"et_pb_testimonial_author\">Darren J.<\/div><div class=\"et_pb_testimonial_meta\"><span class=\"et_pb_testimonial_position\">srpen 2018<\/span><\/div><\/div><\/div><\/div>\n<\/div>\n\n<div class=\"et_pb_column_28 et_pb_column et_pb_column_1_3 et-last-child et_block_column et_pb_css_mix_blend_mode_passthrough\">\n<div class=\"et_pb_testimonial_6 et_pb_testimonial et_pb_testimonial_no_image et_pb_bg_layout_light et_pb_module et_block_module\"><div class=\"et_pb_testimonial_inner\"><div class=\"et_pb_testimonial_description\"><div class=\"et_pb_testimonial_description_inner\"><div class=\"et_pb_testimonial_content\"><p><b> N\u00e1dhern\u00fd d\u016fm, kr\u00e1sn\u00e1 lokalita, perfektn\u00ed dovolen\u00e1 <\/b><\/p>\n<p>Rozhodn\u011b doporu\u010duji pobyt v n\u00e1dhern\u00e9 Casa. Skv\u011bl\u00fd d\u016fm v perfektn\u00ed lokalit\u011b k prozkoum\u00e1n\u00ed Lagosu! L\u00edbilo se n\u00e1m to<\/p>\n<p>\u2b50\u2b50\u2b50\u2b50\u2b50<\/p>\n<\/div><\/div><div class=\"et_pb_testimonial_author\">Susann T.<\/div><div class=\"et_pb_testimonial_meta\"><span class=\"et_pb_testimonial_position\">z\u00e1\u0159\u00ed 2018<\/span><\/div><\/div><\/div><\/div>\n\n<div class=\"et_pb_testimonial_7 et_pb_testimonial et_pb_testimonial_no_image et_pb_bg_layout_light et_pb_module et_block_module\"><div class=\"et_pb_testimonial_inner\"><div class=\"et_pb_testimonial_description\"><div class=\"et_pb_testimonial_description_inner\"><div class=\"et_pb_testimonial_content\"><p><b> Pohodln\u00fd, \u00fatuln\u00fd, pohodln\u00fd a velmi osobit\u00fd. <\/b><\/p>\n<p>Tento tradi\u010dn\u00ed d\u016fm ve star\u00e9m m\u011bst\u011b se n\u00e1m moc l\u00edbil. Velmi prostorn\u00fd. V\u0161e, co byste si mohli p\u0159\u00e1t. Schody pro n\u00e1s nebyly probl\u00e9mem, ale m\u011bjte je na pam\u011bti. Miloval st\u0159e\u0161n\u00ed terasu s \u00fa\u017easn\u00fdm v\u00fdhledem a vyu\u017eil BBQ na dost ve\u010der\u016f.<br \/>\nB\u00fdt p\u0159\u00edmo ve star\u00e9m m\u011bst\u011b byl bonus, proto\u017ee d\u0159\u00edve jsme z\u016fstali na okraji a spol\u00e9hali na autobusy a nejezd\u00ed p\u0159\u00edli\u0161 pozd\u011b. L\u00edbilo se n\u00e1m, \u017ee jsme mohli chodit na akce. P\u0159esto je d\u016fm zastr\u010den\u00fd dostate\u010dn\u011b daleko, aby n\u00e1s neobt\u011b\u017eovali revan\u0161ist\u00e9. Pohodln\u00e1 postel, dobr\u00fd f\u00e9n (pro n\u00e1s d\u00e1my velmi d\u016fle\u017eit\u00e9), dobr\u00fd od\u0161\u0165av\u0148ova\u010d citrus\u016f a velmi dob\u0159e vybaven\u00e1 kuchy\u0148. Dobr\u00e1 komunikace s majiteli. Mnoho velmi u\u017eite\u010dn\u00fdch informac\u00ed o dom\u011b a jeho drobn\u00fdch zvl\u00e1\u0161tnostech. D\u011bkuji Uta &amp; Marc. M\u011bli jsme vynikaj\u00edc\u00ed pobyt.<\/p>\n<p>\u2b50\u2b50\u2b50\u2b50<\/p>\n<\/div><\/div><div class=\"et_pb_testimonial_author\">Sheila H.<\/div><div class=\"et_pb_testimonial_meta\"><span class=\"et_pb_testimonial_position\">Okt. 2018<\/span><\/div><\/div><\/div><\/div>\n<\/div>\n<\/div>\n\n<div class=\"et_pb_row_14 et_pb_row et_block_row\">\n<div class=\"et_pb_column_29 et_pb_column et_pb_column_4_4 et-last-child et_block_column et_pb_css_mix_blend_mode_passthrough\">\n<div class=\"et_pb_text_9 et_pb_text et_pb_bg_layout_light et_pb_module et_block_module\"><div class=\"et_pb_text_inner\"><h3>Za\u017eijte to nejlep\u0161\u00ed z Lagosu s Casa Amendoeira: Va\u0161e mo\u017enosti rezervace<\/h3>\n<\/div><\/div>\n<\/div>\n<\/div>\n\n<div class=\"et_pb_row_15 et_pb_row et_pb_gutters2 et_block_row\">\n<div class=\"et_pb_column_30 et_pb_column et_pb_column_2_3 et_block_column et_pb_css_mix_blend_mode_passthrough\">\n<div class=\"et_pb_text_10 et_pb_text et_pb_bg_layout_light et_pb_module et_block_module\"><div class=\"et_pb_text_inner\"><p>P\u0159i pl\u00e1nov\u00e1n\u00ed vysn\u011bn\u00e9 dovolen\u00e9 v portugalsk\u00e9m Lagosu je z\u00e1sadn\u00ed vybrat si spr\u00e1vn\u00e9 ubytov\u00e1n\u00ed. Casa Amendoeira, kr\u00e1sn\u011b zrekonstruovan\u00fd m\u011bstsk\u00fd d\u016fm, nab\u00edz\u00ed jedine\u010dnou kombinaci tradi\u010dn\u00edho \u0161armu a modern\u00edho komfortu. Je k dispozici k rezervaci na r\u016fzn\u00fdch platform\u00e1ch, v\u010detn\u011b VRBO, Airbnb a Booking.com. Zde jsou odkazy na na\u0161e nab\u00eddky:<\/p>\n<ul>\n<li><a href=\"https:\/\/www.vrbo.com\/en-gb\/p1655114\" target=\"_blank\" rel=\"noopener\">VRBO<\/a><\/li>\n<li><a href=\"https:\/\/airbnb.com\/h\/amendoeira\" target=\"_blank\" rel=\"noopener\">Airbnb<\/a><\/li>\n<li><a href=\"https:\/\/www.booking.com\/hotel\/pt\/fabulous-restored-townhouse-in-lagos-old-town-with-panoramic-roof-terrace.de.html\" target=\"_blank\" rel=\"noopener\">Booking.com<\/a><\/li>\n<\/ul>\n<p>I kdy\u017e tyto platformy nab\u00edzej\u00ed pohodl\u00ed a zn\u00e1most, nab\u00edz\u00edme tak\u00e9 mo\u017enost rezervovat si p\u0159\u00edmo u n\u00e1s, majitel\u016f spole\u010dnosti Casa Amendoeira. Zde je n\u011bkolik d\u016fvod\u016f, pro\u010d m\u016f\u017ee b\u00fdt p\u0159\u00edm\u00e1 rezervace v\u00fdhodn\u00e1:<\/p>\n<p>&nbsp;<\/p>\n<\/div><\/div>\n<\/div>\n\n<div class=\"et_pb_column_31 et_pb_column et_pb_column_1_3 et-last-child et_block_column et_pb_css_mix_blend_mode_passthrough\">\n<div class=\"et_pb_image_5 et_pb_image et_pb_module et_block_module\"><a href=\"https:\/\/casa-amendoeira.com\/wp-content\/uploads\/2022\/07\/Postcards.jpg\" class=\"et_pb_lightbox_image\" alt=\"Postcards\"><span class=\"et_pb_image_wrap\"><img decoding=\"async\" src=\"https:\/\/casa-amendoeira.com\/wp-content\/uploads\/2022\/07\/Postcards.jpg\" width=\"2048\" height=\"1536\" class=\"wp-image-2688\" title=\"Pohlednice zdarma\" alt=\"Pohlednice\" \/><\/span><\/a><\/div>\n<\/div>\n<\/div>\n\n<div class=\"et_pb_row_16 et_pb_row et_pb_gutters2 et_block_row\">\n<div class=\"et_pb_column_32 et_pb_column et_pb_column_2_3 et_block_column et_pb_css_mix_blend_mode_passthrough\">\n<div class=\"et_pb_text_11 et_pb_text et_pb_bg_layout_light et_pb_module et_block_module\"><div class=\"et_pb_text_inner\"><p><strong>Personalizovan\u00e9 slu\u017eby<\/strong>: P\u0159i p\u0159\u00edm\u00e9 rezervaci komunikujete p\u0159\u00edmo s n\u00e1mi, majiteli. M\u016f\u017eeme v\u00e1m poskytnout osobn\u00ed doporu\u010den\u00ed, zodpov\u011bd\u011bt va\u0161e konkr\u00e9tn\u00ed ot\u00e1zky a pomoci v\u00e1m p\u0159izp\u016fsobit pobyt va\u0161im preferenc\u00edm.<\/p>\n<p><strong>\u017d\u00e1dn\u00e9 skryt\u00e9 poplatky<\/strong>: Rezerva\u010dn\u00ed platformy si \u010dasto \u00fa\u010dtuj\u00ed poplatky za slu\u017eby, kter\u00e9 mohou nav\u00fd\u0161it cenu pobytu. P\u0159i p\u0159\u00edm\u00e9 rezervaci se t\u011bmto dodate\u010dn\u00fdm poplatk\u016fm vyhnete.<\/p>\n<p><strong>P\u0159\u00edm\u00e1 komunikace<\/strong>: V p\u0159\u00edpad\u011b jak\u00fdchkoli probl\u00e9m\u016f b\u011bhem pobytu se m\u016f\u017eete obr\u00e1tit p\u0159\u00edmo na n\u00e1s. Na\u0161\u00edm c\u00edlem je zajistit, aby byl v\u00e1\u0161 pobyt co nejpohodln\u011bj\u0161\u00ed a nejp\u0159\u00edjemn\u011bj\u0161\u00ed.<\/p>\n<p><strong>Flexibiln\u00ed storno podm\u00ednky<\/strong>: Ch\u00e1peme, \u017ee cestovn\u00ed pl\u00e1ny se mohou zm\u011bnit. P\u0159i p\u0159\u00edm\u00e9 rezervaci v\u00e1m m\u016f\u017eeme nab\u00eddnout flexibiln\u011bj\u0161\u00ed storno podm\u00ednky ve srovn\u00e1n\u00ed s rezerva\u010dn\u00edmi platformami.<\/p>\n<p><strong>Pohlednice zdarma<\/strong>: Ano, \u010dtete spr\u00e1vn\u011b. Vytiskli jsme pro v\u00e1s n\u011bkolik kr\u00e1sn\u00fdch pohlednic, kter\u00e9 m\u016f\u017eete pou\u017e\u00edt a poslat sv\u00e9 rodin\u011b, p\u0159\u00e1tel\u016fm a z\u00e1vistiv\u00fdm spolupracovn\u00edk\u016fm, a to zcela zdarma \ud83d\ude42.<\/p>\n<\/div><\/div>\n<\/div>\n\n<div class=\"et_pb_column_33 et_pb_column et_pb_column_1_3 et-last-child et_block_column et_pb_css_mix_blend_mode_passthrough\">\n<div class=\"et_pb_image_6 et_pb_image et_pb_module et_block_module\"><a href=\"https:\/\/casa-amendoeira.com\/wp-content\/uploads\/2022\/10\/Furnas.png\" class=\"et_pb_lightbox_image\"><span class=\"et_pb_image_wrap\"><img decoding=\"async\" src=\"https:\/\/casa-amendoeira.com\/wp-content\/uploads\/2022\/10\/Furnas.png\" width=\"2000\" height=\"1500\" class=\"wp-image-2845\" title=\"Praia das Furnas\" alt=\"\"><\/span><\/a><\/div>\n<\/div>\n<\/div>\n\n<div class=\"et_pb_row_17 et_pb_row et_pb_gutters2 et_block_row\">\n<div class=\"et_pb_column_34 et_pb_column et_pb_column_2_3 et_block_column et_pb_css_mix_blend_mode_passthrough\">\n<div class=\"et_pb_text_12 et_pb_text et_pb_bg_layout_light et_pb_module et_block_module\"><div class=\"et_pb_text_inner\"><p>P\u0159i p\u0159\u00edm\u00e9 rezervaci je v\u0161ak dobr\u00e9 zv\u00e1\u017eit extern\u00ed cestovn\u00ed poji\u0161t\u011bn\u00ed. P\u0159esto\u017ee d\u011bl\u00e1me v\u0161e pro to, abychom zajistili bezprobl\u00e9mov\u00fd a p\u0159\u00edjemn\u00fd pobyt, cestovn\u00ed poji\u0161t\u011bn\u00ed m\u016f\u017ee poskytnout dodate\u010dn\u00fd klid. M\u016f\u017ee pokr\u00fdt nep\u0159edv\u00eddan\u00e9 okolnosti, jako je zru\u0161en\u00ed cesty, nal\u00e9hav\u00e9 zdravotn\u00ed pot\u00ed\u017ee nebo zpo\u017ed\u011bn\u00ed cesty.<\/p>\n<p>A\u0165 u\u017e se rozhodnete pro rezervaci p\u0159es VRBO, Airbnb, Booking.com nebo p\u0159\u00edmo u n\u00e1s, jsme odhodl\u00e1ni zajistit v\u00e1m nezapomenuteln\u00fd pobyt v Casa Amendoeira. T\u011b\u0161\u00edme se, a\u017e v\u00e1s p\u0159iv\u00edt\u00e1me v na\u0161em pr\u00e1zdninov\u00e9m dom\u011b v Lagosu, kde za\u017eijete to nejlep\u0161\u00ed z portugalsk\u00e9 pohostinnosti.<\/p>\n<\/div><\/div>\n<\/div>\n\n<div class=\"et_pb_column_35 et_pb_column et_pb_column_1_3 et-last-child et_block_column et_pb_css_mix_blend_mode_passthrough\">\n<div class=\"et_pb_image_7 et_pb_image et_pb_module et_block_module\"><a href=\"https:\/\/casa-amendoeira.com\/wp-content\/uploads\/2023\/06\/Salema.png\" class=\"et_pb_lightbox_image\" alt=\"Praia da Salema\"><span class=\"et_pb_image_wrap\"><img decoding=\"async\" src=\"https:\/\/casa-amendoeira.com\/wp-content\/uploads\/2023\/06\/Salema.png\" width=\"1200\" height=\"900\" class=\"wp-image-3267\" title=\"Praia da Salema\" alt=\"Praia da Salema\" \/><\/span><\/a><\/div>\n<\/div>\n<\/div>\n\n<div class=\"et_pb_row_18 et_pb_row et_block_row\">\n<div class=\"et_pb_column_36 et_pb_column et_pb_column_4_4 et-last-child et_block_column et_pb_css_mix_blend_mode_passthrough\">\n<div class=\"et_pb_cta_0 et_pb_promo et_pb_bg_layout_light et_clickable et_pb_module et_block_module\"><div class=\"et_pb_promo_description et_multi_view_hidden\"><\/div><div class=\"et_pb_button_wrapper\"><a class=\"et_pb_button et_pb_promo_button\" href=\"#BookingForm\" data-icon=\":\">Zkontrolujte si dostupnost a rezervujte!<\/a><\/div><\/div>\n<\/div>\n<\/div>\n\n<div class=\"et_pb_row_19 et_pb_row et_pb_gutters2 et_block_row\">\n<div class=\"et_pb_column_37 et_pb_column et_pb_column_4_4 et-last-child et_block_column et_pb_css_mix_blend_mode_passthrough\">\n<div class=\"et_pb_text_13 et_pb_text et_pb_bg_layout_light et_pb_module et_block_module\"><div class=\"et_pb_text_inner\"><h3>Kone\u010dn\u011b p\u00e1r fotek Lagosu a Algarve<\/h3>\n<\/div><\/div>\n\n<div class=\"et_pb_gallery_1 et_pb_gallery et_pb_bg_layout_light et_pb_gallery_grid et_pb_module\" data-auto-rotate=\"off\" data-auto-rotate-speed=\"\"><div class=\"et_pb_gallery_items et_post_gallery clearfix et_grid_module\" data-per_page=\"40\"><div class=\"et_pb_gallery_item et_pb_grid_item et_pb_gallery_item_1_0\"><div class=\"et_pb_gallery_image landscape\" data-per_page=\"40\"><a href=\"https:\/\/casa-amendoeira.com\/wp-content\/uploads\/2019\/06\/EarlyMorningBeach-1.jpg\" title=\"Sonnenaufgang am Praia da Batata\"><img decoding=\"async\" width=\"400\" height=\"284\" src=\"https:\/\/casa-amendoeira.com\/wp-content\/uploads\/2019\/06\/EarlyMorningBeach-1-400x284.jpg\" alt=\"\" class=\"wp-image-798\" title=\"\"><span class=\"et_overlay\" data-icon=\"\" data-icon-tablet=\"\" data-icon-phone=\"\"><\/span><\/a><\/div><\/div><div class=\"et_pb_gallery_item et_pb_grid_item et_pb_gallery_item_1_1\"><div class=\"et_pb_gallery_image landscape\" data-per_page=\"40\"><a href=\"https:\/\/casa-amendoeira.com\/wp-content\/uploads\/2014\/11\/140717-142244-UL.jpg\" title=\"Ein recht unbekannter traumhafter Strand - fragen Sie uns, wo man ihn findet...\"><img decoding=\"async\" width=\"400\" height=\"284\" src=\"https:\/\/casa-amendoeira.com\/wp-content\/uploads\/2014\/11\/140717-142244-UL-400x284.jpg\" alt=\"\" class=\"wp-image-179\" title=\"\"><span class=\"et_overlay\" data-icon=\"\" data-icon-tablet=\"\" data-icon-phone=\"\"><\/span><\/a><\/div><\/div><div class=\"et_pb_gallery_item et_pb_grid_item et_pb_gallery_item_1_2\"><div class=\"et_pb_gallery_image landscape\" data-per_page=\"40\"><a href=\"https:\/\/casa-amendoeira.com\/wp-content\/uploads\/2019\/06\/BeachView.jpg\" title=\"Der Meia Praia mit Blick auf die Hafeneinfahrt\"><img decoding=\"async\" width=\"400\" height=\"284\" src=\"https:\/\/casa-amendoeira.com\/wp-content\/uploads\/2019\/06\/BeachView-400x284.jpg\" alt=\"\" class=\"wp-image-799\" title=\"\"><span class=\"et_overlay\" data-icon=\"\" data-icon-tablet=\"\" data-icon-phone=\"\"><\/span><\/a><\/div><\/div><div class=\"et_pb_gallery_item et_pb_grid_item et_pb_gallery_item_1_3\"><div class=\"et_pb_gallery_image landscape\" data-per_page=\"40\"><a href=\"https:\/\/casa-amendoeira.com\/wp-content\/uploads\/2019\/06\/BonDiaBoattrips-1.jpg\" title=\"Bom Dia Boat Trips - ein wunderbarer Tag auf See\"><img decoding=\"async\" width=\"400\" height=\"284\" src=\"https:\/\/casa-amendoeira.com\/wp-content\/uploads\/2019\/06\/BonDiaBoattrips-1-400x284.jpg\" alt=\"\" class=\"wp-image-797\" title=\"\"><span class=\"et_overlay\" data-icon=\"\" data-icon-tablet=\"\" data-icon-phone=\"\"><\/span><\/a><\/div><\/div><div class=\"et_pb_gallery_item et_pb_grid_item et_pb_gallery_item_1_4\"><div class=\"et_pb_gallery_image landscape\" data-per_page=\"40\"><a href=\"https:\/\/casa-amendoeira.com\/wp-content\/uploads\/2019\/06\/Muscheln.jpg\" title=\"Hier k\u00f6nnen Sie wunderbar Muscheln und Steine finden\"><img decoding=\"async\" width=\"400\" height=\"284\" src=\"https:\/\/casa-amendoeira.com\/wp-content\/uploads\/2019\/06\/Muscheln-400x284.jpg\" alt=\"\" class=\"wp-image-916\" title=\"\"><span class=\"et_overlay\" data-icon=\"\" data-icon-tablet=\"\" data-icon-phone=\"\"><\/span><\/a><\/div><\/div><div class=\"et_pb_gallery_item et_pb_grid_item et_pb_gallery_item_1_5\"><div class=\"et_pb_gallery_image landscape\" data-per_page=\"40\"><a href=\"https:\/\/casa-amendoeira.com\/wp-content\/uploads\/2019\/06\/Surfers.jpg\" title=\"Surfer am Meia Praia in der Abendsonne\"><img decoding=\"async\" width=\"400\" height=\"284\" src=\"https:\/\/casa-amendoeira.com\/wp-content\/uploads\/2019\/06\/Surfers-400x284.jpg\" alt=\"\" class=\"wp-image-805\" title=\"\"><span class=\"et_overlay\" data-icon=\"\" data-icon-tablet=\"\" data-icon-phone=\"\"><\/span><\/a><\/div><\/div><div class=\"et_pb_gallery_item et_pb_grid_item et_pb_gallery_item_1_6\"><div class=\"et_pb_gallery_image landscape\" data-per_page=\"40\"><a href=\"https:\/\/casa-amendoeira.com\/wp-content\/uploads\/2019\/06\/StrandVogel.jpg\" title=\"Ein Strandl\u00e4ufer am Meia Praia\"><img decoding=\"async\" width=\"400\" height=\"284\" src=\"https:\/\/casa-amendoeira.com\/wp-content\/uploads\/2019\/06\/StrandVogel-400x284.jpg\" alt=\"\" class=\"wp-image-804\" title=\"\"><span class=\"et_overlay\" data-icon=\"\" data-icon-tablet=\"\" data-icon-phone=\"\"><\/span><\/a><\/div><\/div><div class=\"et_pb_gallery_item et_pb_grid_item et_pb_gallery_item_1_7\"><div class=\"et_pb_gallery_image landscape\" data-per_page=\"40\"><a href=\"https:\/\/casa-amendoeira.com\/wp-content\/uploads\/2014\/11\/140712-123656-UL.jpg\" title=\"Die Hafeneinfahrt von Lagos, links Richtung Meia Praia, rechts die Avenida.\"><img decoding=\"async\" width=\"400\" height=\"284\" src=\"https:\/\/casa-amendoeira.com\/wp-content\/uploads\/2014\/11\/140712-123656-UL-400x284.jpg\" alt=\"\" class=\"wp-image-176\" title=\"\"><span class=\"et_overlay\" data-icon=\"\" data-icon-tablet=\"\" data-icon-phone=\"\"><\/span><\/a><\/div><\/div><div class=\"et_pb_gallery_item et_pb_grid_item et_pb_gallery_item_1_8\"><div class=\"et_pb_gallery_image landscape\" data-per_page=\"40\"><a href=\"https:\/\/casa-amendoeira.com\/wp-content\/uploads\/2014\/11\/141228-184149-UL.jpg\" title=\"Die Steilk\u00fcste am Cabo de S\u00e3o Vicente\"><img decoding=\"async\" width=\"400\" height=\"284\" src=\"https:\/\/casa-amendoeira.com\/wp-content\/uploads\/2014\/11\/141228-184149-UL-400x284.jpg\" alt=\"\" class=\"wp-image-233\" title=\"\"><span class=\"et_overlay\" data-icon=\"\" data-icon-tablet=\"\" data-icon-phone=\"\"><\/span><\/a><\/div><\/div><div class=\"et_pb_gallery_item et_pb_grid_item et_pb_gallery_item_1_9\"><div class=\"et_pb_gallery_image landscape\" data-per_page=\"40\"><a href=\"https:\/\/casa-amendoeira.com\/wp-content\/uploads\/2014\/11\/150101-015724-UL.jpg\" title=\"Oh\u0148ostroj nad Lagosem - pohled z na\u0161\u00ed st\u0159e\u0161n\u00ed terasy 2014\/15\"><img decoding=\"async\" width=\"400\" height=\"284\" src=\"https:\/\/casa-amendoeira.com\/wp-content\/uploads\/2014\/11\/150101-015724-UL-400x284.jpg\" alt=\"\" class=\"wp-image-234\" title=\"\"><span class=\"et_overlay\" data-icon=\"\" data-icon-tablet=\"\" data-icon-phone=\"\"><\/span><\/a><\/div><\/div><div class=\"et_pb_gallery_item et_pb_grid_item et_pb_gallery_item_1_10\"><div class=\"et_pb_gallery_image landscape\" data-per_page=\"40\"><a href=\"https:\/\/casa-amendoeira.com\/wp-content\/uploads\/2019\/06\/StreetArt.jpg\" title=\"In Lagos findet man an vielen Stellen erstaunliche Street Art. Halten Sie die Augen offen.\"><img decoding=\"async\" width=\"400\" height=\"284\" src=\"https:\/\/casa-amendoeira.com\/wp-content\/uploads\/2019\/06\/StreetArt-400x284.jpg\" alt=\"\" class=\"wp-image-918\" title=\"\"><span class=\"et_overlay\" data-icon=\"\" data-icon-tablet=\"\" data-icon-phone=\"\"><\/span><\/a><\/div><\/div><div class=\"et_pb_gallery_item et_pb_grid_item et_pb_gallery_item_1_11\"><div class=\"et_pb_gallery_image landscape\" data-per_page=\"40\"><a href=\"https:\/\/casa-amendoeira.com\/wp-content\/uploads\/2019\/06\/Bika.jpg\" title=\"Hier bestellt man einen Bika, keinen Espresso.\"><img decoding=\"async\" width=\"400\" height=\"284\" src=\"https:\/\/casa-amendoeira.com\/wp-content\/uploads\/2019\/06\/Bika-400x284.jpg\" alt=\"\" class=\"wp-image-917\" title=\"\"><span class=\"et_overlay\" data-icon=\"\" data-icon-tablet=\"\" data-icon-phone=\"\"><\/span><\/a><\/div><\/div><\/div><\/div>\n<\/div>\n<\/div>\n\n<div class=\"et_pb_row_20 et_pb_row et_pb_gutters2 et_block_row\">\n<div class=\"et_pb_column_38 et_pb_column et_pb_column_4_4 et-last-child et_block_column et_pb_css_mix_blend_mode_passthrough\">\n<div class=\"et_pb_text_14 et_pb_text et_pb_bg_layout_light et_pb_module et_block_module\"><div class=\"et_pb_text_inner\"><h3>Sedm d\u016fvod\u016f, pro\u010d nav\u0161t\u00edvit Algarve<\/h3>\n<\/div><\/div>\n<\/div>\n<\/div>\n\n<div class=\"et_pb_row_21 et_pb_row et_pb_gutters2 et_block_row\">\n<div class=\"et_pb_column_39 et_pb_column et_pb_column_1_2 et_block_column et_pb_css_mix_blend_mode_passthrough\">\n<div class=\"et_pb_text_15 et_pb_text et_pb_bg_layout_light et_pb_module et_block_module\"><div class=\"et_pb_text_inner\"><p><strong>Je to pravd\u011bpodobn\u011b nejlep\u0161\u00ed evropsk\u00e9 klima.<\/strong><br \/>\nM\u00edrn\u00e9 zimy s teplotami, kter\u00e9 na pob\u0159e\u017e\u00ed z\u0159\u00eddka klesaj\u00ed pod 5 \u00b0C, tepl\u00e1 l\u00e9ta osv\u011b\u017eovan\u00e1 v\u011btrem od Atlantiku a nejvy\u0161\u0161\u00ed po\u010det hodin slune\u010dn\u00edho svitu v Evrop\u011b. To je t\u011b\u017ek\u00e9 p\u0159ekonat. Zejm\u00e9na Algarve je vynikaj\u00edc\u00ed volbou m\u00edsta pro \u010dten\u00ed knih.<\/p>\n<p><strong>Ide\u00e1ln\u00ed podm\u00ednky pro surfov\u00e1n\u00ed<\/strong><br \/>\nJe to ide\u00e1ln\u00ed m\u00edsto, kde se m\u016f\u017eete nau\u010dit surfovat nebo se v tom zdokonalit.<br \/>\nPokud m\u00e1te r\u00e1di surfov\u00e1n\u00ed, divok\u00e9 vlny Atlantiku bez lid\u00ed, m\u00edrn\u00e9 klima a p\u0159\u00e1telsk\u00e1 komunita surfa\u0159\u016f a surfa\u0159sk\u00fdch kemp\u016f by v\u00e1s m\u011bly snadno zl\u00e1kat. Nazar\u00e9, Peniche, Ericeira a cel\u00e9 pob\u0159e\u017e\u00ed Alenteja pat\u0159\u00ed k hork\u00fdm m\u00edst\u016fm surfov\u00e1n\u00ed v Portugalsku.<\/p>\n<p><strong>Slunce zapad\u00e1 do mo\u0159e.<\/strong><br \/>\nTento mal\u00fd detail je velmi d\u016fle\u017eit\u00fd. Portugalsko m\u00e1 v\u011bt\u0161inu sv\u00e9ho pozoruhodn\u00e9ho pob\u0159e\u017e\u00ed a pl\u00e1\u017e\u00ed obr\u00e1cen\u00fdch na z\u00e1pad, co\u017e je orientace, p\u0159i kter\u00e9 slunce ka\u017ed\u00fd den zapad\u00e1.<br \/>\nNav\u0161tivte pl\u00e1\u017e p\u0159i z\u00e1padu slunce. Bude to jedna z nejkr\u00e1sn\u011bj\u0161\u00edch vzpom\u00ednek na v\u00e1\u0161 pobyt.<\/p>\n<p><strong>K\u00e1va je \u0161\u00edlen\u011b dobr\u00e1.<\/strong><br \/>\nPom\u011br ceny a kvality k\u00e1vy je v Portugalsku nejlep\u0161\u00ed v Evrop\u011b. Kvalitn\u00ed espresso (tzv. Bika) v\u00e1s nebude st\u00e1t v\u00edce ne\u017e 1 EUR. U\u017e jsem \u0159ekl, \u017ee k\u00e1va je vynikaj\u00edc\u00ed?<\/p>\n<\/div><\/div>\n<\/div>\n\n<div class=\"et_pb_column_40 et_pb_column et_pb_column_1_2 et-last-child et_block_column et_pb_css_mix_blend_mode_passthrough\">\n<div class=\"et_pb_text_16 et_pb_text et_pb_bg_layout_light et_pb_module et_block_module\"><div class=\"et_pb_text_inner\"><p><strong>V\u0161ude jsou dl\u00e1\u017ed\u011bn\u00e9 ulice.<\/strong><br \/>Cal\u00e7ada Portuguesa je typ mozaikov\u00e9 podlahy, kterou m\u016f\u017eete vid\u011bt ve v\u011bt\u0161in\u011b m\u011bst. Jsou \u0161\u00edlen\u011b drah\u00e9, ale vypadaj\u00ed n\u00e1dhern\u011b. Vzory a kresby na n\u011bkter\u00fdch z nich jsou zcela ohromuj\u00edc\u00ed a n\u00e1m\u011bst\u00ed nebo ulice d\u00edky nim opravdu o\u017eij\u00ed - zejm\u00e9na v Lagosu! Proch\u00e1zka po Portugalsku je doslova ch\u016fz\u00ed po um\u011bn\u00ed!<\/p>\n<p><strong>Pout\u00e1 pozornost.<\/strong><br \/>V Portugalsku se nau\u010d\u00edte oce\u0148ovat drobn\u00e9 detaily. Na oknech barevn\u00fdch budov s byty vis\u00ed oble\u010den\u00ed, v mo\u0159i jsou n\u00e1dhern\u00e9 z\u00e1pady slunce, \u010dtvrti s \u00fazk\u00fdmi uli\u010dkami, na co si vzpomenete! Pro milovn\u00edky fotografov\u00e1n\u00ed je t\u011b\u017ek\u00e9 p\u0159estat ma\u010dkat spou\u0161\u0165. Jako fotograf mohu \u0159\u00edci, \u017ee dovolen\u00e1 v Lagosu poskytne bezkonkuren\u010dn\u00ed p\u0159\u00edle\u017eitost pro spoustu kr\u00e1sn\u00fdch sn\u00edmk\u016f.<\/p>\n<p><strong>Past\u00e9is de Nata - va\u0161e nov\u00e1 posedlost.<\/strong><br \/>Hodn\u011b se mluv\u00ed o past\u00e9is de nata (pudinkov\u00fdch kol\u00e1\u010d\u00edch). Pokud odjedete z Portugalska, ani\u017e byste ochutnali tento z\u00e1zrak cukr\u00e1\u0159sk\u00e9ho sv\u011bta, je s v\u00e1mi n\u011bco hluboce v nepo\u0159\u00e1dku. \ud83d\ude42<\/p>\n<p>&nbsp;<\/p>\n<p>Dal\u0161\u00edch sedm d\u016fvod\u016f naleznete na spodn\u00ed stran\u011b str\u00e1nky <a href=\"https:\/\/casa-amendoeira.com\/cs\/rekreacni-dum-algarve\/\">Casinha Canal str\u00e1nka<\/a>, co\u017e je druh\u00fd pr\u00e1zdninov\u00fd d\u016fm v Lagosu.<\/p>\n<\/div><\/div>\n<\/div>\n<\/div>\n\n<div class=\"et_pb_row_22 et_pb_row et_block_row\">\n<div class=\"et_pb_column_41 et_pb_column et_pb_column_4_4 et-last-child et_block_column et_pb_css_mix_blend_mode_passthrough\">\n<div class=\"et_pb_text_17 et_pb_text et_pb_bg_layout_light et_pb_module et_block_module et_pb_text_align_center\"><div class=\"et_pb_text_inner\"><p>R\u00e1di v\u00e1s brzy p\u0159iv\u00edt\u00e1me jako na\u0161eho hosta.<\/p>\n<\/div><\/div>\n\n<div class=\"et_pb_image_8 et_pb_image et_pb_module et_block_module\"><span class=\"et_pb_image_wrap\"><img decoding=\"async\" src=\"https:\/\/casa-amendoeira.com\/wp-content\/uploads\/2019\/04\/Casa_Baum_black200.png\" width=\"200\" height=\"199\" class=\"wp-image-610\" alt=\"\" title=\"\"><\/span><\/div>\n<\/div>\n<\/div>\n<\/div>\n\n<div class=\"et_pb_section_3 et_pb_section et_pb_fullwidth_section et_section_regular et_block_section section_has_divider et_pb_top_divider\"><div class=\"et_pb_top_inside_divider et-no-transition\"><\/div>\n<div class=\"et_pb_fullwidth_image_0 et_pb_fullwidth_image et_pb_module\"><img decoding=\"async\" src=\"https:\/\/casa-amendoeira.com\/wp-content\/uploads\/2019\/06\/EveningOcean.jpg\" width=\"3000\" height=\"1620\" class=\"wp-image-802\" alt=\"\" title=\"\"><\/div>\n<\/div>","protected":false},"excerpt":{"rendered":"","protected":false},"author":1,"featured_media":0,"parent":0,"menu_order":0,"comment_status":"closed","ping_status":"closed","template":"","meta":{"footnotes":""},"simple-restrict-permission":[],"class_list":["post-544","page","type-page","status-publish","hentry"],"_links":{"self":[{"href":"https:\/\/casa-amendoeira.com\/cs\/wp-json\/wp\/v2\/pages\/544","targetHints":{"allow":["GET"]}}],"collection":[{"href":"https:\/\/casa-amendoeira.com\/cs\/wp-json\/wp\/v2\/pages"}],"about":[{"href":"https:\/\/casa-amendoeira.com\/cs\/wp-json\/wp\/v2\/types\/page"}],"author":[{"embeddable":true,"href":"https:\/\/casa-amendoeira.com\/cs\/wp-json\/wp\/v2\/users\/1"}],"replies":[{"embeddable":true,"href":"https:\/\/casa-amendoeira.com\/cs\/wp-json\/wp\/v2\/comments?post=544"}],"version-history":[{"count":2,"href":"https:\/\/casa-amendoeira.com\/cs\/wp-json\/wp\/v2\/pages\/544\/revisions"}],"predecessor-version":[{"id":4199,"href":"https:\/\/casa-amendoeira.com\/cs\/wp-json\/wp\/v2\/pages\/544\/revisions\/4199"}],"wp:attachment":[{"href":"https:\/\/casa-amendoeira.com\/cs\/wp-json\/wp\/v2\/media?parent=544"}],"wp:term":[{"taxonomy":"simple-restrict-permission","embeddable":true,"href":"https:\/\/casa-amendoeira.com\/cs\/wp-json\/wp\/v2\/simple-restrict-permission?post=544"}],"curies":[{"name":"wp","href":"https:\/\/api.w.org\/{rel}","templated":true}]}}