{"id":569,"date":"2019-04-25T19:45:59","date_gmt":"2019-04-25T17:45:59","guid":{"rendered":"https:\/\/casa-amendoeira.com\/?page_id=569"},"modified":"2026-01-05T15:25:42","modified_gmt":"2026-01-05T13:25:42","slug":"feriebolig-algarve","status":"publish","type":"page","link":"https:\/\/casa-amendoeira.com\/da\/holiday-home-algarve\/","title":{"rendered":"Casinha Canal - et smukt feriehus ved Algarve"},"content":{"rendered":"<div class=\"et_pb_section_0 et_pb_section et_pb_fullwidth_section et_section_regular et_block_section\"><section class=\"et_pb_fullwidth_header_0 et_pb_fullwidth_header et_pb_bg_layout_dark et_pb_text_align_center et_pb_section_parallax et_pb_module et_flex_module\"><span class=\"et-pb-parallax-wrapper\"><span class=\"et-pb-parallax-background et-pb-parallax-background-module--divi-fullwidth-header-0\" style=\"background-image:url(https:\/\/casa-amendoeira.com\/wp-content\/uploads\/2019\/04\/CasinhaTop.jpg)\"><\/span><\/span><div class=\"et_pb_fullwidth_header_container center\"><div class=\"header-content-container center\"><div class=\"header-content et_flex_module\"><h1 class=\"et_pb_module_header\">Casinha Canal - et smukt feriehus ved Algarve<\/h1><span class=\"et_pb_fullwidth_header_subhead\">Smukt restaureret, marokkansk inspireret byhus i det historiske centrum af Lagos<\/span><div class=\"et_pb_header_button_wrapper\"><\/div><\/div><\/div><\/div><div class=\"et_pb_fullwidth_header_overlay\"><\/div><div class=\"et_pb_fullwidth_header_scroll\"><a class=\"scroll-down-container\" href=\"#\"><span class=\"scroll-down et-pb-icon\">;<\/span><\/a><\/div><\/section><\/div><div class=\"et_pb_section_1 et_pb_section et_section_regular et_block_section\"><div class=\"et_pb_row_0 et_pb_row et_block_row\"><div class=\"et_pb_column_0 et_pb_column et_pb_column_4_4 et-last-child et_block_column et_pb_css_mix_blend_mode_passthrough\"><div class=\"et_pb_text_0 et_pb_text et_pb_bg_layout_light et_pb_module et_block_module\"><div class=\"et_pb_text_inner\"><h2> Oversigt - Casinha Canal - Feriehus i Algarve<\/h2>\n<\/div><\/div><\/div><\/div><div class=\"et_pb_row_1 et_pb_row et_pb_row_4col et_block_row et_block_row_4col\"><div class=\"et_pb_column_1 et_pb_column et_pb_column_1_4 et_block_column et_pb_css_mix_blend_mode_passthrough\"><div class=\"et_pb_blurb_0 et_pb_blurb et_pb_bg_layout_light et_pb_blurb_position_left et_pb_module et_block_module\"><div class=\"et_pb_blurb_content\"><div class=\"et_pb_main_blurb_image\"><span class=\"et_pb_image_wrap et_pb_only_image_mode_wrap\"><img decoding=\"async\" src=\"https:\/\/casa-amendoeira.com\/wp-content\/uploads\/2019\/05\/Gaeste.png\" width=\"96\" height=\"96\" class=\"et-waypoint et_pb_animation_top et_pb_animation_top_tablet et_pb_animation_top_phone wp-image-617\" alt=\"\" title=\"\"><\/span><\/div><div class=\"et_pb_blurb_container\"><div class=\"et_pb_blurb_description\"><p>max. 3 personer<\/p>\n<\/div><\/div><\/div><\/div><\/div><div class=\"et_pb_column_2 et_pb_column et_pb_column_1_4 et_block_column et_pb_css_mix_blend_mode_passthrough\"><div class=\"et_pb_blurb_1 et_pb_blurb et_pb_bg_layout_light et_pb_blurb_position_left et_pb_module et_block_module\"><div class=\"et_pb_blurb_content\"><div class=\"et_pb_main_blurb_image\"><span class=\"et_pb_image_wrap et_pb_only_image_mode_wrap\"><img decoding=\"async\" src=\"https:\/\/casa-amendoeira.com\/wp-content\/uploads\/2019\/05\/home_sqm.png\" width=\"96\" height=\"96\" class=\"et-waypoint et_pb_animation_top et_pb_animation_top_tablet et_pb_animation_top_phone wp-image-630\" alt=\"\" title=\"\"><\/span><\/div><div class=\"et_pb_blurb_container\"><div class=\"et_pb_blurb_description\"><p>80 m<sup>2<\/sup> boligareal<\/p>\n<\/div><\/div><\/div><\/div><\/div><div class=\"et_pb_column_3 et_pb_column et_pb_column_1_4 et_block_column et_pb_css_mix_blend_mode_passthrough\"><div class=\"et_pb_blurb_2 et_pb_blurb et_pb_bg_layout_light et_pb_blurb_position_left et_pb_module et_block_module\"><div class=\"et_pb_blurb_content\"><div class=\"et_pb_main_blurb_image\"><span class=\"et_pb_image_wrap et_pb_only_image_mode_wrap\"><img decoding=\"async\" src=\"https:\/\/casa-amendoeira.com\/wp-content\/uploads\/2019\/05\/Bett.png\" width=\"96\" height=\"96\" class=\"et-waypoint et_pb_animation_top et_pb_animation_top_tablet et_pb_animation_top_phone wp-image-618\" alt=\"\" title=\"\"><\/span><\/div><div class=\"et_pb_blurb_container\"><div class=\"et_pb_blurb_description\"><p>1 sovev\u00e6relse (dobbeltseng)<\/p>\n<\/div><\/div><\/div><\/div><\/div><div class=\"et_pb_column_4 et_pb_column et_pb_column_1_4 et-last-child et_block_column et_pb_css_mix_blend_mode_passthrough\"><div class=\"et_pb_blurb_3 et_pb_blurb et_pb_bg_layout_light et_pb_blurb_position_left et_pb_module et_block_module\"><div class=\"et_pb_blurb_content\"><div class=\"et_pb_main_blurb_image\"><span class=\"et_pb_image_wrap et_pb_only_image_mode_wrap\"><img decoding=\"async\" src=\"https:\/\/casa-amendoeira.com\/wp-content\/uploads\/2019\/05\/Dusche.png\" width=\"96\" height=\"96\" class=\"et-waypoint et_pb_animation_top et_pb_animation_top_tablet et_pb_animation_top_phone wp-image-619\" alt=\"\" title=\"\"><\/span><\/div><div class=\"et_pb_blurb_container\"><div class=\"et_pb_blurb_description\"><p>1 bruser\/WC<\/p>\n<\/div><\/div><\/div><\/div><\/div><\/div><div class=\"et_pb_row_2 et_pb_row et_pb_row_4col et_block_row et_block_row_4col\"><div class=\"et_pb_column_5 et_pb_column et_pb_column_1_4 et_block_column et_pb_css_mix_blend_mode_passthrough\"><div class=\"et_pb_blurb_4 et_pb_blurb et_pb_bg_layout_light et_pb_blurb_position_left et_pb_module et_block_module\"><div class=\"et_pb_blurb_content\"><div class=\"et_pb_main_blurb_image\"><span class=\"et_pb_image_wrap et_pb_only_image_mode_wrap\"><img decoding=\"async\" src=\"https:\/\/casa-amendoeira.com\/wp-content\/uploads\/2019\/05\/WiFi.png\" width=\"96\" height=\"96\" class=\"et-waypoint et_pb_animation_top et_pb_animation_top_tablet et_pb_animation_top_phone wp-image-620\" alt=\"\" title=\"\"><\/span><\/div><div class=\"et_pb_blurb_container\"><div class=\"et_pb_blurb_description\"><p>internt WiFi<\/p>\n<\/div><\/div><\/div><\/div><\/div><div class=\"et_pb_column_6 et_pb_column et_pb_column_1_4 et_block_column et_pb_css_mix_blend_mode_passthrough\"><div class=\"et_pb_blurb_5 et_pb_blurb et_pb_bg_layout_light et_pb_blurb_position_left et_pb_module et_block_module\"><div class=\"et_pb_blurb_content\"><div class=\"et_pb_main_blurb_image\"><span class=\"et_pb_image_wrap et_pb_only_image_mode_wrap\"><img decoding=\"async\" src=\"https:\/\/casa-amendoeira.com\/wp-content\/uploads\/2019\/06\/Clock.png\" width=\"96\" height=\"96\" class=\"et-waypoint et_pb_animation_top et_pb_animation_top_tablet et_pb_animation_top_phone wp-image-880\" alt=\"\" title=\"\"><\/span><\/div><div class=\"et_pb_blurb_container\"><div class=\"et_pb_blurb_description\"><p>Ankomst fra kl. 16:00.<br \/>\nAfgang indtil kl. 10.00 om morgenen.<\/p>\n<\/div><\/div><\/div><\/div><\/div><div class=\"et_pb_column_7 et_pb_column et_pb_column_1_4 et_block_column et_pb_css_mix_blend_mode_passthrough\"><div class=\"et_pb_blurb_6 et_pb_blurb et_pb_bg_layout_light et_pb_blurb_position_left et_pb_module et_block_module\"><div class=\"et_pb_blurb_content\"><div class=\"et_pb_main_blurb_image\"><span class=\"et_pb_image_wrap et_pb_only_image_mode_wrap\"><img decoding=\"async\" src=\"https:\/\/casa-amendoeira.com\/wp-content\/uploads\/2019\/06\/calendar.png\" width=\"96\" height=\"96\" class=\"et-waypoint et_pb_animation_top et_pb_animation_top_tablet et_pb_animation_top_phone wp-image-1171\" alt=\"\" title=\"\"><\/span><\/div><div class=\"et_pb_blurb_container\"><div class=\"et_pb_blurb_description\"><p>Mindste lejeperiode:<br \/>\n5 dage<\/p>\n<\/div><\/div><\/div><\/div><\/div><div class=\"et_pb_column_8 et_pb_column et_pb_column_1_4 et-last-child et_block_column et_pb_css_mix_blend_mode_passthrough\"><div class=\"et_pb_blurb_7 et_pb_blurb et_pb_bg_layout_light et_pb_blurb_position_left et_pb_module et_block_module\"><div class=\"et_pb_blurb_content\"><div class=\"et_pb_main_blurb_image\"><span class=\"et_pb_image_wrap et_pb_only_image_mode_wrap\"><img decoding=\"async\" src=\"https:\/\/casa-amendoeira.com\/wp-content\/uploads\/2019\/06\/AlojamentoLocal.png\" width=\"96\" height=\"96\" class=\"et-waypoint et_pb_animation_top et_pb_animation_top_tablet et_pb_animation_top_phone wp-image-894\" alt=\"\" title=\"\"><\/span><\/div><div class=\"et_pb_blurb_container\"><div class=\"et_pb_blurb_description\"><p>Licensnummer:<br \/>\n81146\/AL<\/p>\n<\/div><\/div><\/div><\/div><\/div><\/div><div class=\"et_pb_row_3 et_pb_row et_block_row\"><div class=\"et_pb_column_9 et_pb_column et_pb_column_4_4 et-last-child et_block_column et_pb_css_mix_blend_mode_passthrough\"><div class=\"et_pb_code_0 et_pb_code et_pb_module\" id=\"BookingForm\"><div class=\"et_pb_code_inner\"><\/div><\/div><\/div><\/div><div class=\"et_pb_row_4 et_pb_row et_pb_gutters2 et_block_row\"><div class=\"et_pb_column_10 et_pb_column et_pb_column_2_3 et_block_column et_pb_css_mix_blend_mode_passthrough\"><div class=\"et_pb_text_1 et_pb_text et_pb_bg_layout_light et_pb_module et_block_module\"><div class=\"et_pb_text_inner\"><p>\"Casinha Canal\" er et charmerende, romantisk gammelt byhus i det historiske centrum af Lagos, den smukkeste og mest sp\u00e6ndende by i den vestlige del af Algarve, med de bedste strande, barer, restauranter og butikker inden for g\u00e5afstand.<\/p>\n<p>Dette feriehus i Algarve ligger i en stille gade og har en smuk, solrig tagterrasse. Det er ideelt for singler, par eller b\u00f8rnefamilier, der \u00f8nsker luksus, raffinement og et romantisk fristed, mens de nyder et helt hus for sig selv - til samme pris som en ferielejlighed i byen.<\/p>\n<\/div><\/div><\/div><div class=\"et_pb_column_11 et_pb_column et_pb_column_1_3 et-last-child et_block_column et_pb_css_mix_blend_mode_passthrough\"><div class=\"et_pb_image_0 et_pb_image et_pb_module et_block_module\"><a href=\"https:\/\/casa-amendoeira.com\/wp-content\/uploads\/2019\/04\/DSF6765.jpg\" class=\"et_pb_lightbox_image\" alt=\"Algarve holiday home Casinha Canal, bedroom\"><span class=\"et_pb_image_wrap\"><img decoding=\"async\" src=\"https:\/\/casa-amendoeira.com\/wp-content\/uploads\/2019\/04\/DSF6765.jpg\" width=\"3000\" height=\"2250\" class=\"wp-image-589\" title=\"Feriehus Algarve Casinha Canal, sovev\u00e6relse\" alt=\"Feriehus Algarve Casinha Canal, sovev\u00e6relse\" \/><\/span><\/a><\/div><\/div><\/div><div class=\"et_pb_row_5 et_pb_row et_pb_gutters2 et_block_row\"><div class=\"et_pb_column_12 et_pb_column et_pb_column_2_3 et_block_column et_pb_css_mix_blend_mode_passthrough\"><div class=\"et_pb_text_2 et_pb_text et_pb_bg_layout_light et_pb_module et_block_module\"><div class=\"et_pb_text_inner\"><p>I stueetagen er der en stor stue, et fuldt udstyret k\u00f8kken, et spisebord, plads til en tredje seng, hvis det er n\u00f8dvendigt, og et separat brusebad. P\u00e5 \u00f8verste etage finder du et stort sovev\u00e6relse til to personer med direkte adgang til tagterrassen og et toilet.<\/p>\n<p>Til din information vil du modtage vores feriehusinformation med alt, hvad du har brug for at vide om huset og de bedste anbefalinger til mad, drikkevarer, shopping, udflugter og strande i Lagos og Algarve. Vores ejendomsadministrator bor i centrum af Lagos. Hun er altid tilg\u00e6ngelig for alle sp\u00f8rgsm\u00e5l, der m\u00e5tte opst\u00e5 under jeres ophold.<\/p>\n<p>Leder du efter et st\u00f8rre hus i samme stil i det samme omr\u00e5de af Lagos? S\u00e5 tag et kig p\u00e5 Casinhas stores\u00f8ster, Algarve-ferievillaen. <a href=\"https:\/\/casa-amendoeira.com\/da\/feriebolig-lagos\/\">Casa Amendoeira<\/a>.<\/p>\n<\/div><\/div><\/div><div class=\"et_pb_column_13 et_pb_column et_pb_column_1_3 et-last-child et_block_column et_pb_css_mix_blend_mode_passthrough\"><div class=\"et_pb_image_1 et_pb_image et_pb_module et_block_module\"><a href=\"https:\/\/casa-amendoeira.com\/wp-content\/uploads\/2018\/11\/DSF6733.jpg\" class=\"et_pb_lightbox_image\" alt=\"Algarve holiday home Casinha Canal\"><span class=\"et_pb_image_wrap\"><img decoding=\"async\" src=\"https:\/\/casa-amendoeira.com\/wp-content\/uploads\/2018\/11\/DSF6733.jpg\" width=\"3000\" height=\"2250\" class=\"wp-image-354\" title=\"Feriehus Algarve Casinha Canal\" alt=\"Feriehus Algarve Casinha Canal\" \/><\/span><\/a><\/div><\/div><\/div><div class=\"et_pb_row_6 et_pb_row et_block_row\"><div class=\"et_pb_column_14 et_pb_column et_pb_column_4_4 et-last-child et_block_column et_pb_css_mix_blend_mode_passthrough\"><div class=\"et_pb_gallery_0 et_pb_gallery et_pb_bg_layout_light et_pb_gallery_grid et_pb_module\" data-auto-rotate=\"off\" data-auto-rotate-speed=\"\"><div class=\"et_pb_gallery_items et_post_gallery clearfix et_grid_module\" data-per_page=\"4\"><div class=\"et_pb_gallery_item et_pb_grid_item et_pb_gallery_item_0_0\"><div class=\"et_pb_gallery_image landscape\" data-per_page=\"4\"><a href=\"https:\/\/casa-amendoeira.com\/wp-content\/uploads\/2018\/11\/Casinha.jpeg\" title=\"Die Front der Casinha Amendoinha\"><img decoding=\"async\" width=\"400\" height=\"284\" src=\"https:\/\/casa-amendoeira.com\/wp-content\/uploads\/2018\/11\/Casinha-400x284.jpeg\" alt=\"\" class=\"wp-image-362\" title=\"\"><span class=\"et_overlay\" data-icon=\"\" data-icon-tablet=\"\" data-icon-phone=\"\"><\/span><\/a><\/div><\/div><div class=\"et_pb_gallery_item et_pb_grid_item et_pb_gallery_item_0_1\"><div class=\"et_pb_gallery_image landscape\" data-per_page=\"4\"><a href=\"https:\/\/casa-amendoeira.com\/wp-content\/uploads\/2018\/12\/L1002039.jpg\" title=\"Seit November 2018 haben wir eine unauff\u00e4llige Glaswand an der Treppe installiert.\"><img decoding=\"async\" width=\"400\" height=\"284\" src=\"https:\/\/casa-amendoeira.com\/wp-content\/uploads\/2018\/12\/L1002039-400x284.jpg\" alt=\"\" class=\"wp-image-379\" title=\"\"><span class=\"et_overlay\" data-icon=\"\" data-icon-tablet=\"\" data-icon-phone=\"\"><\/span><\/a><\/div><\/div><div class=\"et_pb_gallery_item et_pb_grid_item et_pb_gallery_item_0_2\"><div class=\"et_pb_gallery_image landscape\" data-per_page=\"4\"><a href=\"https:\/\/casa-amendoeira.com\/wp-content\/uploads\/2018\/11\/DSF6773.jpg\" title=\"Die Dachterrasse, der perfekte Ort, um dort sonnige Tage zu verbringen.\"><img decoding=\"async\" width=\"400\" height=\"284\" src=\"https:\/\/casa-amendoeira.com\/wp-content\/uploads\/2018\/11\/DSF6773-400x284.jpg\" alt=\"\" class=\"wp-image-358\" title=\"\"><span class=\"et_overlay\" data-icon=\"\" data-icon-tablet=\"\" data-icon-phone=\"\"><\/span><\/a><\/div><\/div><div class=\"et_pb_gallery_item et_pb_grid_item et_pb_gallery_item_0_3\"><div class=\"et_pb_gallery_image landscape\" data-per_page=\"4\"><a href=\"https:\/\/casa-amendoeira.com\/wp-content\/uploads\/2019\/04\/L1002042.jpg\" title=\"I denne niche finder du et lille udvalg af b\u00f8ger.\"><img decoding=\"async\" width=\"400\" height=\"284\" src=\"https:\/\/casa-amendoeira.com\/wp-content\/uploads\/2019\/04\/L1002042-400x284.jpg\" alt=\"\" class=\"wp-image-590\" title=\"\"><span class=\"et_overlay\" data-icon=\"\" data-icon-tablet=\"\" data-icon-phone=\"\"><\/span><\/a><\/div><\/div><\/div><\/div><\/div><\/div><div class=\"et_pb_row_7 et_pb_row et_block_row\"><div class=\"et_pb_column_15 et_pb_column et_pb_column_4_4 et-last-child et_block_column et_pb_css_mix_blend_mode_passthrough\"><div class=\"et_pb_text_3 et_pb_text et_pb_bg_layout_light et_pb_module et_block_module\"><div class=\"et_pb_text_inner\"><h3>Funktioner<\/h3>\n<\/div><\/div><\/div><\/div><div class=\"et_pb_row_8 et_pb_row et_block_row\"><div class=\"et_pb_column_16 et_pb_column et_pb_column_1_3 et_block_column et_pb_css_mix_blend_mode_passthrough\"><div class=\"et_pb_blurb_8 et_pb_blurb et_pb_bg_layout_light et_pb_blurb_position_left et_pb_module et_block_module\"><div class=\"et_pb_blurb_content\"><div class=\"et_pb_main_blurb_image\"><span class=\"et_pb_image_wrap et_pb_only_image_mode_wrap\"><img decoding=\"async\" src=\"https:\/\/casa-amendoeira.com\/wp-content\/uploads\/2019\/05\/Bett.png\" width=\"96\" height=\"96\" class=\"et-waypoint et_pb_animation_top et_pb_animation_top_tablet et_pb_animation_top_phone wp-image-618\" alt=\"\" title=\"\"><\/span><\/div><div class=\"et_pb_blurb_container\"><h4 class=\"et_pb_module_header\">Soveomr\u00e5de<\/h4><div class=\"et_pb_blurb_description\"><p>1 sovev\u00e6relse med dobbeltseng, 1 sovesofa i stuen.<br \/>\nDer er sengelinned, som skiftes ugentligt. Ved reservationer p\u00e5 mere end fire uger skiftes sengelinned hver m\u00e5ned.<\/p>\n<\/div><\/div><\/div><\/div><div class=\"et_pb_blurb_9 et_pb_blurb et_pb_bg_layout_light et_pb_blurb_position_left et_pb_module et_block_module\"><div class=\"et_pb_blurb_content\"><div class=\"et_pb_main_blurb_image\"><span class=\"et_pb_image_wrap et_pb_only_image_mode_wrap\"><img decoding=\"async\" src=\"https:\/\/casa-amendoeira.com\/wp-content\/uploads\/2019\/05\/Essbereich.png\" width=\"96\" height=\"96\" class=\"et-waypoint et_pb_animation_top et_pb_animation_top_tablet et_pb_animation_top_phone wp-image-646\" alt=\"\" title=\"\"><\/span><\/div><div class=\"et_pb_blurb_container\"><h4 class=\"et_pb_module_header\">Spiseplads<\/h4><div class=\"et_pb_blurb_description\"><p>Spisebordet har plads til 2-3 personer.<\/p>\n<\/div><\/div><\/div><\/div><div class=\"et_pb_blurb_10 et_pb_blurb et_pb_bg_layout_light et_pb_blurb_position_left et_pb_module et_block_module\"><div class=\"et_pb_blurb_content\"><div class=\"et_pb_main_blurb_image\"><span class=\"et_pb_image_wrap et_pb_only_image_mode_wrap\"><img decoding=\"async\" src=\"https:\/\/casa-amendoeira.com\/wp-content\/uploads\/2019\/05\/Strand.png\" width=\"96\" height=\"96\" class=\"et-waypoint et_pb_animation_top et_pb_animation_top_tablet et_pb_animation_top_phone wp-image-658\" alt=\"\" title=\"\"><\/span><\/div><div class=\"et_pb_blurb_container\"><h4 class=\"et_pb_module_header\">Udvendigt omr\u00e5de<\/h4><div class=\"et_pb_blurb_description\"><p>Solrig tagterrasse ved sovev\u00e6relset. Strand inden for g\u00e5afstand.<\/p>\n<\/div><\/div><\/div><\/div><div class=\"et_pb_blurb_11 et_pb_blurb et_pb_bg_layout_light et_pb_blurb_position_left et_pb_module et_block_module\"><div class=\"et_pb_blurb_content\"><div class=\"et_pb_main_blurb_image\"><span class=\"et_pb_image_wrap et_pb_only_image_mode_wrap\"><img decoding=\"async\" src=\"https:\/\/casa-amendoeira.com\/wp-content\/uploads\/2019\/05\/Bett.png\" width=\"96\" height=\"96\" class=\"et-waypoint et_pb_animation_top et_pb_animation_top_tablet et_pb_animation_top_phone wp-image-618\" alt=\"\" title=\"\"><\/span><\/div><div class=\"et_pb_blurb_container\"><h4 class=\"et_pb_module_header\">H\u00e5ndkl\u00e6der<\/h4><div class=\"et_pb_blurb_description\"><p>Der er h\u00e5ndkl\u00e6der til r\u00e5dighed, som skiftes ugentligt. Ved reservationer p\u00e5 mere end fire uger skiftes h\u00e5ndkl\u00e6derne hver m\u00e5ned.<br \/>\nVi stiller ogs\u00e5 strandh\u00e5ndkl\u00e6der til r\u00e5dighed.<\/p>\n<\/div><\/div><\/div><\/div><\/div><div class=\"et_pb_column_17 et_pb_column et_pb_column_1_3 et_block_column et_pb_css_mix_blend_mode_passthrough\"><div class=\"et_pb_blurb_12 et_pb_blurb et_pb_bg_layout_light et_pb_blurb_position_left et_pb_module et_block_module\"><div class=\"et_pb_blurb_content\"><div class=\"et_pb_main_blurb_image\"><span class=\"et_pb_image_wrap et_pb_only_image_mode_wrap\"><img decoding=\"async\" src=\"https:\/\/casa-amendoeira.com\/wp-content\/uploads\/2019\/05\/Kitchen.png\" width=\"96\" height=\"96\" class=\"et-waypoint et_pb_animation_top et_pb_animation_top_tablet et_pb_animation_top_phone wp-image-642\" alt=\"\" title=\"\"><\/span><\/div><div class=\"et_pb_blurb_container\"><h4 class=\"et_pb_module_header\">K\u00f8kken<\/h4><div class=\"et_pb_blurb_description\"><p>Nyt k\u00f8kken i dec. 2025, med marmorbordplade. Service og bestik, komfur, ovn, br\u00f8drister, Nespresso-maskine, elkedel, k\u00f8leskab (moderne k\u00f8leskab med lille fryserum).<\/p>\n<\/div><\/div><\/div><\/div><div class=\"et_pb_blurb_13 et_pb_blurb et_pb_bg_layout_light et_pb_blurb_position_left et_pb_module et_block_module\"><div class=\"et_pb_blurb_content\"><div class=\"et_pb_main_blurb_image\"><span class=\"et_pb_image_wrap et_pb_only_image_mode_wrap\"><img decoding=\"async\" src=\"https:\/\/casa-amendoeira.com\/wp-content\/uploads\/2019\/05\/Dusche.png\" width=\"96\" height=\"96\" class=\"et-waypoint et_pb_animation_top et_pb_animation_top_tablet et_pb_animation_top_phone wp-image-619\" alt=\"\" title=\"\"><\/span><\/div><div class=\"et_pb_blurb_container\"><h4 class=\"et_pb_module_header\">Bruser, WC<\/h4><div class=\"et_pb_blurb_description\"><p> B\u00e5de brusebadet i stueetagen og toilettet p\u00e5 f\u00f8rste sal er nyrenoveret.<\/p>\n<\/div><\/div><\/div><\/div><div class=\"et_pb_blurb_14 et_pb_blurb et_pb_bg_layout_light et_pb_blurb_position_left et_pb_module et_block_module\"><div class=\"et_pb_blurb_content\"><div class=\"et_pb_main_blurb_image\"><span class=\"et_pb_image_wrap et_pb_only_image_mode_wrap\"><img decoding=\"async\" src=\"https:\/\/casa-amendoeira.com\/wp-content\/uploads\/2019\/06\/car.png\" width=\"96\" height=\"96\" class=\"et-waypoint et_pb_animation_top et_pb_animation_top_tablet et_pb_animation_top_phone wp-image-785\" alt=\"\" title=\"\"><\/span><\/div><div class=\"et_pb_blurb_container\"><h4 class=\"et_pb_module_header\">Parkering<\/h4><div class=\"et_pb_blurb_description\"><p>Det er ikke n\u00f8dvendigt at have bil i Lagos' historiske centrum. Hvis du ikke \u00f8nsker at undv\u00e6re den, finder du gratis parkering i n\u00e6rheden af huset.<\/p>\n<\/div><\/div><\/div><\/div><div class=\"et_pb_blurb_15 et_pb_blurb et_pb_bg_layout_light et_pb_blurb_position_left et_pb_module et_block_module\"><div class=\"et_pb_blurb_content\"><div class=\"et_pb_main_blurb_image\"><span class=\"et_pb_image_wrap et_pb_only_image_mode_wrap\"><img decoding=\"async\" src=\"https:\/\/casa-amendoeira.com\/wp-content\/uploads\/2019\/06\/Paw.png\" width=\"96\" height=\"96\" class=\"et-waypoint et_pb_animation_top et_pb_animation_top_tablet et_pb_animation_top_phone wp-image-885\" alt=\"\" title=\"\"><\/span><\/div><div class=\"et_pb_blurb_container\"><div class=\"et_pb_blurb_description\"><p>K\u00e6ledyr er ikke tilladt<\/p>\n<\/div><\/div><\/div><\/div><\/div><div class=\"et_pb_column_18 et_pb_column et_pb_column_1_3 et-last-child et_block_column et_pb_css_mix_blend_mode_passthrough\"><div class=\"et_pb_blurb_16 et_pb_blurb et_pb_bg_layout_light et_pb_blurb_position_left et_pb_module et_block_module\"><div class=\"et_pb_blurb_content\"><div class=\"et_pb_main_blurb_image\"><span class=\"et_pb_image_wrap et_pb_only_image_mode_wrap\"><img decoding=\"async\" src=\"https:\/\/casa-amendoeira.com\/wp-content\/uploads\/2019\/05\/Speaker.png\" width=\"96\" height=\"96\" class=\"et-waypoint et_pb_animation_top et_pb_animation_top_tablet et_pb_animation_top_phone wp-image-649\" alt=\"\" title=\"\"><\/span><\/div><div class=\"et_pb_blurb_container\"><h4 class=\"et_pb_module_header\">Underholdning<\/h4><div class=\"et_pb_blurb_description\"><p>Der findes et udvalg af tyske og engelske b\u00f8ger i huset. Vi har bevidst undladt at have et fjernsyn. Der er 200 Mbit\/s kabelbaseret h\u00f8jhastigheds-WI-FI til r\u00e5dighed og tilg\u00e6ngeligt i hele huset.<\/p>\n<\/div><\/div><\/div><\/div><div class=\"et_pb_blurb_17 et_pb_blurb et_pb_bg_layout_light et_pb_blurb_position_left et_pb_module et_block_module\"><div class=\"et_pb_blurb_content\"><div class=\"et_pb_main_blurb_image\"><span class=\"et_pb_image_wrap et_pb_only_image_mode_wrap\"><img decoding=\"async\" src=\"https:\/\/casa-amendoeira.com\/wp-content\/uploads\/2019\/05\/waschmaschine.png\" width=\"96\" height=\"96\" class=\"et-waypoint et_pb_animation_top et_pb_animation_top_tablet et_pb_animation_top_phone wp-image-655\" alt=\"\" title=\"\"><\/span><\/div><div class=\"et_pb_blurb_container\"><h4 class=\"et_pb_module_header\">Udstyr<\/h4><div class=\"et_pb_blurb_description\"><p>Vaskemaskine og t\u00f8jhest.<br \/> Infrar\u00f8d varme i sovev\u00e6relset. Pejs i stuen.<\/p>\n<\/div><\/div><\/div><\/div><div class=\"et_pb_blurb_18 et_pb_blurb et_pb_bg_layout_light et_pb_blurb_position_left et_pb_module et_block_module\"><div class=\"et_pb_blurb_content\"><div class=\"et_pb_main_blurb_image\"><span class=\"et_pb_image_wrap et_pb_only_image_mode_wrap\"><img decoding=\"async\" src=\"https:\/\/casa-amendoeira.com\/wp-content\/uploads\/2019\/06\/NoSmoking.png\" width=\"96\" height=\"96\" class=\"et-waypoint et_pb_animation_top et_pb_animation_top_tablet et_pb_animation_top_phone wp-image-884\" alt=\"\" title=\"\"><\/span><\/div><div class=\"et_pb_blurb_container\"><h4 class=\"et_pb_module_header\">Rygning forbudt<\/h4><div class=\"et_pb_blurb_description\"><p>Rygning er ikke tilladt p\u00e5 Casinha. Du er dog velkommen til at ryge p\u00e5 tagterrassen. Her finder du ogs\u00e5 et askeb\u00e6ger.<\/p>\n<\/div><\/div><\/div><\/div><\/div><\/div><div class=\"et_pb_row_9 et_pb_row et_block_row\"><div class=\"et_pb_column_19 et_pb_column et_pb_column_4_4 et-last-child et_block_column et_pb_css_mix_blend_mode_passthrough\"><div class=\"et_pb_text_4 et_pb_text et_pb_bg_layout_light et_pb_module et_block_module\"><div class=\"et_pb_text_inner\"><h3>Luksus til overkommelige priser i Algarve: Casinha Canal-oplevelsen<\/h3>\n<\/div><\/div><\/div><\/div><div class=\"et_pb_row_10 et_pb_row et_pb_gutters2 et_block_row\"><div class=\"et_pb_column_20 et_pb_column et_pb_column_2_3 et_block_column et_pb_css_mix_blend_mode_passthrough\"><div class=\"et_pb_text_5 et_pb_text et_pb_bg_layout_light et_pb_module et_block_module\"><div class=\"et_pb_text_inner\"><p>N\u00e5r man planl\u00e6gger en ferie, kan det v\u00e6re en udfordring at finde den perfekte balance mellem luksus og overkommelige priser. Men hos Casinha Canal mestrer vi kunsten at tilbyde komfortabel indkvartering af h\u00f8j kvalitet uden at spr\u00e6nge banken. Vores charmerende feriehus ligger i hjertet af Algarve og tilbyder en prisvenlig luksusoplevelse, der skiller sig ud fra m\u00e6ngden.<\/p>\n<p>I mods\u00e6tning til et hostel giver Casinha Canal Algarve feriehus en privat, intim ramme om din ferie. Det er ikke bare et v\u00e6relse; det er et helt hus, der giver dig frihed og plads til virkelig at g\u00f8re det til dit hjem v\u00e6k fra hjemmet. Men sammenlignet med andre ferielejligheder i Algarve udm\u00e6rker Casinha Canal sig ved sine konkurrencedygtige priser.<\/p>\n<p>Vores feriehus er et bevis p\u00e5, at luksus ikke altid beh\u00f8ver at have en h\u00f8j pris. Casinha Canal er smukt restaureret med marokkansk-inspireret interi\u00f8r, der udstr\u00e5ler raffinement og charme. Den solrige tagterrasse, den hyggelige stue og det fuldt udstyrede k\u00f8kken er alle designet med din komfort for \u00f8je.\u00a0<\/p>\n<\/div><\/div><\/div><div class=\"et_pb_column_21 et_pb_column et_pb_column_1_3 et-last-child et_block_column et_pb_css_mix_blend_mode_passthrough\"><div class=\"et_pb_image_2 et_pb_image et_pb_module et_block_module\"><a href=\"https:\/\/casa-amendoeira.com\/wp-content\/uploads\/2023\/06\/Ponta_da_Piedade_2.png\" class=\"et_pb_lightbox_image\" alt=\"Ponta da Piedade\"><span class=\"et_pb_image_wrap\"><img decoding=\"async\" src=\"https:\/\/casa-amendoeira.com\/wp-content\/uploads\/2023\/06\/Ponta_da_Piedade_2.png\" width=\"1200\" height=\"900\" class=\"wp-image-3261\" title=\"Ponta da Piedade\" alt=\"Ponta da Piedade\" \/><\/span><\/a><\/div><div class=\"et_pb_text_6 et_pb_text et_pb_bg_layout_light et_pb_module et_block_module\"><div class=\"et_pb_text_inner\"><p>Ponta da Piedade, et af Lagos' mange smukke steder.<\/p>\n<\/div><\/div><\/div><\/div><div class=\"et_pb_row_11 et_pb_row et_pb_gutters2 et_block_row\"><div class=\"et_pb_column_22 et_pb_column et_pb_column_2_3 et_block_column et_pb_css_mix_blend_mode_passthrough\"><div class=\"et_pb_text_7 et_pb_text et_pb_bg_layout_light et_pb_module et_block_module\"><div class=\"et_pb_text_inner\"><p>Desuden er Casinha Canal's beliggenhed med til at \u00f8ge dens v\u00e6rdi. Beliggende i <a href=\"https:\/\/www.allaboutportugal.pt\/pt\/lagos\/monumentos\/centro-historico-de-lagos\" target=\"_blank\" rel=\"noopener\">det historiske centrum af Lagos<\/a>, N\u00e5r du bor her, har du det bedste af Algarve lige uden for d\u00f8ren. Fra fantastiske strande til livlige barer og restauranter - alt er inden for g\u00e5afstand.<\/p>\n<p>Desuden mener vi, at overkommelige priser ikke b\u00f8r g\u00e5 ud over kvaliteten. Derfor s\u00f8rger vi for, at vores g\u00e6ster f\u00e5r f\u00f8rsteklasses service, lige fra de booker, til de er f\u00e6rdige med deres ophold. Vores ejendomsadministrator er altid klar til at svare p\u00e5 sp\u00f8rgsm\u00e5l og komme med anbefalinger, s\u00e5 din ferie i Algarve bliver s\u00e5 problemfri og behagelig som muligt.<\/p>\n<p>Casinha Canal er mere end bare et feriehus; det er et sted, hvor du kan slappe af og fordybe dig i Algarves sk\u00f8nhed uden at skulle bekymre dig om dit budget. Oplev Casinha Canal, hvor luksus m\u00f8der overkommelige priser i hjertet af Algarve.<\/p>\n<\/div><\/div><\/div><div class=\"et_pb_column_23 et_pb_column et_pb_column_1_3 et-last-child et_block_column et_pb_css_mix_blend_mode_passthrough\"><div class=\"et_pb_image_3 et_pb_image et_pb_module et_block_module\"><a href=\"https:\/\/casa-amendoeira.com\/wp-content\/uploads\/2023\/06\/Porto_do_Mos.png\" class=\"et_pb_lightbox_image\" alt=\"Algarve holiday home Casinha Canal, bedroom\"><span class=\"et_pb_image_wrap\"><img decoding=\"async\" src=\"https:\/\/casa-amendoeira.com\/wp-content\/uploads\/2023\/06\/Porto_do_Mos.png\" width=\"1200\" height=\"796\" class=\"wp-image-3263\" title=\"Porto do Mos\" alt=\"Feriehus Algarve Casinha Canal, sovev\u00e6relse\" \/><\/span><\/a><\/div><div class=\"et_pb_text_8 et_pb_text et_pb_bg_layout_light et_pb_module et_block_module\"><div class=\"et_pb_text_inner\"><p>Der er mange strande i og omkring Lagos, som er velegnede til surfing. Med vores husinformation for g\u00e6ster f\u00e5r du adgang til tyve (20) detaljerede strandbeskrivelser.<\/p>\n<\/div><\/div><\/div><\/div><\/div><div class=\"et_pb_section_2 et_pb_section et_section_regular et_block_section\"><div class=\"et_pb_row_12 et_pb_row et_block_row\"><div class=\"et_pb_column_24 et_pb_column et_pb_column_4_4 et-last-child et_block_column et_pb_css_mix_blend_mode_passthrough\"><div class=\"et_pb_map_0 et_pb_map_container et_pb_module et_flex_module\" data-grayscale=\"\"><div class=\"et_pb_map\" data-center-lat=\"37.1010731\" data-center-lng=\"-8.6747598\" data-zoom=\"15\" data-mouse-wheel=\"off\" data-mobile-dragging=\"off\"><\/div><div class=\"et_pb_map_pin_0 et_pb_map_pin\" data-lat=\"37.1010731\" data-lng=\"-8.6747598\" data-title=\"Casinha Canal\"><h3 style=\"margin-top:10px\">Casinha Canal<\/h3><\/div><\/div><\/div><\/div><div class=\"et_pb_row_13 et_pb_row et_block_row\"><div class=\"et_pb_column_25 et_pb_column et_pb_column_1_2 et_block_column et_pb_css_mix_blend_mode_passthrough\"><div class=\"et_pb_text_9 et_pb_text et_pb_bg_layout_light et_pb_module et_block_module\"><div class=\"et_pb_text_inner\"><p> Casinha ligger kun f\u00e5 minutters gang fra det n\u00e6rmeste hospital, l\u00e6ge, tandl\u00e6ge eller apotek.<\/p>\n<p>Vores \"husinformation\" med over 20 sider med oplysninger om alt, hvad der er vigtigt, herunder lokal rejseinformation og tips, vil blive udleveret ved din ankomst.<\/p>\n<p>Casinha er ikke egnet til sm\u00e5 b\u00f8rn eller svagelige personer p\u00e5 grund af trapperne i huset.<\/p>\n<\/div><\/div><\/div><div class=\"et_pb_column_26 et_pb_column et_pb_column_1_2 et-last-child et_block_column et_pb_css_mix_blend_mode_passthrough\"><div class=\"et_pb_text_10 et_pb_text et_pb_bg_layout_light et_pb_module et_block_module\"><div class=\"et_pb_text_inner\"><p><strong>En sidebem\u00e6rkning om \"Centro Hist\u00f3rico\" i Lagos:<\/strong><br \/>V\u00e6r opm\u00e6rksom p\u00e5, at der i det historiske centrum af Lagos, hvor vores feriehus ligger, har v\u00e6ret en stigning i bygge- og renoveringsaktiviteter i de senere \u00e5r. Derfor er der en mulighed for, at der kan finde bygge- eller renoveringsarbejde sted i nabolaget, hvilket vi som udlejere ikke kan forudse eller p\u00e5virke. Hvis du s\u00e6tter stor pris p\u00e5 ro under dit ophold, anbefaler vi, at du overvejer dette, n\u00e5r du v\u00e6lger en bolig i \"centro hist\u00f3rico\". Vi bestr\u00e6ber os altid p\u00e5 at sikre dig et behageligt og afslappende ophold og hj\u00e6lper gerne med eventuelle sp\u00f8rgsm\u00e5l eller bekymringer, du m\u00e5tte have.<\/p>\n<\/div><\/div><\/div><\/div><div class=\"et_pb_row_14 et_pb_row et_pb_gutters2 et_block_row\"><div class=\"et_pb_column_27 et_pb_column et_pb_column_4_4 et-last-child et_block_column et_pb_css_mix_blend_mode_passthrough\"><div class=\"et_pb_text_11 et_pb_text et_pb_bg_layout_light et_pb_module et_block_module\"><div class=\"et_pb_text_inner\"><h3> Indtryk omkring Casinha Canal<\/h3>\n<\/div><\/div><div class=\"et_pb_gallery_1 et_pb_gallery et_pb_bg_layout_light et_pb_gallery_grid et_pb_module\" data-auto-rotate=\"off\" data-auto-rotate-speed=\"\"><div class=\"et_pb_gallery_items et_post_gallery clearfix et_grid_module\" data-per_page=\"40\"><div class=\"et_pb_gallery_item et_pb_grid_item et_pb_gallery_item_1_0\"><div class=\"et_pb_gallery_image landscape\" data-per_page=\"40\"><a href=\"https:\/\/casa-amendoeira.com\/wp-content\/uploads\/2018\/12\/L1002040.jpg\" title=\"Das Wohnzimmer der Casinha Canal\"><img decoding=\"async\" width=\"400\" height=\"284\" src=\"https:\/\/casa-amendoeira.com\/wp-content\/uploads\/2018\/12\/L1002040-400x284.jpg\" alt=\"Das Wohnzimmer der Casinha Canal\" class=\"wp-image-380\" title=\"\"><span class=\"et_overlay\" data-icon=\"\" data-icon-tablet=\"\" data-icon-phone=\"\"><\/span><\/a><\/div><\/div><div class=\"et_pb_gallery_item et_pb_grid_item et_pb_gallery_item_1_1\"><div class=\"et_pb_gallery_image landscape\" data-per_page=\"40\"><a href=\"https:\/\/casa-amendoeira.com\/wp-content\/uploads\/2018\/11\/DSF6745.jpg\" title=\"Der gem\u00fctliche Wohnbereich.\"><img decoding=\"async\" width=\"400\" height=\"284\" src=\"https:\/\/casa-amendoeira.com\/wp-content\/uploads\/2018\/11\/DSF6745-400x284.jpg\" alt=\"\" class=\"wp-image-355\" title=\"\"><span class=\"et_overlay\" data-icon=\"\" data-icon-tablet=\"\" data-icon-phone=\"\"><\/span><\/a><\/div><\/div><div class=\"et_pb_gallery_item et_pb_grid_item et_pb_gallery_item_1_2\"><div class=\"et_pb_gallery_image landscape\" data-per_page=\"40\"><a href=\"https:\/\/casa-amendoeira.com\/wp-content\/uploads\/2018\/11\/DSF6733.jpg\" title=\"Wohnzimmer &amp; k\u00f8kken\"><img decoding=\"async\" width=\"400\" height=\"284\" src=\"https:\/\/casa-amendoeira.com\/wp-content\/uploads\/2018\/11\/DSF6733-400x284.jpg\" alt=\"\" class=\"wp-image-354\" title=\"\"><span class=\"et_overlay\" data-icon=\"\" data-icon-tablet=\"\" data-icon-phone=\"\"><\/span><\/a><\/div><\/div><div class=\"et_pb_gallery_item et_pb_grid_item et_pb_gallery_item_1_3\"><div class=\"et_pb_gallery_image landscape\" data-per_page=\"40\"><a href=\"https:\/\/casa-amendoeira.com\/wp-content\/uploads\/2025\/12\/New_Casinha_Kitchen.jpg\" title=\"Det nye Casinha-k\u00f8kken\"><img decoding=\"async\" width=\"400\" height=\"284\" src=\"https:\/\/casa-amendoeira.com\/wp-content\/uploads\/2025\/12\/New_Casinha_Kitchen-400x284.jpg\" alt=\"Det nye Casinha-k\u00f8kken\" class=\"wp-image-4169\" title=\"\"><span class=\"et_overlay\" data-icon=\"\" data-icon-tablet=\"\" data-icon-phone=\"\"><\/span><\/a><\/div><\/div><div class=\"et_pb_gallery_item et_pb_grid_item et_pb_gallery_item_1_4\"><div class=\"et_pb_gallery_image landscape\" data-per_page=\"40\"><a href=\"https:\/\/casa-amendoeira.com\/wp-content\/uploads\/2018\/12\/L1002039.jpg\" title=\"Seit November 2018 haben wir eine unauff\u00e4llige Glaswand an der Treppe installiert.\"><img decoding=\"async\" width=\"400\" height=\"284\" src=\"https:\/\/casa-amendoeira.com\/wp-content\/uploads\/2018\/12\/L1002039-400x284.jpg\" alt=\"\" class=\"wp-image-379\" title=\"\"><span class=\"et_overlay\" data-icon=\"\" data-icon-tablet=\"\" data-icon-phone=\"\"><\/span><\/a><\/div><\/div><div class=\"et_pb_gallery_item et_pb_grid_item et_pb_gallery_item_1_5\"><div class=\"et_pb_gallery_image landscape\" data-per_page=\"40\"><a href=\"https:\/\/casa-amendoeira.com\/wp-content\/uploads\/2025\/12\/Casinha_Kitchen_2025.jpg\" title=\"Det fuldt udstyrede k\u00f8kken (nyt dec. 2025)\"><img decoding=\"async\" width=\"400\" height=\"284\" src=\"https:\/\/casa-amendoeira.com\/wp-content\/uploads\/2025\/12\/Casinha_Kitchen_2025-400x284.jpg\" alt=\"Det fuldt udstyrede k\u00f8kken (nyt dec. 2025)\" class=\"wp-image-4168\" title=\"\"><span class=\"et_overlay\" data-icon=\"\" data-icon-tablet=\"\" data-icon-phone=\"\"><\/span><\/a><\/div><\/div><div class=\"et_pb_gallery_item et_pb_grid_item et_pb_gallery_item_1_6\"><div class=\"et_pb_gallery_image landscape\" data-per_page=\"40\"><a href=\"https:\/\/casa-amendoeira.com\/wp-content\/uploads\/2019\/06\/DSF6748.jpg\" title=\"Rechts sehen Sie die Treppe, die zum Schlafzimmer und zur Dachterrasse hinauff\u00fchrt.\"><img decoding=\"async\" width=\"400\" height=\"284\" src=\"https:\/\/casa-amendoeira.com\/wp-content\/uploads\/2019\/06\/DSF6748-400x284.jpg\" alt=\"\" class=\"wp-image-1122\" title=\"\"><span class=\"et_overlay\" data-icon=\"\" data-icon-tablet=\"\" data-icon-phone=\"\"><\/span><\/a><\/div><\/div><div class=\"et_pb_gallery_item et_pb_grid_item et_pb_gallery_item_1_7\"><div class=\"et_pb_gallery_image landscape\" data-per_page=\"40\"><a href=\"https:\/\/casa-amendoeira.com\/wp-content\/uploads\/2019\/04\/L1002042.jpg\" title=\"I denne niche finder du et lille udvalg af b\u00f8ger.\"><img decoding=\"async\" width=\"400\" height=\"284\" src=\"https:\/\/casa-amendoeira.com\/wp-content\/uploads\/2019\/04\/L1002042-400x284.jpg\" alt=\"\" class=\"wp-image-590\" title=\"\"><span class=\"et_overlay\" data-icon=\"\" data-icon-tablet=\"\" data-icon-phone=\"\"><\/span><\/a><\/div><\/div><div class=\"et_pb_gallery_item et_pb_grid_item et_pb_gallery_item_1_8\"><div class=\"et_pb_gallery_image landscape\" data-per_page=\"40\"><a href=\"https:\/\/casa-amendoeira.com\/wp-content\/uploads\/2019\/06\/L1002047.jpg\" title=\"Der Weg ins Obergeschoss. Auf der linken Seite sehen Sie die sch\u00fctzende Glaswand.\"><img decoding=\"async\" width=\"400\" height=\"284\" src=\"https:\/\/casa-amendoeira.com\/wp-content\/uploads\/2019\/06\/L1002047-400x284.jpg\" alt=\"\" class=\"wp-image-1123\" title=\"\"><span class=\"et_overlay\" data-icon=\"\" data-icon-tablet=\"\" data-icon-phone=\"\"><\/span><\/a><\/div><\/div><div class=\"et_pb_gallery_item et_pb_grid_item et_pb_gallery_item_1_9\"><div class=\"et_pb_gallery_image landscape\" data-per_page=\"40\"><a href=\"https:\/\/casa-amendoeira.com\/wp-content\/uploads\/2019\/06\/DSF6766.jpg\" title=\"Das Schlafzimmer f\u00fcr zwei Personen\"><img decoding=\"async\" width=\"400\" height=\"284\" src=\"https:\/\/casa-amendoeira.com\/wp-content\/uploads\/2019\/06\/DSF6766-400x284.jpg\" alt=\"\" class=\"wp-image-1124\" title=\"\"><span class=\"et_overlay\" data-icon=\"\" data-icon-tablet=\"\" data-icon-phone=\"\"><\/span><\/a><\/div><\/div><div class=\"et_pb_gallery_item et_pb_grid_item et_pb_gallery_item_1_10\"><div class=\"et_pb_gallery_image landscape\" data-per_page=\"40\"><a href=\"https:\/\/casa-amendoeira.com\/wp-content\/uploads\/2019\/04\/DSF6765.jpg\" title=\"Direkter Zugang zur Dachterrasse und Aufbewahrungsm\u00f6glichkeiten im marrokanischer Kommode.\"><img decoding=\"async\" width=\"400\" height=\"284\" src=\"https:\/\/casa-amendoeira.com\/wp-content\/uploads\/2019\/04\/DSF6765-400x284.jpg\" alt=\"\" class=\"wp-image-589\" title=\"\"><span class=\"et_overlay\" data-icon=\"\" data-icon-tablet=\"\" data-icon-phone=\"\"><\/span><\/a><\/div><\/div><div class=\"et_pb_gallery_item et_pb_grid_item et_pb_gallery_item_1_11\"><div class=\"et_pb_gallery_image landscape\" data-per_page=\"40\"><a href=\"https:\/\/casa-amendoeira.com\/wp-content\/uploads\/2019\/06\/DSF6763.jpg\" title=\"Gem\u00fctliche Atmosph\u00e4re und bequemes Doppelbett.\"><img decoding=\"async\" width=\"400\" height=\"284\" src=\"https:\/\/casa-amendoeira.com\/wp-content\/uploads\/2019\/06\/DSF6763-400x284.jpg\" alt=\"\" class=\"wp-image-1125\" title=\"\"><span class=\"et_overlay\" data-icon=\"\" data-icon-tablet=\"\" data-icon-phone=\"\"><\/span><\/a><\/div><\/div><div class=\"et_pb_gallery_item et_pb_grid_item et_pb_gallery_item_1_12\"><div class=\"et_pb_gallery_image landscape\" data-per_page=\"40\"><a href=\"https:\/\/casa-amendoeira.com\/wp-content\/uploads\/2018\/11\/DSF6773.jpg\" title=\"Die Dachterrasse, der perfekte Ort, um dort sonnige Tage zu verbringen.\"><img decoding=\"async\" width=\"400\" height=\"284\" src=\"https:\/\/casa-amendoeira.com\/wp-content\/uploads\/2018\/11\/DSF6773-400x284.jpg\" alt=\"\" class=\"wp-image-358\" title=\"\"><span class=\"et_overlay\" data-icon=\"\" data-icon-tablet=\"\" data-icon-phone=\"\"><\/span><\/a><\/div><\/div><div class=\"et_pb_gallery_item et_pb_grid_item et_pb_gallery_item_1_13\"><div class=\"et_pb_gallery_image landscape\" data-per_page=\"40\"><a href=\"https:\/\/casa-amendoeira.com\/wp-content\/uploads\/2019\/06\/DSF6775.jpg\" title=\"Liegest\u00fchle zum Sonnenbaden\"><img decoding=\"async\" width=\"400\" height=\"284\" src=\"https:\/\/casa-amendoeira.com\/wp-content\/uploads\/2019\/06\/DSF6775-400x284.jpg\" alt=\"\" class=\"wp-image-1126\" title=\"\"><span class=\"et_overlay\" data-icon=\"\" data-icon-tablet=\"\" data-icon-phone=\"\"><\/span><\/a><\/div><\/div><div class=\"et_pb_gallery_item et_pb_grid_item et_pb_gallery_item_1_14\"><div class=\"et_pb_gallery_image landscape\" data-per_page=\"40\"><a href=\"https:\/\/casa-amendoeira.com\/wp-content\/uploads\/2019\/06\/Casinha_SleepDoor.jpg\" title=\"Marokkanische Details \u00fcberall.\"><img decoding=\"async\" width=\"400\" height=\"284\" src=\"https:\/\/casa-amendoeira.com\/wp-content\/uploads\/2019\/06\/Casinha_SleepDoor-400x284.jpg\" alt=\"\" class=\"wp-image-1121\" title=\"\"><span class=\"et_overlay\" data-icon=\"\" data-icon-tablet=\"\" data-icon-phone=\"\"><\/span><\/a><\/div><\/div><div class=\"et_pb_gallery_item et_pb_grid_item et_pb_gallery_item_1_15\"><div class=\"et_pb_gallery_image landscape\" data-per_page=\"40\"><a href=\"https:\/\/casa-amendoeira.com\/wp-content\/uploads\/2021\/05\/BadCanal.jpg\" title=\"Det toilet i den \u00f8verste etage af Casinha Canal\"><img decoding=\"async\" width=\"400\" height=\"284\" src=\"https:\/\/casa-amendoeira.com\/wp-content\/uploads\/2021\/05\/BadCanal-400x284.jpg\" alt=\"Det toilet i den \u00f8verste etage af Casinha Canal\" class=\"wp-image-2125\" title=\"\"><span class=\"et_overlay\" data-icon=\"\" data-icon-tablet=\"\" data-icon-phone=\"\"><\/span><\/a><\/div><\/div><div class=\"et_pb_gallery_item et_pb_grid_item et_pb_gallery_item_1_16\"><div class=\"et_pb_gallery_image landscape\" data-per_page=\"40\"><a href=\"https:\/\/casa-amendoeira.com\/wp-content\/uploads\/2019\/06\/DSF6752.jpg\" title=\"Die Dusche mit eingebautem Spiegel.\"><img decoding=\"async\" width=\"400\" height=\"284\" src=\"https:\/\/casa-amendoeira.com\/wp-content\/uploads\/2019\/06\/DSF6752-400x284.jpg\" alt=\"\" class=\"wp-image-1128\" title=\"\"><span class=\"et_overlay\" data-icon=\"\" data-icon-tablet=\"\" data-icon-phone=\"\"><\/span><\/a><\/div><\/div><div class=\"et_pb_gallery_item et_pb_grid_item et_pb_gallery_item_1_17\"><div class=\"et_pb_gallery_image landscape\" data-per_page=\"40\"><a href=\"https:\/\/casa-amendoeira.com\/wp-content\/uploads\/2019\/06\/L1002048.jpg\" title=\"Blick die Treppe hinunter zum Wohnbereich.\"><img decoding=\"async\" width=\"400\" height=\"284\" src=\"https:\/\/casa-amendoeira.com\/wp-content\/uploads\/2019\/06\/L1002048-400x284.jpg\" alt=\"\" class=\"wp-image-1127\" title=\"\"><span class=\"et_overlay\" data-icon=\"\" data-icon-tablet=\"\" data-icon-phone=\"\"><\/span><\/a><\/div><\/div><div class=\"et_pb_gallery_item et_pb_grid_item et_pb_gallery_item_1_18\"><div class=\"et_pb_gallery_image landscape\" data-per_page=\"40\"><a href=\"https:\/\/casa-amendoeira.com\/wp-content\/uploads\/2018\/11\/DSF6759.jpg\" title=\"Ein sch\u00f6ner Lesestuhl, wenn Sie das Casinha mit zwei Personen benutzen.....\"><img decoding=\"async\" width=\"400\" height=\"284\" src=\"https:\/\/casa-amendoeira.com\/wp-content\/uploads\/2018\/11\/DSF6759-400x284.jpg\" alt=\"\" class=\"wp-image-356\" title=\"\"><span class=\"et_overlay\" data-icon=\"\" data-icon-tablet=\"\" data-icon-phone=\"\"><\/span><\/a><\/div><\/div><div class=\"et_pb_gallery_item et_pb_grid_item et_pb_gallery_item_1_19\"><div class=\"et_pb_gallery_image landscape\" data-per_page=\"40\"><a href=\"https:\/\/casa-amendoeira.com\/wp-content\/uploads\/2019\/06\/DSF6760.jpg\" title=\"Der Stuhl kann in ein vollwertiges Bett verwandelt werden, wenn Sie mit drei Personen unterwegs sind.\"><img decoding=\"async\" width=\"400\" height=\"284\" src=\"https:\/\/casa-amendoeira.com\/wp-content\/uploads\/2019\/06\/DSF6760-400x284.jpg\" alt=\"\" class=\"wp-image-1129\" title=\"\"><span class=\"et_overlay\" data-icon=\"\" data-icon-tablet=\"\" data-icon-phone=\"\"><\/span><\/a><\/div><\/div><\/div><\/div><\/div><\/div><div class=\"et_pb_row_15 et_pb_row et_block_row\"><div class=\"et_pb_column_28 et_pb_column et_pb_column_4_4 et-last-child et_block_column et_pb_css_mix_blend_mode_passthrough\"><div class=\"et_pb_text_12 et_pb_text et_pb_bg_layout_light et_pb_module et_block_module\"><div class=\"et_pb_text_inner\"><h2> Hvad vores g\u00e6ster siger <\/h2>\n<\/div><\/div><\/div><\/div><div class=\"et_pb_row_16 et_pb_row et_block_row\"><div class=\"et_pb_column_29 et_pb_column et_pb_column_1_3 et_block_column et_pb_css_mix_blend_mode_passthrough\"><div class=\"et_pb_testimonial_0 et_pb_testimonial et_pb_testimonial_no_image et_pb_bg_layout_light et_pb_module et_block_module\"><div class=\"et_pb_testimonial_inner\"><div class=\"et_pb_testimonial_description\"><div class=\"et_pb_testimonial_description_inner\"><div class=\"et_pb_testimonial_content\"><p><b><span>Mange tak for alt<\/span><\/b><\/p>\n<p><span>Det var en vidunderlig ferie, og vi f\u00f8lte os hjemme i Cashina.<br \/>Vi kommer gerne tilbage og vil anbefale jer til andre.<br \/><\/span><\/p>\n<p>\u2b50\u2b50\u2b50\u2b50\u2b50<\/p>\n<\/div><\/div><div class=\"et_pb_testimonial_author\">Anke H.<\/div><div class=\"et_pb_testimonial_meta\"><span class=\"et_pb_testimonial_position\">Juni 2022<\/span><\/div><\/div><\/div><\/div><div class=\"et_pb_testimonial_1 et_pb_testimonial et_pb_testimonial_no_image et_pb_bg_layout_light et_pb_module et_block_module\"><div class=\"et_pb_testimonial_inner\"><div class=\"et_pb_testimonial_description\"><div class=\"et_pb_testimonial_description_inner\"><div class=\"et_pb_testimonial_content\"><p><b> Smukt hus i smuk malerisk by <\/b><\/p>\n<p> Smukt og smagfuldt indrettet i den historiske del af Lagos, som ogs\u00e5 er en vidunderlig og smuk by. Intet behov for en bil her som bus og tog er kort ( 10-15 minutter) afstand til huset . Ville genbestille uden t\u00f8ven.\n <\/p>\n<p>\u2b50\u2b50\u2b50\u2b50\u2b50<\/p>\n<\/div><\/div><div class=\"et_pb_testimonial_author\">Lorie H.<\/div><div class=\"et_pb_testimonial_meta\"><span class=\"et_pb_testimonial_position\">feb. 2019<\/span><\/div><\/div><\/div><\/div><\/div><div class=\"et_pb_column_30 et_pb_column et_pb_column_1_3 et_block_column et_pb_css_mix_blend_mode_passthrough\"><div class=\"et_pb_testimonial_2 et_pb_testimonial et_pb_testimonial_no_image et_pb_bg_layout_light et_pb_module et_block_module\"><div class=\"et_pb_testimonial_inner\"><div class=\"et_pb_testimonial_description\"><div class=\"et_pb_testimonial_description_inner\"><div class=\"et_pb_testimonial_content\"><p><b> Ren sk\u00f8nhed, perfekt beliggenhed - jeg anbefaler et ophold!  <\/b><\/p>\n<p>Et smukt sted i centrum af Lagos. Alt kan n\u00e5s med en lille g\u00e5tur inden for f\u00e5 minutter. Interi\u00f8ret er fantastisk og meget smagfuldt. Vi n\u00f8d vores ophold og vil snart komme tilbage. Helt anbefales!<\/p>\n<p>\u2b50\u2b50\u2b50\u2b50\u2b50<\/p>\n<\/div><\/div><div class=\"et_pb_testimonial_author\">Sven K.<\/div><div class=\"et_pb_testimonial_meta\"><span class=\"et_pb_testimonial_position\">Dez. 2018<\/span><\/div><\/div><\/div><\/div><div class=\"et_pb_testimonial_3 et_pb_testimonial et_pb_testimonial_no_image et_pb_bg_layout_light et_pb_module et_block_module\"><div class=\"et_pb_testimonial_inner\"><div class=\"et_pb_testimonial_description\"><div class=\"et_pb_testimonial_description_inner\"><div class=\"et_pb_testimonial_content\"><p><b><span>Fantastisk sted med en stor terrasse!!<\/span><\/b><\/p>\n<p><span>Det var s\u00f8dt dekoreret! Godt udstyret med alt, hvad man havde brug for. Store anbefalinger fra ejerne, som vi gjorde bookede en tur gennem deres anbefaling. <\/span><\/p>\n<p>\u2b50\u2b50\u2b50\u2b50\u2b50<\/p>\n<\/div><\/div><div class=\"et_pb_testimonial_author\">Daniel O.<\/div><div class=\"et_pb_testimonial_meta\"><span class=\"et_pb_testimonial_position\">aug. 2019<\/span><\/div><\/div><\/div><\/div><\/div><div class=\"et_pb_column_31 et_pb_column et_pb_column_1_3 et-last-child et_block_column et_pb_css_mix_blend_mode_passthrough\"><div class=\"et_pb_testimonial_4 et_pb_testimonial et_pb_testimonial_no_image et_pb_bg_layout_light et_pb_module et_block_module\"><div class=\"et_pb_testimonial_inner\"><div class=\"et_pb_testimonial_description\"><div class=\"et_pb_testimonial_description_inner\"><div class=\"et_pb_testimonial_content\"><p><b>Fremragende hele vejen rundt! <\/b><\/p>\n<p> I huset fascinerer det individuelle udstyr og farvedesignet, som formidler velv\u00e6re og livsgl\u00e6de. Bem\u00e6rkelsesv\u00e6rdigt er ogs\u00e5 det \"lille bibliotek\" med udvalgte b\u00f8ger (ikke kun v\u00e6rd at l\u00e6se i d\u00e5rligt vejr) God den rolige beliggenhed i den gamle bydel og alligevel er man p\u00e5 5 minutters gang i Lagos' pulserende liv med musik, kunstneriske forestillinger og alle muligheder for at spise rigtig godt. Morgenmaden rundt om hj\u00f8rnet fuldender feriefork\u00e6lelsesprogrammet i denne fortryllende by i Lagos, der er fork\u00e6let af solguden. Denne charmerende by i Portugal, som har s\u00e5 meget at byde p\u00e5, at hvis du overhovedet skal af sted, vil dit n\u00e6ste ophold i Uta &amp; Marc`s domicil v\u00e6re i fokus.\n<\/p>\n<p>\u2b50\u2b50\u2b50\u2b50\u2b50<\/p>\n<\/div><\/div><div class=\"et_pb_testimonial_author\">Manfred J.<\/div><div class=\"et_pb_testimonial_meta\"><span class=\"et_pb_testimonial_position\">okt. 2018<\/span><\/div><\/div><\/div><\/div><\/div><\/div><div class=\"et_pb_row_17 et_pb_row et_block_row\"><div class=\"et_pb_column_32 et_pb_column et_pb_column_4_4 et-last-child et_block_column et_pb_css_mix_blend_mode_passthrough\"><div class=\"et_pb_cta_0 et_pb_promo et_pb_bg_layout_light et_clickable et_pb_module et_block_module\"><div class=\"et_pb_promo_description et_multi_view_hidden\"><\/div><div class=\"et_pb_button_wrapper\"><a class=\"et_pb_button et_pb_promo_button\" href=\"#BookingForm\" data-icon=\":\">Tjek tilg\u00e6ngelighed nu og book!<\/a><\/div><\/div><\/div><\/div><div class=\"et_pb_row_18 et_pb_row et_pb_gutters2 et_block_row\"><div class=\"et_pb_column_33 et_pb_column et_pb_column_4_4 et-last-child et_block_column et_pb_css_mix_blend_mode_passthrough\"><div class=\"et_pb_text_13 et_pb_text et_pb_bg_layout_light et_pb_module et_block_module\"><div class=\"et_pb_text_inner\"><h3> Endelig nogle billeder af Lagos og Algarve <\/h3>\n<\/div><\/div><div class=\"et_pb_gallery_2 et_pb_gallery et_pb_bg_layout_light et_pb_gallery_grid et_pb_module\" data-auto-rotate=\"off\" data-auto-rotate-speed=\"\"><div class=\"et_pb_gallery_items et_post_gallery clearfix et_grid_module\" data-per_page=\"40\"><div class=\"et_pb_gallery_item et_pb_grid_item et_pb_gallery_item_2_0\"><div class=\"et_pb_gallery_image landscape\" data-per_page=\"40\"><a href=\"https:\/\/casa-amendoeira.com\/wp-content\/uploads\/2019\/06\/EarlyMorningBeach-1.jpg\" title=\"Sonnenaufgang am Praia da Batata\"><img decoding=\"async\" width=\"400\" height=\"284\" src=\"https:\/\/casa-amendoeira.com\/wp-content\/uploads\/2019\/06\/EarlyMorningBeach-1-400x284.jpg\" alt=\"\" class=\"wp-image-798\" title=\"\"><span class=\"et_overlay\" data-icon=\"\" data-icon-tablet=\"\" data-icon-phone=\"\"><\/span><\/a><\/div><\/div><div class=\"et_pb_gallery_item et_pb_grid_item et_pb_gallery_item_2_1\"><div class=\"et_pb_gallery_image landscape\" data-per_page=\"40\"><a href=\"https:\/\/casa-amendoeira.com\/wp-content\/uploads\/2014\/11\/140717-142244-UL.jpg\" title=\"Ein recht unbekannter traumhafter Strand - fragen Sie uns, wo man ihn findet...\"><img decoding=\"async\" width=\"400\" height=\"284\" src=\"https:\/\/casa-amendoeira.com\/wp-content\/uploads\/2014\/11\/140717-142244-UL-400x284.jpg\" alt=\"\" class=\"wp-image-179\" title=\"\"><span class=\"et_overlay\" data-icon=\"\" data-icon-tablet=\"\" data-icon-phone=\"\"><\/span><\/a><\/div><\/div><div class=\"et_pb_gallery_item et_pb_grid_item et_pb_gallery_item_2_2\"><div class=\"et_pb_gallery_image landscape\" data-per_page=\"40\"><a href=\"https:\/\/casa-amendoeira.com\/wp-content\/uploads\/2019\/06\/BeachView.jpg\" title=\"Der Meia Praia mit Blick auf die Hafeneinfahrt\"><img decoding=\"async\" width=\"400\" height=\"284\" src=\"https:\/\/casa-amendoeira.com\/wp-content\/uploads\/2019\/06\/BeachView-400x284.jpg\" alt=\"\" class=\"wp-image-799\" title=\"\"><span class=\"et_overlay\" data-icon=\"\" data-icon-tablet=\"\" data-icon-phone=\"\"><\/span><\/a><\/div><\/div><div class=\"et_pb_gallery_item et_pb_grid_item et_pb_gallery_item_2_3\"><div class=\"et_pb_gallery_image landscape\" data-per_page=\"40\"><a href=\"https:\/\/casa-amendoeira.com\/wp-content\/uploads\/2019\/06\/BonDiaBoattrips-1.jpg\" title=\"Bom Dia Boat Trips - en vidunderlig dag p\u00e5 havet\"><img decoding=\"async\" width=\"400\" height=\"284\" src=\"https:\/\/casa-amendoeira.com\/wp-content\/uploads\/2019\/06\/BonDiaBoattrips-1-400x284.jpg\" alt=\"\" class=\"wp-image-797\" title=\"\"><span class=\"et_overlay\" data-icon=\"\" data-icon-tablet=\"\" data-icon-phone=\"\"><\/span><\/a><\/div><\/div><div class=\"et_pb_gallery_item et_pb_grid_item et_pb_gallery_item_2_4\"><div class=\"et_pb_gallery_image landscape\" data-per_page=\"40\"><a href=\"https:\/\/casa-amendoeira.com\/wp-content\/uploads\/2019\/06\/Muscheln.jpg\" title=\"Her kan du finde vidunderlige muskler og steiner\"><img decoding=\"async\" width=\"400\" height=\"284\" src=\"https:\/\/casa-amendoeira.com\/wp-content\/uploads\/2019\/06\/Muscheln-400x284.jpg\" alt=\"\" class=\"wp-image-916\" title=\"\"><span class=\"et_overlay\" data-icon=\"\" data-icon-tablet=\"\" data-icon-phone=\"\"><\/span><\/a><\/div><\/div><div class=\"et_pb_gallery_item et_pb_grid_item et_pb_gallery_item_2_5\"><div class=\"et_pb_gallery_image landscape\" data-per_page=\"40\"><a href=\"https:\/\/casa-amendoeira.com\/wp-content\/uploads\/2019\/06\/Surfers.jpg\" title=\"Surfer p\u00e5 Meia Praia i Abendsonne\"><img decoding=\"async\" width=\"400\" height=\"284\" src=\"https:\/\/casa-amendoeira.com\/wp-content\/uploads\/2019\/06\/Surfers-400x284.jpg\" alt=\"\" class=\"wp-image-805\" title=\"\"><span class=\"et_overlay\" data-icon=\"\" data-icon-tablet=\"\" data-icon-phone=\"\"><\/span><\/a><\/div><\/div><div class=\"et_pb_gallery_item et_pb_grid_item et_pb_gallery_item_2_6\"><div class=\"et_pb_gallery_image landscape\" data-per_page=\"40\"><a href=\"https:\/\/casa-amendoeira.com\/wp-content\/uploads\/2019\/06\/StrandVogel.jpg\" title=\"Ein Strandl\u00e4ufer am Meia Praia\"><img decoding=\"async\" width=\"400\" height=\"284\" src=\"https:\/\/casa-amendoeira.com\/wp-content\/uploads\/2019\/06\/StrandVogel-400x284.jpg\" alt=\"\" class=\"wp-image-804\" title=\"\"><span class=\"et_overlay\" data-icon=\"\" data-icon-tablet=\"\" data-icon-phone=\"\"><\/span><\/a><\/div><\/div><div class=\"et_pb_gallery_item et_pb_grid_item et_pb_gallery_item_2_7\"><div class=\"et_pb_gallery_image landscape\" data-per_page=\"40\"><a href=\"https:\/\/casa-amendoeira.com\/wp-content\/uploads\/2014\/11\/140712-123656-UL.jpg\" title=\"Die Hafeneinfahrt von Lagos, links Richtung Meia Praia, rechts die Avenida.\"><img decoding=\"async\" width=\"400\" height=\"284\" src=\"https:\/\/casa-amendoeira.com\/wp-content\/uploads\/2014\/11\/140712-123656-UL-400x284.jpg\" alt=\"\" class=\"wp-image-176\" title=\"\"><span class=\"et_overlay\" data-icon=\"\" data-icon-tablet=\"\" data-icon-phone=\"\"><\/span><\/a><\/div><\/div><div class=\"et_pb_gallery_item et_pb_grid_item et_pb_gallery_item_2_8\"><div class=\"et_pb_gallery_image landscape\" data-per_page=\"40\"><a href=\"https:\/\/casa-amendoeira.com\/wp-content\/uploads\/2014\/11\/141228-184149-UL.jpg\" title=\"Die Steilk\u00fcste am Cabo de S\u00e3o Vicente\"><img decoding=\"async\" width=\"400\" height=\"284\" src=\"https:\/\/casa-amendoeira.com\/wp-content\/uploads\/2014\/11\/141228-184149-UL-400x284.jpg\" alt=\"\" class=\"wp-image-233\" title=\"\"><span class=\"et_overlay\" data-icon=\"\" data-icon-tablet=\"\" data-icon-phone=\"\"><\/span><\/a><\/div><\/div><div class=\"et_pb_gallery_item et_pb_grid_item et_pb_gallery_item_2_9\"><div class=\"et_pb_gallery_image landscape\" data-per_page=\"40\"><a href=\"https:\/\/casa-amendoeira.com\/wp-content\/uploads\/2014\/11\/150101-015724-UL.jpg\" title=\"Fyrv\u00e6rkeri over Lagos - Udsigt fra vores tagterrasse 2014\/15\"><img decoding=\"async\" width=\"400\" height=\"284\" src=\"https:\/\/casa-amendoeira.com\/wp-content\/uploads\/2014\/11\/150101-015724-UL-400x284.jpg\" alt=\"\" class=\"wp-image-234\" title=\"\"><span class=\"et_overlay\" data-icon=\"\" data-icon-tablet=\"\" data-icon-phone=\"\"><\/span><\/a><\/div><\/div><div class=\"et_pb_gallery_item et_pb_grid_item et_pb_gallery_item_2_10\"><div class=\"et_pb_gallery_image landscape\" data-per_page=\"40\"><a href=\"https:\/\/casa-amendoeira.com\/wp-content\/uploads\/2019\/06\/StreetArt.jpg\" title=\"I Lagos finder man p\u00e5 mange steder erstaunliche Street Art. Halten Sie die Augen offen.\"><img decoding=\"async\" width=\"400\" height=\"284\" src=\"https:\/\/casa-amendoeira.com\/wp-content\/uploads\/2019\/06\/StreetArt-400x284.jpg\" alt=\"\" class=\"wp-image-918\" title=\"\"><span class=\"et_overlay\" data-icon=\"\" data-icon-tablet=\"\" data-icon-phone=\"\"><\/span><\/a><\/div><\/div><div class=\"et_pb_gallery_item et_pb_grid_item et_pb_gallery_item_2_11\"><div class=\"et_pb_gallery_image landscape\" data-per_page=\"40\"><a href=\"https:\/\/casa-amendoeira.com\/wp-content\/uploads\/2019\/06\/Bika.jpg\" title=\"Hier bestellt man einen Bika, keinen Espresso.\"><img decoding=\"async\" width=\"400\" height=\"284\" src=\"https:\/\/casa-amendoeira.com\/wp-content\/uploads\/2019\/06\/Bika-400x284.jpg\" alt=\"\" class=\"wp-image-917\" title=\"\"><span class=\"et_overlay\" data-icon=\"\" data-icon-tablet=\"\" data-icon-phone=\"\"><\/span><\/a><\/div><\/div><\/div><\/div><\/div><\/div><div class=\"et_pb_row_19 et_pb_row et_pb_gutters2 et_block_row\"><div class=\"et_pb_column_34 et_pb_column et_pb_column_4_4 et-last-child et_block_column et_pb_css_mix_blend_mode_passthrough\"><div class=\"et_pb_text_14 et_pb_text et_pb_bg_layout_light et_pb_module et_block_module\"><div class=\"et_pb_text_inner\"><h3>Syv andre grunde til at bes\u00f8ge Algarve (og bo i vores feriehuse)<\/h3>\n<\/div><\/div><\/div><\/div><div class=\"et_pb_row_20 et_pb_row et_pb_gutters2 et_block_row\"><div class=\"et_pb_column_35 et_pb_column et_pb_column_1_2 et_block_column et_pb_css_mix_blend_mode_passthrough\"><div class=\"et_pb_text_15 et_pb_text et_pb_bg_layout_light et_pb_module et_block_module\"><div class=\"et_pb_text_inner\"><p><strong>Portugal tager vin alvorligt.<\/strong><br \/>P\u00e5 trods af den ber\u00f8mte portvin synes Portugal at v\u00e6re i anden r\u00e6kke i vinverdenen, lige efter Frankrig, Italien og Spanien. Og alligevel vinder portugisiske vine hvert \u00e5r de mest prestigefyldte priser.<br \/>Pr\u00f8v vinho <g class=\"gr_ gr_22 gr-alert gr_spell gr_inline_cards gr_disable_anim_appear ContextualSpelling ins-del multiReplace\" id=\"22\" data-gr-id=\"22\">verde<\/g>, hvidvine fra Alentejo og r\u00f8dvine fra Douro-regionen.<\/p>\n<p><strong>N\u00e6rmarkeder er sjove.<\/strong><br \/>Markeder er essensen og det bankende hjerte i enhver by, og Portugal er ikke en undtagelse. P\u00e5 <g class=\"gr_ gr_24 gr-alert gr_gramm gr_inline_cards gr_disable_anim_appear Punctuation only-ins replaceWithoutSep\" id=\"24\" data-gr-id=\"24\">Lagos<\/g> Du kan finde fiskemarkedet hver morgen p\u00e5 Avenida. Og om l\u00f8rdagen er der et stort marked med gr\u00f8ntsager og frugt. <g class=\"gr_ gr_23 gr-alert gr_gramm gr_inline_cards gr_disable_anim_appear Grammar multiReplace\" id=\"23\" data-gr-id=\"23\">p\u00e5<\/g> regionen.<\/p>\n<p><strong>Azulejos Tileart.<\/strong><br \/>Der er ingen andre steder i verden, hvor #tileart er s\u00e5 popul\u00e6rt. Forbered dig p\u00e5 at finde elegant malede fliser p\u00e5 historiske bygninger, moderne designinstallationer og endda souvenirbutikker.<br \/>V\u00e6r dog forsigtig med, hvor du k\u00f8ber fliserne. I de seneste \u00e5r er der opst\u00e5et en parallel forretning, hvor man river fliser af v\u00e6ggene og s\u00e6lger dem p\u00e5 gademesser og markeder - f.eks. p\u00e5 Feira da Ladra i Lissabon.<\/p>\n<p><strong>Fado musikken vil fange dit hjerte.<\/strong><br \/>\nFado er nok den mest melankolske og dybt f\u00f8lelsesladede musik, du nogensinde vil h\u00f8re, og den er stadig p\u00e5 en eller anden m\u00e5de det ideelle soundtrack til enhver rejse til Portugal. Selv hvis du ikke forst\u00e5r et ord, har den magt til at g\u00f8re dig eftert\u00e6nksom.<\/p>\n<\/div><\/div><\/div><div class=\"et_pb_column_36 et_pb_column et_pb_column_1_2 et-last-child et_block_column et_pb_css_mix_blend_mode_passthrough\"><div class=\"et_pb_text_16 et_pb_text et_pb_bg_layout_light et_pb_module et_block_module\"><div class=\"et_pb_text_inner\"><p><strong>Du kan stadig finde autenticitet.<\/strong><br \/>\nSelv om de seneste \u00e5r har sl\u00e5et alle rekorder inden for turisme, kan du stadig forvente mange rolige og fredelige steder. Mange autentiske restauranter, butikker og oplevelser er stadig autentiske, is\u00e6r hvis du vover dig ud i det indre af landet.<\/p>\n<p><strong>Algarve er perfekt for solhungrende turister.<\/strong><br \/>\nSandsynligvis er det Portugal, du kender bedre. Det er her, millioner af turister - herunder 95% af alle portugisiske familier - hvert \u00e5r str\u00f8mmer til for at nyde de tre S'er: sol, hav og sand. P\u00e5 trods af sommerens menneskem\u00e6ngder er vejret fantastisk, og strandene er verdenskendte, is\u00e6r omkring Lagos, Tavira og Portim\u00e3o.<\/p>\n<p><strong>Du vil l\u00e6re, hvad Saudade er.<\/strong><br \/>\nN\u00e5r du har v\u00e6ret i Portugal, vil noget vokse p\u00e5 dig. Du vil begynde at savne landet og dets folk, vejr og kultur. Pludselig vinder en b\u00f8lge af nostalgi over dig. Tillykke, nu ved du, hvad alle portugisere f\u00f8ler, n\u00e5r de er v\u00e6k hjemmefra: <g class=\"gr_ gr_26 gr-alert gr_spell gr_inline_cards gr_disable_anim_appear ContextualSpelling ins-del multiReplace\" id=\"26\" data-gr-id=\"26\">saudade<\/g>!<\/p>\n<p>Du finder yderligere syv grunde nederst p\u00e5 <a href=\"https:\/\/casa-amendoeira.com\/da\/feriebolig-lagos\/\">Casa Amendoeira side<\/a>.<\/p>\n<\/div><\/div><\/div><\/div><div class=\"et_pb_row_21 et_pb_row et_pb_gutters2 et_block_row\"><div class=\"et_pb_column_37 et_pb_column et_pb_column_4_4 et-last-child et_block_column et_pb_css_mix_blend_mode_passthrough\"><div class=\"et_pb_text_17 et_pb_text et_pb_bg_layout_light et_pb_module et_block_module et_pb_text_align_center\"><div class=\"et_pb_text_inner\"><p>Det vil gl\u00e6de os at byde dig velkommen som vores g\u00e6st.<\/p>\n<\/div><\/div><div class=\"et_pb_image_4 et_pb_image et_pb_module et_block_module\"><span class=\"et_pb_image_wrap\"><img decoding=\"async\" src=\"https:\/\/casa-amendoeira.com\/wp-content\/uploads\/2019\/04\/Casa_Baum_black200.png\" width=\"200\" height=\"199\" class=\"wp-image-610\" alt=\"\" title=\"\"><\/span><\/div><\/div><\/div><\/div><div class=\"et_pb_section_3 et_pb_section et_pb_fullwidth_section et_section_regular et_block_section section_has_divider et_pb_top_divider\"><div class=\"et_pb_top_inside_divider et-no-transition\"><\/div><div class=\"et_pb_fullwidth_image_0 et_pb_fullwidth_image et_pb_module\"><img decoding=\"async\" src=\"https:\/\/casa-amendoeira.com\/wp-content\/uploads\/2019\/06\/EveningOcean.jpg\" width=\"3000\" height=\"1620\" class=\"wp-image-802\" alt=\"\" title=\"\"><\/div><\/div>","protected":false},"excerpt":{"rendered":"","protected":false},"author":1,"featured_media":0,"parent":0,"menu_order":0,"comment_status":"closed","ping_status":"closed","template":"","meta":{"footnotes":""},"simple-restrict-permission":[],"class_list":["post-569","page","type-page","status-publish","hentry"],"_links":{"self":[{"href":"https:\/\/casa-amendoeira.com\/da\/wp-json\/wp\/v2\/pages\/569","targetHints":{"allow":["GET"]}}],"collection":[{"href":"https:\/\/casa-amendoeira.com\/da\/wp-json\/wp\/v2\/pages"}],"about":[{"href":"https:\/\/casa-amendoeira.com\/da\/wp-json\/wp\/v2\/types\/page"}],"author":[{"embeddable":true,"href":"https:\/\/casa-amendoeira.com\/da\/wp-json\/wp\/v2\/users\/1"}],"replies":[{"embeddable":true,"href":"https:\/\/casa-amendoeira.com\/da\/wp-json\/wp\/v2\/comments?post=569"}],"version-history":[{"count":5,"href":"https:\/\/casa-amendoeira.com\/da\/wp-json\/wp\/v2\/pages\/569\/revisions"}],"predecessor-version":[{"id":4186,"href":"https:\/\/casa-amendoeira.com\/da\/wp-json\/wp\/v2\/pages\/569\/revisions\/4186"}],"wp:attachment":[{"href":"https:\/\/casa-amendoeira.com\/da\/wp-json\/wp\/v2\/media?parent=569"}],"wp:term":[{"taxonomy":"simple-restrict-permission","embeddable":true,"href":"https:\/\/casa-amendoeira.com\/da\/wp-json\/wp\/v2\/simple-restrict-permission?post=569"}],"curies":[{"name":"wp","href":"https:\/\/api.w.org\/{rel}","templated":true}]}}