{"id":312,"date":"2017-05-04T16:23:26","date_gmt":"2017-05-04T14:23:26","guid":{"rendered":"http:\/\/casa-amendoeira.com\/?page_id=312"},"modified":"2026-01-05T15:25:38","modified_gmt":"2026-01-05T13:25:38","slug":"maisons-de-vacances-portugal","status":"publish","type":"page","link":"https:\/\/casa-amendoeira.com\/fr\/","title":{"rendered":"Maisons de vacances \u00e0 Lagos, Portugal"},"content":{"rendered":"<div class=\"et_pb_section_0 et_pb_section et_pb_fullwidth_section et_section_regular et_block_section\"><section class=\"et_pb_fullwidth_header_0 et_pb_fullwidth_header et_pb_fullscreen et_pb_bg_layout_dark et_pb_text_align_center et_pb_section_parallax et_pb_module et_flex_module\"><span class=\"et-pb-parallax-wrapper\"><span class=\"et-pb-parallax-background et-pb-parallax-background-module--divi-fullwidth-header-0\" style=\"background-image:url(https:\/\/casa-amendoeira.com\/wp-content\/uploads\/2019\/04\/Bedroom2000_50.jpg)\"><\/span><\/span><div class=\"et_pb_fullwidth_header_container center\"><div class=\"header-content-container center\"><div class=\"header-content et_flex_module\"><h1 class=\"et_pb_module_header\">D\u00e9couvrez de luxueuses maisons de vacances \u00e0 Lagos pour 2026<\/h1><div class=\"et_pb_header_content_wrapper\"><p>Vous cherchez la maison de vacances id\u00e9ale \u00e0 Lagos, au c\u0153ur de l'Algarve ? D\u00e9couvrez nos deux maisons de ville magnifiquement r\u00e9nov\u00e9es, situ\u00e9es \u00e0 l'int\u00e9rieur des remparts historiques de Lagos.<\/p>\n<\/div><div class=\"et_pb_header_button_wrapper\"><\/div><\/div><\/div><\/div><div class=\"et_pb_fullwidth_header_overlay\"><\/div><div class=\"et_pb_fullwidth_header_scroll\"><a class=\"scroll-down-container\" href=\"#\"><span class=\"scroll-down et-pb-icon\">;<\/span><\/a><\/div><\/section><\/div><div class=\"et_pb_section_1 et_pb_section et_section_regular et_block_section\"><div class=\"et_pb_row_0 et_pb_row et_block_row\"><div class=\"et_pb_column_0 et_pb_column et_pb_column_4_4 et-last-child et_block_column et_pb_css_mix_blend_mode_passthrough\"><div class=\"et_pb_code_0 et_pb_code et_pb_module\"><div class=\"et_pb_code_inner\"><h2>Planifiez vos vacances 2026 \u00e0 Lagos, au Portugal<\/h2><\/div><\/div><\/div><\/div><div class=\"et_pb_row_1 et_pb_row et_block_row\"><div class=\"et_pb_column_1 et_pb_column et_pb_column_3_5 et_block_column et_pb_css_mix_blend_mode_passthrough\"><div class=\"et_pb_code_1 et_pb_code et_pb_module\"><div class=\"et_pb_code_inner\"><p>Nous louons deux belles maisons de vacances individuelles \u00e0 Lagos, au Portugal. Elles sont toutes deux situ\u00e9es dans le magnifique centre historique de la ville, mais dans un endroit calme.\nLes deux maisons ne sont qu'\u00e0 une courte distance de marche de la plage de Praia da Batata, prot\u00e9g\u00e9e par une falaise. La spacieuse Meia Praia n'est pas loin non plus.<br>\n<br>\nL'Algarve, au Portugal, est consid\u00e9r\u00e9e comme la destination de vacances la plus attrayante et la plus polyvalente d'Europe. Et ce n'est m\u00eame pas loin de l'Allemagne. Deux \u00e0 trois heures de vol et vous vous trouvez sur l'a\u00e9rodrome de Faro.<\/p><\/div><\/div><\/div><div class=\"et_pb_column_2 et_pb_column et_pb_column_2_5 et-last-child et_block_column et_pb_css_mix_blend_mode_passthrough\"><div class=\"et_pb_image_0 et_pb_image et_pb_module et_block_module\"><a href=\"https:\/\/casa-amendoeira.com\/wp-content\/uploads\/2019\/09\/Praia_Da_Batata.jpg\" class=\"et_pb_lightbox_image\" alt=\"Holiday homes in Lagos\"><span class=\"et_pb_image_wrap\"><img decoding=\"async\" src=\"https:\/\/casa-amendoeira.com\/wp-content\/uploads\/2019\/09\/Praia_Da_Batata.jpg\" width=\"1200\" height=\"802\" class=\"wp-image-1496\" title=\"Maisons de vacances \u00e0 Lagos\" alt=\"Maisons de vacances \u00e0 Lagos\" \/><\/span><\/a><\/div><\/div><\/div><div class=\"et_pb_row_2 et_pb_row et_block_row\"><div class=\"et_pb_column_3 et_pb_column et_pb_column_4_4 et-last-child et_block_column et_pb_css_mix_blend_mode_passthrough\"><div class=\"et_pb_code_2 et_pb_code et_pb_module\"><div class=\"et_pb_code_inner\"><h2>D\u00e9couvrez notre s\u00e9lection de locations de vacances \u00e0 Lagos<\/h2><\/div><\/div><\/div><\/div><div class=\"et_pb_row_3 et_pb_row et_pb_gutters2 et_block_row\"><div class=\"et_pb_column_4 et_pb_column et_pb_column_1_2 et_block_column et_pb_css_mix_blend_mode_passthrough\"><div class=\"et_pb_blurb_0 et_pb_blurb et_pb_bg_layout_light et_pb_blurb_position_top et_clickable et_pb_module et_block_module\"><div class=\"et_pb_blurb_content\"><div class=\"et_pb_main_blurb_image\"><a href=\"https:\/\/casa-amendoeira.com\/en\/holiday-home-lagos\/\"><span class=\"et_pb_image_wrap et_pb_only_image_mode_wrap\"><img decoding=\"async\" src=\"https:\/\/casa-amendoeira.com\/wp-content\/uploads\/2018\/11\/CasaMasterBedroom.jpg\" width=\"1200\" height=\"802\" class=\"et-waypoint et_pb_animation_top et_pb_animation_top_tablet et_pb_animation_top_phone wp-image-335\" alt=\"La Casa Amendoeira est une belle maison de vacances situ\u00e9e \u00e0 Lagos, au Portugal.\" title=\"\"><\/span><\/a><\/div><div class=\"et_pb_blurb_container\"><h3 class=\"et_pb_module_header\"><a href=\"https:\/\/casa-amendoeira.com\/en\/holiday-home-lagos\/\">Casa Amendoeira : Votre maison de vacances id\u00e9ale \u00e0 Lagos<\/a><\/h3><div class=\"et_pb_blurb_description\"><p>D\u00e9couvrez le charme de notre maison de vacances enti\u00e8rement restaur\u00e9e, situ\u00e9e au c\u0153ur de Lagos, le centre historique du Portugal. Cette spacieuse propri\u00e9t\u00e9 de 100 m\u00b2 comprend deux chambres et peut accueillir confortablement jusqu'\u00e0 quatre personnes. Profitez de la grande terrasse panoramique sur le toit, qui offre des vues \u00e0 couper le souffle sur la mer. La belle plage se trouve \u00e0 10-15 minutes de marche.<\/p>\n<\/div><\/div><\/div><\/div><div class=\"et_pb_module et_pb_button_module_wrapper et_pb_button_0_wrapper\"><a class=\"et_pb_button_0 et_pb_button et_pb_bg_layout_light et_pb_module et_block_module\" href=\"https:\/\/casa-amendoeira.com\/fr\/maison-de-vacances-lagos\/\">Voir les d\u00e9tails de Casa Amendoeira<\/a><\/div><\/div><div class=\"et_pb_column_5 et_pb_column et_pb_column_1_2 et-last-child et_block_column et_pb_css_mix_blend_mode_passthrough\"><div class=\"et_pb_blurb_1 et_pb_blurb et_pb_bg_layout_light et_pb_blurb_position_top et_clickable et_pb_module et_block_module\"><div class=\"et_pb_blurb_content\"><div class=\"et_pb_main_blurb_image\"><a href=\"https:\/\/casa-amendoeira.com\/en\/holiday-home-algarve\/\"><span class=\"et_pb_image_wrap et_pb_only_image_mode_wrap\"><img decoding=\"async\" src=\"https:\/\/casa-amendoeira.com\/wp-content\/uploads\/2018\/12\/L1002040.jpg\" width=\"3000\" height=\"2000\" class=\"et-waypoint et_pb_animation_top et_pb_animation_top_tablet et_pb_animation_top_phone wp-image-380\" alt=\"Une maison parfaite pour vos vacances en Algarve.\" title=\"\"><\/span><\/a><\/div><div class=\"et_pb_blurb_container\"><h3 class=\"et_pb_module_header\"><a href=\"https:\/\/casa-amendoeira.com\/en\/holiday-home-algarve\/\">Casinha Canal : Une maison de vacances de charme \u00e0 Lagos<\/a><\/h3><div class=\"et_pb_blurb_description\"><p>Plongez dans notre maison de vacances d'inspiration marocaine, nich\u00e9e dans le c\u0153ur historique de Lagos. Ce sanctuaire de 80 m\u00b2 dispose d'une chambre simple et peut accueillir confortablement jusqu'\u00e0 trois personnes. La superbe plage se trouve \u00e0 10-15 minutes de marche.<\/p>\n<\/div><\/div><\/div><\/div><div class=\"et_pb_module et_pb_button_module_wrapper et_pb_button_1_wrapper\"><a class=\"et_pb_button_1 et_pb_button et_pb_bg_layout_light et_pb_module et_block_module\" href=\"https:\/\/casa-amendoeira.com\/fr\/maison-de-vacances-algarve\/\">Voir les d\u00e9tails de Casinha Canal<\/a><\/div><\/div><\/div><div class=\"et_pb_row_4 et_pb_row et_block_row\"><div class=\"et_pb_column_6 et_pb_column et_pb_column_2_5 et_block_column et_pb_css_mix_blend_mode_passthrough\"><div class=\"et_pb_image_1 et_pb_image et_pb_module et_block_module\"><a href=\"https:\/\/casa-amendoeira.com\/wp-content\/uploads\/2019\/09\/Lagos_Historical_Center.jpg\" class=\"et_pb_lightbox_image\" alt=\"A good place for your Lagos holidays\"><span class=\"et_pb_image_wrap\"><img decoding=\"async\" src=\"https:\/\/casa-amendoeira.com\/wp-content\/uploads\/2019\/09\/Lagos_Historical_Center.jpg\" width=\"1200\" height=\"800\" class=\"wp-image-1497\" title=\"Un bon endroit pour vos vacances \u00e0 Lagos\" alt=\"Un bon endroit pour vos vacances \u00e0 Lagos\" \/><\/span><\/a><\/div><\/div><div class=\"et_pb_column_7 et_pb_column et_pb_column_3_5 et-last-child et_block_column et_pb_css_mix_blend_mode_passthrough\"><div class=\"et_pb_code_3 et_pb_code et_pb_module\"><div class=\"et_pb_code_inner\"><h3>Avantages des locations de vacances \u00e0 Lagos<\/h3>\n<p>\nLagos, sans doute la ville la plus pittoresque de l'ouest de l'Algarve, se trouve \u00e0 45 minutes en voiture de l'a\u00e9roport.\nest \u00e0 45 minutes de route de l'a\u00e9roport. Pour ceux qui pr\u00e9f\u00e8rent ne pas louer de voiture,\ndes services de navette sont disponibles. Nos maisons de vacances \u00e0 Lagos offrent une\ntranquille, \u00e0 l'\u00e9cart de l'agitation du tourisme de masse et loin de l'habituelle\ndu tourisme de masse et loin des maisons de vacances en b\u00e9ton typiques.<br>\n<br>\nNos propri\u00e9t\u00e9s offrent une exp\u00e9rience unique, diff\u00e9rente des appartements de vacances standard.\nappartements de vacances standard, car ce sont des endroits o\u00f9 nous aimons personnellement passer nos vacances.\npasser nos vacances, ce qui garantit un s\u00e9jour confortable et sans\ns\u00e9jour confortable et paisible.<br>\n<br>\nLa r\u00e9servation par l'interm\u00e9diaire de notre site web garantit une exp\u00e9rience personnelle et rentable, puisque vous r\u00e9servez directement aupr\u00e8s des propri\u00e9taires.\nvous r\u00e9servez directement aupr\u00e8s des propri\u00e9taires. Contrairement aux plateformes\n comme FeWo-direkt, Booking.com ou Airbnb, nous ne facturons pas de frais d'agence.\nNotre engagement \u00e0 vous offrir un s\u00e9jour agr\u00e9able se refl\u00e8te dans nos\ncritiques toujours positives.<\/p><\/div><\/div><\/div><\/div><div class=\"et_pb_row_5 et_pb_row et_block_row\"><div class=\"et_pb_column_8 et_pb_column et_pb_column_4_4 et-last-child et_block_column et_pb_css_mix_blend_mode_passthrough\"><div class=\"et_pb_code_4 et_pb_code et_pb_module\"><div class=\"et_pb_code_inner\"><h2>Comment louer la maison de vacances de vos r\u00eaves \u00e0 Lagos ?<\/h2><\/div><\/div><\/div><\/div><div class=\"et_pb_row_6 et_pb_row et_block_row\"><div class=\"et_pb_column_9 et_pb_column et_pb_column_3_5 et_block_column et_pb_css_mix_blend_mode_passthrough\"><div class=\"et_pb_code_5 et_pb_code et_pb_module\"><div class=\"et_pb_code_inner\"><p>Vous avez fait le bon choix en venant ici. Bien que nos maisons de vacances\n\u00e0 Lagos sont r\u00e9pertori\u00e9es sur VRBO et Airbnb, la r\u00e9servation directe sur notre page d'accueil vous permet de louer aupr\u00e8s du propri\u00e9taire.\nnotre page d'accueil vous permet de louer aupr\u00e8s du propri\u00e9taire, ce qui vous \u00e9vite les\ndes frais suppl\u00e9mentaires ou des commissions g\u00e9n\u00e9ralement associ\u00e9s aux\nen Algarve.<br>\nIl vous suffit de s\u00e9lectionner l'une des maisons ci-dessus et, sur la page de d\u00e9tail, vous aurez la possibilit\u00e9 de choisir vos dates de vacances et de calculer le montant de votre s\u00e9jour.\nvous pourrez choisir vos dates de vacances et calculer le prix.\nprix.<\/p>\n<p>Si vous \u00eates plus \u00e0 l'aise pour r\u00e9server par l'interm\u00e9diaire d'une plateforme famili\u00e8re, vous pouvez trouver nos propri\u00e9t\u00e9s sur VRBO et Airbnb via les liens fournis,\n vous pouvez trouver nos propri\u00e9t\u00e9s sur VRBO et Airbnb via les liens fournis.\nCependant, sachez que ces plateformes peuvent ajouter des frais de commission\n pour leurs services.<\/p>\n  <a href=\"https:\/\/airbnb.com\/h\/amendoeira\" target=\"_blank\" rel=\"noopener\">Le Casa Amendoeira sur Airbnb<\/a><br>\n    <a href=\"https:\/\/www.booking.com\/hotel\/pt\/fabulous-restored-townhouse-in-lagos-old-town-with-panoramic-roof-terrace.de.html\" target=\"_blank\" rel=\"noopener\">Le Casa Amendoeira sur Booking.com<\/a>\n  <\/p>\n<p>\n  <a href=\"https:\/\/airbnb.com\/h\/casinhacanal\" target=\"_blank\" rel=\"noopener\">Le Casinha Canal sur Airbnb<\/a><br>\n  <a href=\"https:\/\/www.booking.com\/hotel\/pt\/casinha-canal.de.html\" target=\"_blank\" rel=\"noopener\">Le Casinha Canal sur Booking.com<\/a><\/p>\n  <\/p><\/div><\/div><\/div><div class=\"et_pb_column_10 et_pb_column et_pb_column_2_5 et-last-child et_block_column et_pb_css_mix_blend_mode_passthrough\"><div class=\"et_pb_image_2 et_pb_image et_pb_module et_block_module\"><a href=\"https:\/\/casa-amendoeira.com\/wp-content\/uploads\/2019\/06\/Surfers.jpg\" class=\"et_pb_lightbox_image\" alt=\"Airbnb in Lagos\"><span class=\"et_pb_image_wrap\"><img decoding=\"async\" src=\"https:\/\/casa-amendoeira.com\/wp-content\/uploads\/2019\/06\/Surfers.jpg\" width=\"1200\" height=\"800\" class=\"wp-image-805\" title=\"Airbnb dans Lagos\" alt=\"Airbnb dans Lagos\" \/><\/span><\/a><\/div><\/div><\/div><div class=\"et_pb_row_7 et_pb_row et_block_row\"><div class=\"et_pb_column_11 et_pb_column et_pb_column_4_4 et-last-child et_block_column et_pb_css_mix_blend_mode_passthrough\"><div class=\"et_pb_code_6 et_pb_code et_pb_module\"><div class=\"et_pb_code_inner\"><h2>Qu'est-ce qui fait de Lagos la destination id\u00e9ale pour les vacances ?<\/h2><\/div><\/div><\/div><\/div><div class=\"et_pb_row_8 et_pb_row et_block_row\"><div class=\"et_pb_column_12 et_pb_column et_pb_column_2_5 et_block_column et_pb_css_mix_blend_mode_passthrough\"><div class=\"et_pb_image_3 et_pb_image et_pb_module et_block_module\"><a href=\"https:\/\/casa-amendoeira.com\/wp-content\/uploads\/2014\/11\/Coastline.jpg\" class=\"et_pb_lightbox_image\" alt=\"Praia Da Batata, Lagos\"><span class=\"et_pb_image_wrap\"><img decoding=\"async\" src=\"https:\/\/casa-amendoeira.com\/wp-content\/uploads\/2014\/11\/Coastline.jpg\" width=\"2048\" height=\"1152\" class=\"wp-image-153\" title=\"Vacances sur le littoral de l&#039;Algarve\" alt=\"Praia Da Batata, Lagos\" \/><\/span><\/a><\/div><\/div><div class=\"et_pb_column_13 et_pb_column et_pb_column_3_5 et-last-child et_block_column et_pb_css_mix_blend_mode_passthrough\"><div class=\"et_pb_code_7 et_pb_code et_pb_module\"><div class=\"et_pb_code_inner\">D\u00e9couvrez l'attrait de l'Algarve, la c\u00f4te m\u00e9ridionale bien-aim\u00e9e du Portugal. Avec ses magnifiques plages de sable, ses charmants villages de p\u00eacheurs et son climat agr\u00e9able, c'est la destination id\u00e9ale pour une escapade m\u00e9morable.<br>\nL'Algarve se targue d'une grande diversit\u00e9 d'attractions. Des plages immacul\u00e9es pour les familles et des parcs aquatiques pour les aventuriers, une vie nocturne anim\u00e9e pour les f\u00eatards et des villes historiques pour les passionn\u00e9s de culture. Au-del\u00e0 des villes anim\u00e9es, explorez plus de 200 kilom\u00e8tres de c\u00f4tes \u00e0 couper le souffle, d'arri\u00e8re-pays montagneux majestueux et de r\u00e9serves naturelles sereines.<\/div><\/div><\/div><\/div><div class=\"et_pb_row_9 et_pb_row et_block_row\"><div class=\"et_pb_column_14 et_pb_column et_pb_column_3_5 et_block_column et_pb_css_mix_blend_mode_passthrough\"><div class=\"et_pb_text_0 et_pb_text et_pb_bg_layout_light et_pb_module et_block_module\"><div class=\"et_pb_text_inner\"><p>Pour vos vacances, l'Algarve est une destination sans stress ; la r\u00e9gion est tr\u00e8s s\u00fbre, l'anglais est largement parl\u00e9, les h\u00f4tels sont d'un tr\u00e8s haut niveau et les Portugais sont tr\u00e8s accueillants. L'Algarve n'est pas seulement une excellente destination de vacances, c'est aussi l'une des destinations les moins ch\u00e8res d'Europe, bien moins ch\u00e8re que l'Espagne, la Gr\u00e8ce ou la France.<br \/>L'Algarve a beaucoup \u00e0 offrir, alors laissez-nous vous aider \u00e0 planifier votre voyage dans cette r\u00e9gion \u00e9tonnante.<\/p>\n<p>Les quatre plus grandes villes de la r\u00e9gion sont Albufeira, Lagos, Praia da Rocha et Vilamoura, qui offrent toutes les quatre de belles plages, une vie nocturne riche et des activit\u00e9s de vacances sans fin.<br \/>Lagos est notre pr\u00e9f\u00e9r\u00e9e car c'est une ville plus vivante que les autres. Lagos a l'ambiance la plus portugaise de toutes, combinant une ville historique avec de belles plages. Et bien s\u00fbr, nous avons nos deux maisons de vacances \u00e0 Lagos !<\/p>\n<p>La c\u00f4te ouest de l'Algarve (les c\u00f4tes nord et sud entre Sagres et Odeceixe, \u00e0 environ 30 minutes en voiture de Lagos) est expos\u00e9e \u00e0 la puissance de l'oc\u00e9an Atlantique. C'est une r\u00e9gion d'une beaut\u00e9 \u00e0 couper le souffle, avec des falaises imposantes, des plages balay\u00e9es par le vent et des mers immenses. Le d\u00e9veloppement touristique y est quasiment inexistant.<\/p>\n<p>&nbsp;<\/p>\n<\/div><\/div><\/div><div class=\"et_pb_column_15 et_pb_column et_pb_column_2_5 et-last-child et_block_column et_pb_css_mix_blend_mode_passthrough\"><div class=\"et_pb_image_4 et_pb_image et_pb_module et_block_module\"><a href=\"https:\/\/casa-amendoeira.com\/wp-content\/uploads\/2019\/06\/RuaDaAmendoeira.jpg\" class=\"et_pb_lightbox_image\" alt=\"Holiday homes in Lagos\"><span class=\"et_pb_image_wrap\"><img decoding=\"async\" src=\"https:\/\/casa-amendoeira.com\/wp-content\/uploads\/2019\/06\/RuaDaAmendoeira.jpg\" width=\"2250\" height=\"3000\" class=\"wp-image-908\" title=\"Le Casa Amendoeira (\u00e0 gauche sur cette photo) en haut de la Rua da Amendoeira\" alt=\"Maisons de vacances \u00e0 Lagos\" \/><\/span><\/a><\/div><\/div><\/div><div class=\"et_pb_row_10 et_pb_row et_block_row\"><div class=\"et_pb_column_16 et_pb_column et_pb_column_4_4 et-last-child et_block_column et_pb_css_mix_blend_mode_passthrough\"><div class=\"et_pb_code_8 et_pb_code et_pb_module\"><div class=\"et_pb_code_inner\"><h2>D\u00e9couvrez le charme de la location d'une maison de vacances \u00e0 Lagos ?<\/h2><\/div><\/div><\/div><\/div><div class=\"et_pb_row_11 et_pb_row et_pb_gutters2 et_block_row\"><div class=\"et_pb_column_17 et_pb_column et_pb_column_1_2 et_block_column et_pb_css_mix_blend_mode_passthrough\"><div class=\"et_pb_blurb_2 et_pb_blurb et_pb_bg_layout_light et_pb_blurb_position_top et_clickable et_pb_module et_block_module\"><div class=\"et_pb_blurb_content\"><div class=\"et_pb_main_blurb_image\"><a href=\"https:\/\/casa-amendoeira.com\/en\/holiday-home-lagos\/\"><span class=\"et_pb_image_wrap et_pb_only_image_mode_wrap\"><img decoding=\"async\" src=\"https:\/\/casa-amendoeira.com\/wp-content\/uploads\/2019\/12\/CasaSofas-scaled.jpg\" width=\"2560\" height=\"1920\" class=\"et-waypoint et_pb_animation_top et_pb_animation_top_tablet et_pb_animation_top_phone wp-image-1549\" alt=\"De nouveaux si\u00e8ges confortables dans le salon de Casa Amendoeira\" title=\"\"><\/span><\/a><\/div><div class=\"et_pb_blurb_container\"><h3 class=\"et_pb_module_header\"><a href=\"https:\/\/casa-amendoeira.com\/en\/holiday-home-lagos\/\">L'exp\u00e9rience du luxe chez Casa Amendoeira \u00e0 Lagos<\/a><\/h3><div class=\"et_pb_blurb_description\"><p>La casa est une maison enti\u00e8rement restaur\u00e9e dans le centre historique de Lagos, au Portugal. 100 m\u00b2 de surface habitable sur deux \u00e9tages avec deux chambres et de l'espace pour jusqu'\u00e0 quatre personnes. La plage est accessible \u00e0 pied en 10-15 minutes.<\/p>\n<\/div><\/div><\/div><\/div><div class=\"et_pb_module et_pb_button_module_wrapper et_pb_button_2_wrapper\"><a class=\"et_pb_button_2 et_pb_button et_pb_bg_layout_light et_pb_module et_block_module\" href=\"https:\/\/casa-amendoeira.com\/fr\/maison-de-vacances-lagos\/\">D\u00e9tails de la Casa Amendoeira<\/a><\/div><\/div><div class=\"et_pb_column_18 et_pb_column et_pb_column_1_2 et-last-child et_block_column et_pb_css_mix_blend_mode_passthrough\"><div class=\"et_pb_blurb_3 et_pb_blurb et_pb_bg_layout_light et_pb_blurb_position_top et_clickable et_pb_module et_block_module\"><div class=\"et_pb_blurb_content\"><div class=\"et_pb_main_blurb_image\"><a href=\"https:\/\/casa-amendoeira.com\/en\/holiday-home-algarve\/\"><span class=\"et_pb_image_wrap et_pb_only_image_mode_wrap\"><img decoding=\"async\" src=\"https:\/\/casa-amendoeira.com\/wp-content\/uploads\/2019\/06\/DSF6766.jpg\" width=\"1200\" height=\"853\" class=\"et-waypoint et_pb_animation_top et_pb_animation_top_tablet et_pb_animation_top_phone wp-image-1124\" alt=\"Une maison parfaite pour vos vacances en Algarve.\" title=\"\"><\/span><\/a><\/div><div class=\"et_pb_blurb_container\"><h3 class=\"et_pb_module_header\"><a href=\"https:\/\/casa-amendoeira.com\/en\/holiday-home-algarve\/\">D\u00e9couvrez le charme de Casinha Canal \u00e0 Lagos<\/a><\/h3><div class=\"et_pb_blurb_description\"><p>Maison de vacances d'inspiration marocaine dans le centre historique de Lagos. 80 m\u00b2 de surface habitable avec une chambre et de l'espace pour jusqu'\u00e0 trois personnes. Le Casinha Canal est une vieille maison de ville charmante et romantique, avec des plages, des restaurants, des bars et des magasins \u00e0 distance de marche.<\/p>\n<\/div><\/div><\/div><\/div><div class=\"et_pb_module et_pb_button_module_wrapper et_pb_button_3_wrapper\"><a class=\"et_pb_button_3 et_pb_button et_pb_bg_layout_light et_pb_module et_block_module\" href=\"https:\/\/casa-amendoeira.com\/fr\/maison-de-vacances-algarve\/\">D\u00e9tails de la Casinha Canal<\/a><\/div><\/div><\/div><\/div><div class=\"et_pb_section_2 et_pb_section et_section_regular et_block_section\"><div class=\"et_pb_row_12 et_pb_row et_block_row\"><div class=\"et_pb_column_19 et_pb_column et_pb_column_4_4 et-last-child et_block_column et_pb_css_mix_blend_mode_passthrough\"><div class=\"et_pb_text_1 et_pb_text et_pb_bg_layout_light et_pb_module et_block_module\"><div class=\"et_pb_text_inner\"><p style=\"text-align: center;\">Lagos a quelque chose \u00e0 offrir \u00e0 tout le monde. La vieille ville convient \u00e0 tous les \u00e2ges, avec de nombreuses petites boutiques, des bars branch\u00e9s pour les jeunes et des restaurants \u00e9l\u00e9gants pour ceux qui recherchent une soir\u00e9e plus d\u00e9tendue. C'est une destination touristique populaire, qui attire des visiteurs du monde entier avec sa c\u00f4te bord\u00e9e de falaises, ses beaux paysages et sa culture dynamique. Parmi les attractions les plus populaires de Lagos figurent la plage Praia do Camilo, la plage Meia Praia et la marina de Lagos. La ville est \u00e9galement connue pour sa vie nocturne anim\u00e9e, avec de nombreux bars, clubs et restaurants qui restent ouverts tard dans la nuit.<\/p>\n<p style=\"text-align: center;\">Nos deux maisons de vacances \u00e0 Lagos constituent le meilleur point de d\u00e9part pour vos vacances dans la station la plus cosmopolite de l'Algarve.<\/p>\n<p>&nbsp;<\/p>\n<h3 style=\"text-align: center;\">Nous serions ravis de vous accueillir prochainement dans nos maisons de vacances \u00e0 Lagos.<\/h3>\n<\/div><\/div><\/div><\/div><\/div>","protected":false},"excerpt":{"rendered":"","protected":false},"author":1,"featured_media":0,"parent":0,"menu_order":0,"comment_status":"closed","ping_status":"closed","template":"","meta":{"footnotes":""},"simple-restrict-permission":[],"class_list":["post-312","page","type-page","status-publish","hentry"],"_links":{"self":[{"href":"https:\/\/casa-amendoeira.com\/fr\/wp-json\/wp\/v2\/pages\/312","targetHints":{"allow":["GET"]}}],"collection":[{"href":"https:\/\/casa-amendoeira.com\/fr\/wp-json\/wp\/v2\/pages"}],"about":[{"href":"https:\/\/casa-amendoeira.com\/fr\/wp-json\/wp\/v2\/types\/page"}],"author":[{"embeddable":true,"href":"https:\/\/casa-amendoeira.com\/fr\/wp-json\/wp\/v2\/users\/1"}],"replies":[{"embeddable":true,"href":"https:\/\/casa-amendoeira.com\/fr\/wp-json\/wp\/v2\/comments?post=312"}],"version-history":[{"count":5,"href":"https:\/\/casa-amendoeira.com\/fr\/wp-json\/wp\/v2\/pages\/312\/revisions"}],"predecessor-version":[{"id":4184,"href":"https:\/\/casa-amendoeira.com\/fr\/wp-json\/wp\/v2\/pages\/312\/revisions\/4184"}],"wp:attachment":[{"href":"https:\/\/casa-amendoeira.com\/fr\/wp-json\/wp\/v2\/media?parent=312"}],"wp:term":[{"taxonomy":"simple-restrict-permission","embeddable":true,"href":"https:\/\/casa-amendoeira.com\/fr\/wp-json\/wp\/v2\/simple-restrict-permission?post=312"}],"curies":[{"name":"wp","href":"https:\/\/api.w.org\/{rel}","templated":true}]}}